{"id":10,"date":"2010-06-04T11:59:47","date_gmt":"2010-06-04T09:59:47","guid":{"rendered":"http:\/\/www.npsconsulting-avocats.fr\/NPS\/?page_id=10"},"modified":"2026-04-28T10:36:03","modified_gmt":"2026-04-28T08:36:03","slug":"references","status":"publish","type":"page","link":"https:\/\/www.npsconsulting-avocats.fr\/NPS\/references\/","title":{"rendered":"R\u00c9F\u00c9RENCES"},"content":{"rendered":"\r\n<h1>\u00a0<\/h1>\r\n<p><img loading=\"lazy\" decoding=\"async\" title=\"magazine and book stack with glasses\" src=\"https:\/\/www.npsconsulting-avocats.fr\/NPS\/wp-content\/uploads\/2010\/06\/Fotolia_63292833_M-2-e1458225733252.jpg\" alt=\"magazine and book stack with glasses\" width=\"1688\" height=\"561\" \/><\/p>\r\n<h2>\u00a0<\/h2>\r\n<h2><strong>MISSIONS R\u00c9ALIS\u00c9ES \/ EN COURS<\/strong><\/h2>\r\n<hr \/>\r\n<ul>\r\n<li>Rapport national portant sur l&rsquo;identification du r\u00e9gime fiscal applicable aux Entreprises \u00e0 but d&rsquo;Emploi (EBE) dans le cadre de TZCLD et pour le compte de l&rsquo;Association Exp\u00e9rimentation Territoriale Contre le Ch\u00f4mage de Longue Dur\u00e9e (ETCLD), Reze (44)<\/li>\r\n<li>Cr\u00e9ation du fonds de dotation Vitthoba\u00ef, Lacapelle-Biron (47)<\/li>\r\n<li>Audit fiscal du CPIE GAVINE POITINE (M\u00e9c\u00e9nat), Niort<\/li>\r\n<li>D\u00e9fense des int\u00e9r\u00eats juridiques du Syndicat national JEUNES MEDECINS, Paris<\/li>\r\n<li>Cr\u00e9ation d&rsquo;un centre de sant\u00e9 dentaire (structuration juridique et mod\u00e9lisation \u00e9conomique), Bordeaux<\/li>\r\n<li>Analyse portant sur la capacit\u00e9 du Festival BONJOUR MINUIT (SMA) de d\u00e9velopper une politique de m\u00e9c\u00e9nat, Saint-Brieuc<\/li>\r\n<li>Etude juridique et fiscale visant \u00e0 cr\u00e9er un fonds de dotation, Syndicat Mixte Ferroviaire du LIVRADOIS-FOREZ et Parc naturel du LIVRADOIS-FOREZ, Usson-en-Forez<\/li>\r\n<li>Dissolution de l&rsquo;association CS VILLEURBANNE<\/li>\r\n<li>Etude juridique et fiscale visant \u00e0 cr\u00e9er un fonds de dotation, APPCAV, Poissy<\/li>\r\n<li>Mise en conformit\u00e9 du r\u00e9gime de m\u00e9c\u00e9nat et contractualisation pour l&rsquo;ETABLISSEMENT PUBLIC DU CAPITOLE (Op\u00e9ra et orchestre national), Toulouse<\/li>\r\n<li>Analyse du fonctionnement juridique et fiscal d&rsquo;une association proposant des s\u00e9jours sportifs au regard du droit du tourisme, 1M\u20ac CA (Lyon)<\/li>\r\n<li>Gestion d&rsquo;une modification statutaire pour la SPA DE LYON, 6M\u20ac CA<\/li>\r\n<li>Etude portant sur le r\u00e9gime fiscal de la COMPAGNIE DES GUIDES DE CHAMONIX<\/li>\r\n<li>Assistance juridique et fiscale de la CONVENTION DES ENTREPRISES POUR LE CLIMAT (abonnement)<\/li>\r\n<li>Etude juridique et fiscale pour la SCIC TURBUL&rsquo;LANCE, festival Le JARDIN DU MICHEL, 1M\u20ac CA (Maxeville)<\/li>\r\n<li>Etude juridique et fiscale pour l&rsquo;Association LES NUITS SECRETES (festival), 3 M\u20ac CA (Aulnoye Aymeries)<\/li>\r\n<li>Mise en oeuvre d&rsquo;une politique de m\u00e9c\u00e9nat et cr\u00e9ation d&rsquo;un fonds de dotation pour la FEDERATION SOLIHA (Paris)<\/li>\r\n<li>Pr\u00e9conisations juridiques et fiscales et cr\u00e9ation d&rsquo;un fonds de dotation \u00e0 vocation humanitaire pour un Centre de sant\u00e9 dentaire (Normandie)<\/li>\r\n<li>Cr\u00e9ation d&rsquo;un centre de sant\u00e9 sexuelle (Paris)<\/li>\r\n<li>Audit juridique et fiscal &#8211; formulation de pr\u00e9conisations de restructuration &#8211; Optimisation du mod\u00e8le socio-\u00e9conomique des Associations CENTSEPT et CENTSEPT BIS (Lyon)<\/li>\r\n<li>Assistance juridique et fiscale de l&rsquo;association RUP FESTIVAL MAURICE RAVEL &#8211; cr\u00e9ation d&rsquo;un fonds de dotation (Saint-Jean-de-Luz)<\/li>\r\n<li>Etude juridique pour l&rsquo;association CONVERGENCE FRANCE (Paris)<\/li>\r\n<li>Etude juridique et fiscale li\u00e9e \u00e0 la cr\u00e9ation d&rsquo;un projet Eco habitat avec cr\u00e9ation d&rsquo;un fonds de dotation pour la Mairie de CELLES (m\u00e9c\u00e9nat territorial)<\/li>\r\n<li>Gestion de contentieux ordinales pour un Centre de sant\u00e9 associatif (Normandie)<\/li>\r\n<li>Conseils apport\u00e9s en mati\u00e8re d&rsquo;optimisation fiscale \u00e9v\u00e8nementiel concernant le Festival LES NUITS SECRETES (Metz)<\/li>\r\n<li>R\u00e9daction d&rsquo;un contrat de partenariat entre la Ville de TIGNES et l&rsquo;Association MOVING MOUNTAINS (UNLIMITED FESTIVAL)<\/li>\r\n<li>Assistance juridique du 6MIC (SCIC), salle de concert (Aix-en-Provence)<\/li>\r\n<li>Refonte statutaire de la SPA de LYON en qualit\u00e9 d&rsquo;association reconnue d&rsquo;utilit\u00e9 publique (Lyon)<\/li>\r\n<li>Structuration juridique et mod\u00e9lisation \u00e9conomique de l&rsquo;Association MEET2050 (Nantes)<\/li>\r\n<li>Analyse fiscale pour le Syndicat Libert\u00e9 Sant\u00e9 (Arc et Senans)<\/li>\r\n<li>Etude juridique et fiscal portant sur l&rsquo;optimisation d&rsquo;un espace collectif port\u00e9 par RH\u00d4NE-SA\u00d4NE HABITAT (Sainte-Foy-Les-Lyon)<\/li>\r\n<li>Etude juridique pour le BRISE GLACE (Annecy)<\/li>\r\n<li>Audit fiscal m\u00e9c\u00e9nat pour la MCJ DE SCEAUX (Sceaux)<\/li>\r\n<li>Mise en conformit\u00e9 juridique des Centres de sant\u00e9 dentaires LABELIA (Lyon)<\/li>\r\n<li>Audit juridique et fiscal &#8211; formulation de pr\u00e9conisations de restructuration de l&rsquo;association COEUR DE FOR\u00caT &#8211; 15 salari\u00e9s permanents &#8211; Budget 1,4 M\u20ac (Noisy-le-Grand)<\/li>\r\n<li>Assistance juridique de la F\u00e9d\u00e9ration OCTOPUS (\u00e9v\u00e8nementiel) (Toulouse)<\/li>\r\n<li>Gestion d&rsquo;un dossier fiscal pour le festival ECAUSSYSTEME (Cahors)<\/li>\r\n<li>Audit juridique et fiscal &#8211; formulation de pr\u00e9conisations de restructuration du Groupement d&rsquo;\u00e9conomie solidaire EVHA &#8211; Optimisation du mod\u00e8le socio-\u00e9conomique\u00a0 &#8211; Mutualisation de moyens &#8211; r\u00e9daction de conventions11 structures &#8211; 100 salari\u00e9s &#8211; Budget 6M\u20ac (Nantes)<\/li>\r\n<li>R\u00e9daction de contrats de sponsoring et de m\u00e9c\u00e9nat pour le UNLIMITED FESTIVAL (Chamonix)<\/li>\r\n<li>Restructuration des associations SPACEJUNK (fusion-absorption) (Grenoble)<\/li>\r\n<li>Structuration juridique et mod\u00e9lisation \u00e9conomique de la CONVENTION DES ENTREPRISES POUR LE CLIMAT (Clermont-Fd)<\/li>\r\n<li>Cr\u00e9ation d&rsquo;un fonds de dotation pour la coop\u00e9rative CABESTAN (Grenoble)<\/li>\r\n<li>Optimisation juridique de l&rsquo;organisation statutaire de l&rsquo;Association ARTY FARTY Festival LES NUITS SONORES (Lyon) &#8211; 6 millions de budget &#8211; 110 salari\u00e9s<\/li>\r\n<li>Gestion d&rsquo;un dossier contentieux pour le festival ECAUSSYSTEME (Cahors)<\/li>\r\n<li>Cr\u00e9ation d&rsquo;un fonds de dotation pour la soci\u00e9t\u00e9 commerciale ZIWIG (Lyon)<\/li>\r\n<li>Cr\u00e9ation de l&rsquo;association politique LE MOUVEMENT (Lyon)<\/li>\r\n<li>Cr\u00e9ation et Identification du mod\u00e8le socio-\u00e9conomique de l&rsquo;Association MOVING MOUNTAINS pour le festival de musique \u00e9lectronique UNLIMITED FESTIVAL (Chamonix &#8211; Montblanc)<\/li>\r\n<li>Cr\u00e9ation d&rsquo;un fonds de dotation pour une association et une coop\u00e9rative (Lyon)<\/li>\r\n<li>Etude portant sur le choix d&rsquo;un v\u00e9hicule juridique de m\u00e9c\u00e9nat (Toulouse)<\/li>\r\n<li>Assistance juridique d&rsquo;un CES dans le cadre de la mise en conformit\u00e9 de la gouvernance d&rsquo;une association dans le secteur de la sant\u00e9 (Montreuil)<\/li>\r\n<li>Cr\u00e9ation d&rsquo;un fonds de dotation pour la SCIC CABESTAN (Grenoble)<\/li>\r\n<li>Gestion d&rsquo;un contentieux ordinal pour un Centre de sant\u00e9 (Normandie)<\/li>\r\n<li>Assistance juridique et fiscale de l&rsquo;Association et du fonds de dotation FESTIVAL PHOTO LA GACILLY (Bretagne)<\/li>\r\n<li>Assistance juridique et fiscale de l&rsquo;Association de protection de la condition animale ASELA dans le cadre du transfert d&rsquo;un legs (Gard)<\/li>\r\n<li>Assistance \u00e0 la structuration \u00e9conomique et identification du mod\u00e8le \u00e9conomique de l&rsquo;association RESURGENCES COMMUNES et d&rsquo;une fondation abrit\u00e9e RESURGENCE DES COMMUNS au sein de la fondation TERRE SOLIDAIRE (Paris)<\/li>\r\n<li>Gestion d&rsquo;un contentieux ordinal pour un Centre de sant\u00e9 dentaire (Paris)<\/li>\r\n<li>\u00c9tude portant sur la restructuration juridique et fiscale du Groupe MS (5 associations dans le secteur des services \u00e0 la personne et de la r\u00e9insertion des publics fragiles &#8211; CA 4 M\u20ac &#8211; 150 salari\u00e9s) (Lyon)<\/li>\r\n<li>Restructuration de l&rsquo;ASVEL Basket-ball f\u00e9minin (Villeurbanne)<\/li>\r\n<li>Cr\u00e9ation d&rsquo;un centre de sant\u00e9 ophtalmologique (Toulouse)<\/li>\r\n<li>Gestion d&rsquo;un contentieux de recouvrement de SPIE COMMUNICATION (Marseille)<\/li>\r\n<li>Cr\u00e9ation du fonds de dotation \u00ab\u00a0Yves REVOL Foundation\u00a0\u00bb (Lyon)<\/li>\r\n<li>Assistance de la Ville de GRENOBLE et de GRENOBLE ALPES M\u00c9TROPOLE dans le cadre d&rsquo;un contentieux avec une Union de Mutuelles (Grenoble)<\/li>\r\n<li>Cr\u00e9ation du fonds de dotation ESTEREL PROJECT (Saint-Rapha\u00ebl)<\/li>\r\n<li>Assistance de la Ville de LYON dans le cadre de la ma\u00eetrise d&rsquo;ouvrage juridique pour la gestion du p\u00e9riscolaires dans 25 \u00e9coles<\/li>\r\n<li>Assistance juridique et fiscale des RENCONTRES INTERNATIONALES DE LA PHOTOGRAPHIE D&rsquo;ARLES dans le cadre de ses contrats de m\u00e9c\u00e9nat et partenariat 2022 (Arles)<\/li>\r\n<li>Assistance juridique et fiscale dans le cadre de la dotation de titres de soci\u00e9t\u00e9 777 CORPS au b\u00e9n\u00e9fice de son fonds de dotation 777 CHILDREN (Lyon)<\/li>\r\n<li>Cr\u00e9ation de 2 centres de sant\u00e9 dentaire BLOOMSQUARE (Paris et Levallois-Perret)<\/li>\r\n<li>Cr\u00e9ation d&rsquo;un outil de mutualisation pour les associations INITIATIVE NORD IS\u00c8RE et INITIATIVE IS\u00c8RE VALL\u00c9E DU RH\u00d4NE (Vienne)<\/li>\r\n<li>\u00c9tude juridique et fiscale visant \u00e0 la restructuration de l&rsquo;association CEPEC (Lyon)<\/li>\r\n<li>Analyse juridique et fiscale portant sur la restructuration d&rsquo;une association de gestion et de comptabilit\u00e9 ASARTIS D\u00c9VELOPPEMENT (Angers)<\/li>\r\n<li>Assistance de l&rsquo;ASSOCIATION LYONNAISE POUR L&rsquo;INSERTION \u00c9CONOMIQUE ET SOCIALE (ALLIES) dans le cadre de la cr\u00e9ation d&rsquo;un dispositif TERRITOIRES Z\u00c9RO CH\u00d4MEUR DE LONGUE DUR\u00c9E (TZCLD) (Lyon)<\/li>\r\n<li>Assistance de l&rsquo;entreprise BFT TRANSPORT dans le cadre de la cr\u00e9ation de son fonds de dotation (Lyon)<\/li>\r\n<li>Cr\u00e9ation de l&rsquo;Association MOVING MOUNTAINS (\u00e9v\u00e8nementiel) (Chamonix)<\/li>\r\n<li>Audit et assistance juridique de la Ville de LYON dans le cadre du renouvellement des conventions pluriannuelles d&rsquo;objectifs (CPO) en direction des associations MJC, Centres sociaux et Maisons de l&rsquo;enfance (27 millions d&rsquo;euros par an)<\/li>\r\n<li>Cr\u00e9ation d&rsquo;un dispositif TERRITOIRES Z\u00c9RO CH\u00d4MEUR DE LONGUE DUR\u00c9E (TZCLD) pour le Pays NIVERNAIS MORVAN (dispositif comportant 14 structures associatives et entreprises de l&rsquo;ESS)<\/li>\r\n<li>Cr\u00e9ation du Centre de sant\u00e9 dentaire VICTORIA CENTER et son \u00e9tablissement secondaire (Dieppe)<\/li>\r\n<li>Cr\u00e9ation d&rsquo;un centre de sant\u00e9 ophtalmologique MY EYES (Toulouse)<\/li>\r\n<li>Optimisation de la situation fiscale de l&rsquo;association FUZZ&rsquo;YON (\u00e9v\u00e8nementiel) (La Roche sur Yon)<\/li>\r\n<li>Assistance en mati\u00e8re fiscale du Festival de la photographie LA GACILLY (optimisation du mod\u00e8le \u00e9conomique et du r\u00e9gime de m\u00e9c\u00e9nat)<\/li>\r\n<li>Cr\u00e9ation d&rsquo;un fonds de dotation pour une entreprise dans le secteur du transport (Paris)<\/li>\r\n<li>Assistance juridique dans le cadre du redressement judiciaire du UNLIMITED FESTIVAL (Chamonix)<\/li>\r\n<li>Assistance judiciaire dans le cadre de la liquidation judiciaire du CN CRESS avec reprise des actifs et salari\u00e9s par ESS FRANCE (Paris)<\/li>\r\n<li>Assistance juridique et strat\u00e9gique de la F\u00e9d\u00e9ration ENTREPRENDRE POUR APPRENDRE (Paris)<\/li>\r\n<li>Assistance juridique du projet CORAIL ARTEFACT : fonds de dotation et soci\u00e9t\u00e9s commerciales (Paris)<\/li>\r\n<li>Cr\u00e9ation du Centre de soins dentaires DENTICLINIC (Paris)<\/li>\r\n<li>Cr\u00e9ation et gestion juridique et fiscale du HUGGER FESTIVAL (Bourgogne)<\/li>\r\n<li>Cr\u00e9ation de 3 Centres de sant\u00e9 dentaire AXE ORTHODONTIE (Saint-Etienne)<\/li>\r\n<li>Assistance juridique de l&rsquo;Association COUP DE POUCE dans le cadre de la mise en place de sa nouvelle gouvernance (Lyon) (35 salari\u00e9s &#8211; budget 2,9 \u20ac)<\/li>\r\n<li>Assistance juridique et fiscale de la Fondation reconnue d&rsquo;utilit\u00e9 publique ALPHA OM\u00c9GA (insertion des jeunes publics en difficult\u00e9) (Paris)<\/li>\r\n<li>Cr\u00e9ation d&rsquo;un fonds de dotation pour l&rsquo;Association OREAG (350 salari\u00e9s)\u00a0 (Bordeaux)<\/li>\r\n<li>Fusion-absorption de l&rsquo;Association LES LISERONS par la Fondation reconnue d&rsquo;utilit\u00e9 publique CHANTELISE (secteur du handicap)\u00a0 (250 salari\u00e9s pour 20 millions d&rsquo;euros de budget) (Saint-\u00c9tienne)<\/li>\r\n<li>Assistance juridique de la salle de concert LA BELLE \u00c9LECTRIQUE (Grenoble)<\/li>\r\n<li>Cr\u00e9ation du fonds de dotation de la MAISON DE L&rsquo;EMPLOI DE LYON M\u00c9TROPOLE &#8211; Association ALLIES (Lyon)<\/li>\r\n<li>Restructuration du mod\u00e8le \u00e9conomique et juridique de l&rsquo;association URBAN PROD (Marseille)<\/li>\r\n<li>Restructuration juridique de l&rsquo;association CHIENS GUIDES D&rsquo;AVEUGLES (Lyon)<\/li>\r\n<li>Cr\u00e9ation du fonds de dotation F2SI (Lyon)<\/li>\r\n<li>Assistance juridique du festival de musique LES D\u00c9TOURS DE BABEL (Grenoble)<\/li>\r\n<li>Cr\u00e9ation du fonds de dotation Jacques CLAUZEL (Gard)<\/li>\r\n<li>Fusion absorption de 6 structures associatives dans le cadre de la cr\u00e9ation du HUB DE LA R\u00c9USSITE (Paris)<\/li>\r\n<li>Cr\u00e9ation du NOUVEL INSTITUT SIDEWAYS (Paris)<\/li>\r\n<li>Cr\u00e9ation de vingt Centres de soins dentaires associatifs (Paris)<\/li>\r\n<li>D\u00e9fense des int\u00e9r\u00eats de l&rsquo;Association de Protection du Patrimoine de COPERNIC (contentieux) (Paris)<\/li>\r\n<li>Assistance juridique de l&rsquo;Association APROSEP dans le cadre des obligations li\u00e9es aux march\u00e9s publics (pouvoirs adjudicateurs) (Guyane)<\/li>\r\n<li>Assistance juridique de la salle de concert LA CARENE (Brest)<\/li>\r\n<li>Fusion absorption des associations de gestion agr\u00e9\u00e9es CERFRANCE SAVOIE et HAUTE-SAVOIE (Saint-Baldophe)<\/li>\r\n<li>Assistance juridique et fiscale du SYNDICAT DES MUSIQUES ACTUELLES (SMA), de la F\u00c9D\u00c9RATION DES LIEUX DE MUSIQUE ACTUELLE (F\u00c9D\u00c9LIMA) et de L&rsquo;UNION F\u00c9D\u00c9RALE D&rsquo;INTERVENTION DES STRUCTURES CULTURELLES (UFISC) (Paris)<\/li>\r\n<li>Assistance juridique et fiscale de la SOCI\u00c9T\u00c9 PROTECTRICE DES ANIMAUX\u00a0 (Lyon)<\/li>\r\n<li>Cr\u00e9ation de l&rsquo;Association LYON ROLLER EVENTS (Lyon)<\/li>\r\n<li>Cr\u00e9ation du fonds de dotation QUE VOL&rsquo;TERRE (Marseille)<\/li>\r\n<li>Assistance juridique de l&rsquo;ASSOCIATION POUR LA PROTECTION DE COPERNIC (Paris)<\/li>\r\n<li>Fusion cr\u00e9ation entre la MJC SAINT-RAMBERT et le CENTRE SOCIAL LYON 9\u00e8me (Lyon)<\/li>\r\n<li>Assistance juridique et fiscale des RENCONTRES INTERNATIONALES DE LA PHOTOGRAPHIE D&rsquo;ARLES (Arles)<\/li>\r\n<li>Assistance juridique et fiscale dans le cadre d&rsquo;un projet de fusion entre associations en vue de cr\u00e9er la F\u00e9d\u00e9ration R\u00e9gionale de D\u00e9fense contre les Organismes Nuisible (FREDON) de BOURGOGNE FRANCHE-COMTE (Besan\u00e7on)<\/li>\r\n<li>Suivi d&rsquo;une proc\u00e9dure de rescrit fiscal pour l&rsquo;association FRANCE D\u00c9PENDANCE (Grenoble)<\/li>\r\n<li>\u00c9tude fiscale portant sur la situation de l&rsquo;association ADASI (Dispositif LA FRANCE S&rsquo;ENGAGE) (Paris)<\/li>\r\n<li>Fusion cr\u00e9ation des associations CENTRE R\u00c9GIONAL DU LIVRE de BOURGOGNE, FRANCHE-COMTE et ACCOLAD (Dijon)<\/li>\r\n<li>Restructuration\u00a0juridique et fiscale de l&rsquo;association LE PIED A L&rsquo;\u00c9TRIER relevant des secteurs de l&rsquo;insertion et des services \u00e0 la personne (Avignon)<\/li>\r\n<li>Analyse juridique et fiscale de la FONDATION RUP CHANTALOUETTE dans le secteur social et m\u00e9dico-social (Saint-\u00c9tienne)<\/li>\r\n<li>Assistance juridique et fiscale du Club LYON ROLLER M\u00c9TROPOLE DE LYON dans le cadre de l&rsquo;organisation des championnats d&rsquo;Europe des nations de ROLLER-HOCKEY (Lyon)<\/li>\r\n<li>Fusion de l&rsquo;association CULTURE POUR TOUS par l&rsquo;association ALLIE-PLIE LYON (Lyon)<\/li>\r\n<li>Cr\u00e9ation d&rsquo;une association de pr\u00e9figuration dans le cadre du projet de fusion des associations INTERBIO FRANCE COMTE et BIO BOURGOGNE (Dijon)<\/li>\r\n<li>Engagement et suivi d&rsquo;un rescrit fiscal aux fins de faire reconna\u00eetre l&rsquo;association YEAH (festival de musique de Laurent GARNIER) en qualit\u00e9 d&rsquo;organismes d&rsquo;int\u00e9r\u00eat g\u00e9n\u00e9ral (Lourmarin)<\/li>\r\n<li>Analyse juridique et fiscale portant sur la mise en \u0153uvre d&rsquo;une politique de m\u00e9c\u00e9nat pour la COMPAGNIE DES GUIDES DE CHAMONIX<\/li>\r\n<li>R\u00e9alisation de\u00a025 fusions absorption dans le cadre de la transformation du CISS en UNAASS (Paris)<\/li>\r\n<li>Analyse juridique et fiscale portant sur les relations entre la FEDERATION FRAN\u00c7AISE DE SCRABBLE et sa filiale commerciale PROMOLETTRES (Paris)<\/li>\r\n<li>Analyse juridique et fiscale pour l&rsquo;association LA CH\u00caNERAIE de services aux personnes \u00e2g\u00e9es (Saint-Quentin-Fallavier)<\/li>\r\n<li>Cr\u00e9ation d&rsquo;un CENTRE SOCIAL par voie d&rsquo;externalisation d&rsquo;un service public municipal (Nevers)<\/li>\r\n<li>Assistance juridique et fiscale du CENTRE D&rsquo;\u00c9NERGIE ATOMIQUE dans le cadre de la restructuration de son GIP (Grenoble)<\/li>\r\n<li>Assistance juridique et fiscale des ARACT PICARDIE et NORD PAS-DE-CALAIS dans le cadre d&rsquo;une fusion cr\u00e9ation (Amiens)<\/li>\r\n<li>Assistance juridique et fiscale des IREPS BOURGOGNE et FRANCHE COMTE dans le cadre d&rsquo;une fusion absorption (Dijon)<\/li>\r\n<li>Assistance juridique et fiscale de l&rsquo;association GRANDE TRAVERS\u00c9E DES ALPES dans le cadre de son projet de restructuration et d&rsquo;optimisation de ses ressources (Grenoble)<\/li>\r\n<li>Assistance juridique et fiscale dans le cadre de la cr\u00e9ation de l&rsquo;UNION NATIONALE DES ASSOCIATIONS AGR\u00c9\u00c9ES DU SYST\u00c8ME DE SANT\u00c9 (UNAASS) dite FRANCE ASSOS SANTE (Paris)<\/li>\r\n<li>Gestion d&rsquo;un contentieux dans le cadre d&rsquo;une action en concurrence d\u00e9loyale dirig\u00e9e contre une association sportive (Lyon)<\/li>\r\n<li>Gestion d&rsquo;un contentieux entre deux associations sportives (Lyon)<\/li>\r\n<li>Cr\u00e9ation du fonds de dotation YEAH ! (Lourmarin)<\/li>\r\n<li>Fusion des Centres de gestion agr\u00e9\u00e9 CGA37 et ARAPLT (Tours)<\/li>\r\n<li>Assistance juridique et fiscale de l&rsquo;Association FRANCE D\u00c9PENDANCE (Grenoble)<\/li>\r\n<li>Fusion CENTRE DE LUTTE CONTRE LE CANCER LYON BERARD (Lyon)<\/li>\r\n<li>Assistance juridique et fiscale du festival YEAH ! de Laurent Garnier (Lourmarin)<\/li>\r\n<li>Analyse juridique pour la FEDERATION FRAN\u00c7AISE DE SCRABBLE (Paris)<\/li>\r\n<li>Cr\u00e9ation d&rsquo;un fonds de dotation pour une association sanitaire et sociale (Lyon)<\/li>\r\n<li>Fusion absorption de 2 groupements d&#8217;employeurs (Perpignan)<\/li>\r\n<li>Regroupement de 3 ARACT AQUITAINE, LIMOUSIN et POITOU-CHARENTES sous la forme d&rsquo;une fusion cr\u00e9ation (Angoul\u00eame)<\/li>\r\n<li>Mise en conformit\u00e9 par voie de fusion du r\u00e9seau national ANACT\/ARACT avec la nouvelle carte de r\u00e9gionalisation :\u00a02 fusions absorption et cr\u00e9ation (Languedoc-Roussillon, Midi Pyr\u00e9n\u00e9es) (Toulouse)<\/li>\r\n<li>Cr\u00e9ation du fonds de dotation GO OUEST pour le club de basket OUEST LYONNAIS BASKET (Lyon)<\/li>\r\n<li>Cr\u00e9ation de l&rsquo;association POUR LA LIGUE EUROP\u00c9ENNE DE FOOTBALL (Lyon)<\/li>\r\n<li>Cr\u00e9ation d&rsquo;un fonds de dotation (Annecy)<\/li>\r\n<li>Assistance juridique dans le cadre de la mise en \u0153uvre d&rsquo;une proc\u00e9dure disciplinaire d&rsquo;un administrateur (Chamb\u00e9ry)<\/li>\r\n<li>Assistance du COMITE R\u00c9GIONAL OLYMPIQUE SPORTIF DU LIMOUSIN dans le cadre de la fusion des CROS et Ligues sportives en conformit\u00e9 avec la nouvelle carte de r\u00e9gionalisation (Limoges)<\/li>\r\n<li>Assistance juridique dans le cadre d&rsquo;une donation effectu\u00e9e au b\u00e9n\u00e9fice de la cause animale (Association LIZA et SPACA) (Paris et Marseille)<\/li>\r\n<li>Cr\u00e9ation d&rsquo;un accueil de jour Post-AVC en partenariat avec l&rsquo;ARS Rh\u00f4ne-Alpes<\/li>\r\n<li>Assistance du COMITE R\u00c9GIONAL OLYMPIQUE SPORTIF PROVENCE ALPES dans le cadre de la fusion des CROS et Ligues sportives en conformit\u00e9 avec la nouvelle carte de r\u00e9gionalisation (Cabri\u00e8s)<\/li>\r\n<li>D\u00e9fense d&rsquo;un particulier dans le cadre d&rsquo;une exclusion irr\u00e9guli\u00e8re (Lyon)<\/li>\r\n<li>Cr\u00e9ation du fonds de dotation LYCEE HENRY IV (Paris)<\/li>\r\n<li>Assistance juridique et fiscale dans le cadre de l&rsquo;organisation d&rsquo;un \u00e9v\u00e9nement culturel (festival de musique) lors de la COP21 (Paris)<\/li>\r\n<li>Cr\u00e9ation d&rsquo;un centre de soins ophtalmologiques associatif (Moirans)<\/li>\r\n<li>Cr\u00e9ation d&rsquo;un centre de soins dentaires associatif (Paris)<\/li>\r\n<li>Assistance juridique de la MAISON EUROP\u00c9ENNE DE LA PHOTOGRAPHIE (Paris)<\/li>\r\n<li>Apport partiel d&rsquo;actif d&rsquo;une branche d&rsquo;activit\u00e9 \u00ab\u00a0sanitaire et sociale\u00a0\u00bb du Groupe SIDA INFO SERVICE \u00e0 l&rsquo;Association SIS-LE 190, (Paris)<\/li>\r\n<li>Contentieux dans le cadre d&rsquo;un don effectu\u00e9 par un membre \u00e0 une association sportive LYON E-SPORT (Lyon)<\/li>\r\n<li>Contentieux dans le cadre d&rsquo;un refus de renouvellement d&rsquo;une adh\u00e9sion d&rsquo;un membre (Lyon)<\/li>\r\n<li>Assistance d&rsquo;une association de gestion agr\u00e9\u00e9e ASARTIS D\u00c9VELOPPEMENT dans le cadre du processus de renouvellement des dirigeants (Angers)<\/li>\r\n<li>Fusion de deux centres sociaux pour la gestion d&rsquo;une activit\u00e9 \u00ab\u00a0Petite Enfance\u00a0\u00bb (Tarare)<\/li>\r\n<li>Gestion d&rsquo;un contentieux interne \u00e0 l&rsquo;Association Fran\u00e7aise de Gestion Agr\u00e9\u00e9e (Le Mans)<\/li>\r\n<li>Cr\u00e9ation d&rsquo;un centre de soins dentaires associatifs LABELIA (Lyon)<\/li>\r\n<li>Restructuration de la COMPAGNIE DES GUIDES DE CHAMONIX (4 structures associatives et commerciales)\u00a0: fusion de deux entit\u00e9s associatives, apports partiels d&rsquo;actifs et augmentation de capital d&rsquo;une soci\u00e9t\u00e9 filiale (Chamonix)<\/li>\r\n<li>Assistance fiscale du Groupe SOS : consultation juridique portant sur un aspect technique li\u00e9 aux op\u00e9rations de fusion entre associations (Paris)<\/li>\r\n<li>Assistance juridique et fiscale de la SPA DE LYON<\/li>\r\n<li>Cr\u00e9ation d&rsquo;un fonds de dotation pour le LIONS CLUB (Lyon)<\/li>\r\n<li>Assistance juridique de la CONF\u00c9D\u00c9RATION NATIONALE DES SPA DE FRANCE (Lyon)<\/li>\r\n<li>Redressement judiciaire pour une association dans le domaine du maintien \u00e0 domicile (Moulins)<\/li>\r\n<li>Consultation juridique portant sur la probl\u00e9matique de gestion de fait dans une association para-administrative (Montlu\u00e7on)<\/li>\r\n<li>Cr\u00e9ation d&rsquo;une \u00e9cole de musique sous forme associative (Paris)<\/li>\r\n<li>Consultation juridique dans le cadre d&rsquo;un conflit interne d&rsquo;une association sportive (Lyon)<\/li>\r\n<li>Cr\u00e9ation d&rsquo;un centre de sant\u00e9 associatif pluridisciplinaire (Territoire de Belford)<\/li>\r\n<li>Fusion entre deux syndicats professionnels (Paris)<\/li>\r\n<li>Modification de statuts d&rsquo;un GCSMS avant reprise de la gestion direct d&rsquo;un \u00e9tablissement m\u00e9dico-social (Saint-\u00c9tienne)<\/li>\r\n<li>Apport partiel d&rsquo;actif portant sur la branche d&rsquo;activit\u00e9 \u00ab\u00a0recherche &amp; d\u00e9veloppement\u00a0\u00bb d&rsquo;un \u00e9tablissement public administratif \u00e0 une association nouvellement cr\u00e9\u00e9e (Grenoble)<\/li>\r\n<li>Gestion juridique de l&rsquo;Association APRIL UNIVERSIT\u00c9 (Lyon)<\/li>\r\n<li>\u00c9tude et formulation de pr\u00e9conisations dans le cadre du d\u00e9veloppement d&rsquo;un secteur lucratif par une ONG (Paris)<\/li>\r\n<li>Cr\u00e9ation d&rsquo;un fonds de dotation pour le LYC\u00c9E HENRI IV (Paris)<\/li>\r\n<li>Cr\u00e9ation d&rsquo;une association de gestion dans le cadre d&rsquo;un partenariat de mutualisation de moyens entre deux associations (Paris)<\/li>\r\n<li>Assistance juridique de l&rsquo;Association Universit\u00e9 APRIL (Lyon)<\/li>\r\n<li>Gestion d&rsquo;un contentieux au sein d&rsquo;une association (exclusion d&rsquo;un membre) (Lyon)<\/li>\r\n<li>Gestion d&rsquo;une proc\u00e9dure de redressement judiciaire pour une r\u00e9gie de quartiers (Lyon)<\/li>\r\n<li>Assistance de l&rsquo;association ORL\u00c9ANS TECHNOP\u00d4LE D\u00c9VELOPPEMENT dans le cadre d&rsquo;une proc\u00e9dure de reconnaissance d&rsquo;int\u00e9r\u00eat g\u00e9n\u00e9ral (rescrit fiscal &#8211; second examen) (Orl\u00e9ans)<\/li>\r\n<li>Cr\u00e9ation d&rsquo;un fonds de dotation (Guadeloupe)<\/li>\r\n<li>Assistance juridique et fiscale de la Fondation APRIL (Lyon)<\/li>\r\n<li>Cr\u00e9ation de l&rsquo;Union Nationale des Associations Agr\u00e9\u00e9es d&rsquo;Usagers du Syst\u00e8me de Sant\u00e9 (UNAASS &#8211; FRANCE INFOS SANTE) (Paris)<\/li>\r\n<li>Restructuration du r\u00e9seau associatif COLLECTIF INTERASSOCIATIF SUR LA SANT\u00c9 (CISS) (Paris) : 12 fusions absorption<\/li>\r\n<li>R\u00e9daction de statuts pour une association mission locale (Oyonnax)<\/li>\r\n<li>Cr\u00e9ation d&rsquo;un centre de soins dentaires (Montpellier)<\/li>\r\n<li>Cr\u00e9ation d&rsquo;une plateforme associative d\u00e9di\u00e9e au m\u00e9c\u00e9nat pour plusieurs organismes d&rsquo;insertion (Poitiers)<\/li>\r\n<li>D\u00e9p\u00f4t d&rsquo;une question prioritaire de constitutionnalit\u00e9 pour une association de gestion et de comptabilit\u00e9 (Angers)<\/li>\r\n<li>Proc\u00e9dure de rescrit fiscal (m\u00e9c\u00e9nat) pour une association (Lyon)<\/li>\r\n<li>Cr\u00e9ation de la F\u00e9d\u00e9ration ENIPSE (Paris)<\/li>\r\n<li>R\u00e9daction d&rsquo;un acte de cession de client\u00e8le entre deux associations de gestion et de comptabilit\u00e9 (Toulouse)<\/li>\r\n<li>Analyse portant sur la possibilit\u00e9 pour une f\u00e9d\u00e9ration sportive de verser une r\u00e9mun\u00e9ration \u00e0 ses dirigeants (Paris)<\/li>\r\n<li>Analyse juridique et fiscale pour une entreprise m\u00e9c\u00e8ne (Troph\u00e9e JACQUES VABRE) (Le Mans)<\/li>\r\n<li>Cr\u00e9ation d&rsquo;un fonds de dotation en France pour des fondations US (Paris)<\/li>\r\n<li>Assistance juridique et fiscale dans le cadre de la transformation d&rsquo;une association de recherche m\u00e9dicale en Fondation reconnue d&rsquo;utilit\u00e9 publique (Paris)<\/li>\r\n<li>Audit fiscal d&rsquo;une f\u00e9d\u00e9ration dans le cadre d&rsquo;une proc\u00e9dure de filialisation (Paris)<\/li>\r\n<li>Regroupement de douze associations par voie de fusion absorption (Paris)<\/li>\r\n<li>Cr\u00e9ation d&rsquo;un fonds de dotation COLL\u00c8GE ALTERNATIF LES PINSONS (Strasbourg)<\/li>\r\n<li>Assistance juridique apport\u00e9e \u00e0 une association dans le cadre de la r\u00e9siliation de son contrat de bail (Oyonnax)<\/li>\r\n<li>Assistance juridique dans le cadre d&rsquo;une proc\u00e9dure de redressement judiciaire pour une R\u00e9gie de quartier (Lyon)<\/li>\r\n<li>Regroupement de 25 associations par voie de fusion absorption (Paris)<\/li>\r\n<li>R\u00e9alisation d&rsquo;un transfert d&rsquo;activit\u00e9 associative par voie d&rsquo;apport partiel d&rsquo;actifs entre deux Missions locales (Grenoble)<\/li>\r\n<li>Cr\u00e9ation d&rsquo;un syndicat professionnel (Paris)<\/li>\r\n<li>Cr\u00e9ation d&rsquo;une f\u00e9d\u00e9ration pour un groupe d&rsquo;associations exer\u00e7ant dans le domaine de la pr\u00e9vention SIDA\/VIH (Paris)<\/li>\r\n<li>Contentieux en mati\u00e8re de concurrence d\u00e9loyale pour une AGC (Toulouse)<\/li>\r\n<li>N\u00e9gociation et r\u00e9daction d&rsquo;un protocole d&rsquo;apport \u00e0 titre on\u00e9reux pour la MAISON D\u00c9PARTEMENTALE DU TOURISME DE HAUTE-LOIRE (Le Puy)<\/li>\r\n<li>Contentieux en mati\u00e8re de concurrence d\u00e9loyale pour une AGC (Saint-Brieuc)<\/li>\r\n<li>Restructuration avec apport partiel d&rsquo;actif du Syndicat SNEG (Paris)<\/li>\r\n<li>Assistance juridique et contentieuse du Groupe SPIE COMMUNICATIONS (Marseille)<\/li>\r\n<li>Restructuration avec filialisation commerciale de SIDA INFO SERVICE (Paris)<\/li>\r\n<li>Assistance juridique et contentieuse du Comit\u00e9 de Liaison des Centres de Gestion (Paris)<\/li>\r\n<li>Refonte des statuts de l&rsquo;Association ADDES\u00a0 &#8211; FONDATION CR\u00c9DIT COOP\u00c9RATIF (Paris)<\/li>\r\n<li>Cr\u00e9ation de la Fondation RUP Aim\u00e9 CESAIRE (Martinique)<\/li>\r\n<li>Restructuration de l&rsquo;Association PEP 69 (fusion absorption d&rsquo;association) (Villeurbanne)<\/li>\r\n<li>Assistance juridique et fiscale apport\u00e9e \u00e0 la Soci\u00e9t\u00e9 d&rsquo;agents sportifs SCORE AGENCIES (Lyon)<\/li>\r\n<li>Restructuration par voie de fusion-absorption de l&rsquo;Association LEO LAGRANGE (Lyon)<\/li>\r\n<li>Cr\u00e9ation du COMITE R\u00c9GIONAL CYCLISME RH\u00d4NE-ALPES par le regroupement de 2 comit\u00e9s d\u00e9partementaux du Lyonnais et du Dauphin\u00e9<\/li>\r\n<li>Assistance juridique du Groupe CR\u00c9DIT MUTUEL dans le cadre de l&rsquo;organisation d&rsquo;un op\u00e9ration de Loto pour des associations<\/li>\r\n<li>Assistance juridique et contentieuse de la FEDERATION FRAN\u00c7AISE DE DANSE<\/li>\r\n<li>Cr\u00e9ation d&rsquo;un fonds de dotation pour l&rsquo;Association de gestion et de comptabilit\u00e9 ASARTIS D\u00c9VELOPPEMENT<\/li>\r\n<li>Assistance juridique de sportifs professionnels (L. GIULY, E. ABIDAL, C. TIOZZO&#8230;)<\/li>\r\n<li>Cr\u00e9ation du COMITE D\u00c9PARTEMENTAL DU TOURISME DE LA LOIRE sous la forme associative par le regroupement de 3 structures associatives (2 fusions absorptions et 1 apport partiel d&rsquo;actif)<\/li>\r\n<li>Cr\u00e9ation d&rsquo;une association de tourisme (TOULOISIRS) pour le groupe La Poste par le regroupement de 3 structures associatives (2 apports partiels d&rsquo;actif et 1 op\u00e9ration de fusion)<\/li>\r\n<li>Assistance juridique et fiscale dans le cadre de l&rsquo;organisation des Championnats du monde de VTT en 2004 (Les Gets)<\/li>\r\n<li>Cr\u00e9ation d&rsquo;un fonds de dotation pour la FEDERATION DES ARTISANS DU MONDE<\/li>\r\n<li>R\u00e9daction du r\u00e8glement int\u00e9rieur de l&rsquo;ASVEL (Basket-ball)<\/li>\r\n<li>\u00c9laboration d&rsquo;un projet de rachat du RACING CLUB DE NICE (Rugby)<\/li>\r\n<li>\u00c9laboration d&rsquo;un projet de rachat de 6 cr\u00e8ches associatives pour la Ville de Lyon<\/li>\r\n<\/ul>\r\n<h2><strong>ENSEIGNEMENTS UNIVERSITAIRES<\/strong><\/h2>\r\n<hr \/>\r\n<ul>\r\n<li>Universit\u00e9 Aix-Marseille, intervention au sein de l\u2019Unit\u00e9 2 du DU \u00ab <em>Droit de l\u2019\u00e9conomie sociale et solidaire<\/em> \u00bb, portant sur le droit des associations, th\u00e9matique du contentieux et de la protection juridique des associations (3 heures)<\/li>\r\n<li>\u00c9cole des avocats AUVERGNE RH\u00d4NE ALPES (formation continue des avocats) : \u00a0\u00ab <em>Droit et fiscalit\u00e9 des associations<\/em> \u00bb (4 heures)<\/li>\r\n<li>Universit\u00e9 Jean Moulin Lyon III, \u00c9cole de Notariat &#8211; Dipl\u00f4me Sup\u00e9rieur de Notariat :\u00a0 \u00ab <em>Droit et fiscalit\u00e9 des associations <\/em>\u00bb (8 heures)<\/li>\r\n<li>Universit\u00e9 Jean Moulin Lyon III, Master 2 Fiscalit\u00e9 de l&rsquo;entreprise &#8211; Ing\u00e9nierie fiscale, CERFF : \u00ab <em>R\u00e9gime fiscal des organismes sans but lucratif : association &#8211; fondations &#8211; fonds de dotation<\/em> \u00bb (15 heures)<\/li>\r\n<li>Universit\u00e9 Jean Moulin Lyon III, Licence professionnelle Droit et gestion de l&rsquo;entreprise associative : \u00ab <em>Droit et fiscalit\u00e9 des associations <\/em>\u00bb (55 heures)<\/li>\r\n<li>Universit\u00e9 Jean Moulin Lyon III, Dipl\u00f4me Universitaire Cr\u00e9er et g\u00e9rer son association (formation professionnelle) : \u00ab <em>Droit et fiscalit\u00e9 des associations <\/em>\u00bb (12 heures)<\/li>\r\n<li>Universit\u00e9 Jean Moulin Lyon II, Sciences politiques (Licences) : \u00ab <em>Droit humanitaire et des ONG et fiscalit\u00e9 des associations <\/em>\u00bb (25 heures)<\/li>\r\n<li>Universit\u00e9 Jean Moulin Lyon III, Master 2 Droit et fiscalit\u00e9 du march\u00e9 de l&rsquo;art : \u00ab <em>Droit du m\u00e9c\u00e9nat culturel &#8211; R\u00e9gime juridique et fiscal des organismes culturels : association &#8211; fondation &#8211; fonds de dotation <\/em>\u00bb (25 heures)<\/li>\r\n<li>Universit\u00e9 Jean Moulin Lyon III, Master 2 Droit bancaire et march\u00e9s financiers : \u00ab <em>R\u00e9gime juridique et fiscal des organismes sans but lucratif <\/em>\u00bb (25 heures)<\/li>\r\n<li>Conservatoire National des Arts et M\u00e9tiers &#8211; CESTE (Paris) : \u00ab <em>R\u00e9gime juridique et fiscal des entreprises \u00e0 vocation culturelle <\/em>\u00bb (12 heures)<\/li>\r\n<li>\u00c9cole de management de Lyon : \u00ab <em>R\u00e9gime juridique et fiscal des organismes sans but lucratif <\/em>\u00bb (4 heures)<\/li>\r\n<li>\u00c9cole sup\u00e9rieur de commerce de Troyes : \u00ab<em> Droit et fiscalit\u00e9 du sport <\/em>\u00bb (25 heures)<\/li>\r\n<\/ul>\r\n<!-- [if gte mso 9]><xml>\r\n<w:worddocument>\r\n<w:view>Normal<\/w:view>\r\n<w:zoom>0<\/w:zoom>\r\n<w:trackmoves><\/w:trackmoves>\r\n<w:trackformatting><\/w:trackformatting>\r\n<w:hyphenationzone>21<\/w:hyphenationzone>\r\n<w:punctuationkerning><\/w:punctuationkerning>\r\n<w:validateagainstschemas><\/w:validateagainstschemas>\r\n<w:saveifxmlinvalid>false<\/w:saveifxmlinvalid>\r\n<w:ignoremixedcontent>false<\/w:ignoremixedcontent>\r\n<w:alwaysshowplaceholdertext>false<\/w:alwaysshowplaceholdertext>\r\n<w:donotpromoteqf><\/w:donotpromoteqf>\r\n<w:lidthemeother>FR<\/w:lidthemeother>\r\n<w:lidthemeasian>X-NONE<\/w:lidthemeasian>\r\n<w:lidthemecomplexscript>X-NONE<\/w:lidthemecomplexscript>\r\n<w:compatibility>\r\n<w:breakwrappedtables><\/w:breakwrappedtables>\r\n<w:snaptogridincell><\/w:snaptogridincell>\r\n<w:wraptextwithpunct><\/w:wraptextwithpunct>\r\n<w:useasianbreakrules><\/w:useasianbreakrules>\r\n<w:dontgrowautofit><\/w:dontgrowautofit>\r\n<w:splitpgbreakandparamark><\/w:splitpgbreakandparamark>\r\n<w:dontvertaligncellwithsp><\/w:dontvertaligncellwithsp>\r\n<w:dontbreakconstrainedforcedtables><\/w:dontbreakconstrainedforcedtables>\r\n<w:dontvertalignintxbx><\/w:dontvertalignintxbx>\r\n<w:word11kerningpairs><\/w:word11kerningpairs>\r\n<w:cachedcolbalance><\/w:cachedcolbalance>\r\n<\/w:compatibility>\r\n<w:browserlevel>MicrosoftInternetExplorer4<\/w:browserlevel>\r\n<m:mathpr>\r\n<m:mathfont m:val=\"Cambria Math\"><\/m:mathfont>\r\n<m:brkbin m:val=\"before\"><\/m:brkbin>\r\n<m:brkbinsub m:val=\"&#45;-\"><\/m:brkbinsub>\r\n<m:smallfrac m:val=\"off\"><\/m:smallfrac>\r\n<m:dispdef><\/m:dispdef>\r\n<m:lmargin m:val=\"0\"><\/m:lmargin>\r\n<m:rmargin m:val=\"0\"><\/m:rmargin>\r\n<m:defjc m:val=\"centerGroup\"><\/m:defjc>\r\n<m:wrapindent m:val=\"1440\"><\/m:wrapindent>\r\n<m:intlim m:val=\"subSup\"><\/m:intlim>\r\n<m:narylim m:val=\"undOvr\"><\/m:narylim>\r\n<\/m:mathpr><\/w:worddocument>\r\n<\/xml><![endif]--><!-- [if gte mso 9]><xml>\r\n<w:latentstyles DefLockedState=\"false\" DefUnhideWhenUsed=\"true\" DefSemiHidden=\"true\" DefQFormat=\"false\" DefPriority=\"99\" LatentStyleCount=\"267\">\r\n<w:lsdexception Locked=\"false\" Priority=\"0\" SemiHidden=\"false\" UnhideWhenUsed=\"false\" QFormat=\"true\" Name=\"Normal\"><\/w:lsdexception>\r\n<w:lsdexception Locked=\"false\" Priority=\"9\" SemiHidden=\"false\" UnhideWhenUsed=\"false\" QFormat=\"true\" Name=\"heading 1\"><\/w:lsdexception>\r\n<w:lsdexception Locked=\"false\" Priority=\"9\" QFormat=\"true\" Name=\"heading 2\"><\/w:lsdexception>\r\n<w:lsdexception Locked=\"false\" Priority=\"9\" QFormat=\"true\" Name=\"heading 3\"><\/w:lsdexception>\r\n<w:lsdexception Locked=\"false\" Priority=\"9\" QFormat=\"true\" Name=\"heading 4\"><\/w:lsdexception>\r\n<w:lsdexception Locked=\"false\" Priority=\"9\" QFormat=\"true\" Name=\"heading 5\"><\/w:lsdexception>\r\n<w:lsdexception Locked=\"false\" Priority=\"9\" QFormat=\"true\" Name=\"heading 6\"><\/w:lsdexception>\r\n<w:lsdexception Locked=\"false\" Priority=\"9\" QFormat=\"true\" Name=\"heading 7\"><\/w:lsdexception>\r\n<w:lsdexception Locked=\"false\" Priority=\"9\" QFormat=\"true\" Name=\"heading 8\"><\/w:lsdexception>\r\n<w:lsdexception Locked=\"false\" Priority=\"9\" QFormat=\"true\" Name=\"heading 9\"><\/w:lsdexception>\r\n<w:lsdexception Locked=\"false\" Priority=\"39\" Name=\"toc 1\"><\/w:lsdexception>\r\n<w:lsdexception Locked=\"false\" Priority=\"39\" Name=\"toc 2\"><\/w:lsdexception>\r\n<w:lsdexception Locked=\"false\" Priority=\"39\" Name=\"toc 3\"><\/w:lsdexception>\r\n<w:lsdexception Locked=\"false\" Priority=\"39\" Name=\"toc 4\"><\/w:lsdexception>\r\n<w:lsdexception Locked=\"false\" Priority=\"39\" Name=\"toc 5\"><\/w:lsdexception>\r\n<w:lsdexception Locked=\"false\" Priority=\"39\" Name=\"toc 6\"><\/w:lsdexception>\r\n<w:lsdexception Locked=\"false\" Priority=\"39\" Name=\"toc 7\"><\/w:lsdexception>\r\n<w:lsdexception Locked=\"false\" Priority=\"39\" Name=\"toc 8\"><\/w:lsdexception>\r\n<w:lsdexception Locked=\"false\" Priority=\"39\" Name=\"toc 9\"><\/w:lsdexception>\r\n<w:lsdexception Locked=\"false\" Priority=\"35\" QFormat=\"true\" Name=\"caption\"><\/w:lsdexception>\r\n<w:lsdexception Locked=\"false\" Priority=\"10\" SemiHidden=\"false\" UnhideWhenUsed=\"false\" QFormat=\"true\" Name=\"Title\"><\/w:lsdexception>\r\n<w:lsdexception Locked=\"false\" Priority=\"1\" Name=\"Default Paragraph Font\"><\/w:lsdexception>\r\n<w:lsdexception Locked=\"false\" Priority=\"11\" SemiHidden=\"false\" UnhideWhenUsed=\"false\" QFormat=\"true\" Name=\"Subtitle\"><\/w:lsdexception>\r\n<w:lsdexception Locked=\"false\" Priority=\"22\" SemiHidden=\"false\" UnhideWhenUsed=\"false\" QFormat=\"true\" Name=\"Strong\"><\/w:lsdexception>\r\n<w:lsdexception Locked=\"false\" Priority=\"20\" SemiHidden=\"false\" UnhideWhenUsed=\"false\" QFormat=\"true\" Name=\"Emphasis\"><\/w:lsdexception>\r\n<w:lsdexception Locked=\"false\" Priority=\"59\" SemiHidden=\"false\" UnhideWhenUsed=\"false\" Name=\"Table Grid\"><\/w:lsdexception>\r\n<w:lsdexception Locked=\"false\" UnhideWhenUsed=\"false\" Name=\"Placeholder Text\"><\/w:lsdexception>\r\n<w:lsdexception Locked=\"false\" Priority=\"1\" SemiHidden=\"false\" UnhideWhenUsed=\"false\" QFormat=\"true\" Name=\"No Spacing\"><\/w:lsdexception>\r\n<w:lsdexception Locked=\"false\" Priority=\"60\" SemiHidden=\"false\" UnhideWhenUsed=\"false\" Name=\"Light Shading\"><\/w:lsdexception>\r\n<w:lsdexception Locked=\"false\" Priority=\"61\" SemiHidden=\"false\" UnhideWhenUsed=\"false\" Name=\"Light List\"><\/w:lsdexception>\r\n<w:lsdexception Locked=\"false\" Priority=\"62\" SemiHidden=\"false\" UnhideWhenUsed=\"false\" Name=\"Light Grid\"><\/w:lsdexception>\r\n<w:lsdexception Locked=\"false\" Priority=\"63\" SemiHidden=\"false\" UnhideWhenUsed=\"false\" Name=\"Medium Shading 1\"><\/w:lsdexception>\r\n<w:lsdexception Locked=\"false\" Priority=\"64\" SemiHidden=\"false\" UnhideWhenUsed=\"false\" Name=\"Medium Shading 2\"><\/w:lsdexception>\r\n<w:lsdexception Locked=\"false\" Priority=\"65\" SemiHidden=\"false\" UnhideWhenUsed=\"false\" Name=\"Medium List 1\"><\/w:lsdexception>\r\n<w:lsdexception Locked=\"false\" Priority=\"66\" SemiHidden=\"false\" UnhideWhenUsed=\"false\" Name=\"Medium List 2\"><\/w:lsdexception>\r\n<w:lsdexception Locked=\"false\" Priority=\"67\" SemiHidden=\"false\" UnhideWhenUsed=\"false\" Name=\"Medium Grid 1\"><\/w:lsdexception>\r\n<w:lsdexception Locked=\"false\" Priority=\"68\" SemiHidden=\"false\" UnhideWhenUsed=\"false\" Name=\"Medium Grid 2\"><\/w:lsdexception>\r\n<w:lsdexception Locked=\"false\" Priority=\"69\" SemiHidden=\"false\" UnhideWhenUsed=\"false\" Name=\"Medium Grid 3\"><\/w:lsdexception>\r\n<w:lsdexception Locked=\"false\" Priority=\"70\" SemiHidden=\"false\" UnhideWhenUsed=\"false\" Name=\"Dark List\"><\/w:lsdexception>\r\n<w:lsdexception Locked=\"false\" Priority=\"71\" SemiHidden=\"false\" UnhideWhenUsed=\"false\" Name=\"Colorful Shading\"><\/w:lsdexception>\r\n<w:lsdexception Locked=\"false\" Priority=\"72\" SemiHidden=\"false\" UnhideWhenUsed=\"false\" Name=\"Colorful List\"><\/w:lsdexception>\r\n<w:lsdexception Locked=\"false\" Priority=\"73\" SemiHidden=\"false\" UnhideWhenUsed=\"false\" Name=\"Colorful Grid\"><\/w:lsdexception>\r\n<w:lsdexception Locked=\"false\" Priority=\"60\" SemiHidden=\"false\" UnhideWhenUsed=\"false\" Name=\"Light Shading Accent 1\"><\/w:lsdexception>\r\n<w:lsdexception Locked=\"false\" Priority=\"61\" SemiHidden=\"false\" UnhideWhenUsed=\"false\" Name=\"Light List Accent 1\"><\/w:lsdexception>\r\n<w:lsdexception Locked=\"false\" Priority=\"62\" SemiHidden=\"false\" UnhideWhenUsed=\"false\" Name=\"Light Grid Accent 1\"><\/w:lsdexception>\r\n<w:lsdexception Locked=\"false\" Priority=\"63\" SemiHidden=\"false\" UnhideWhenUsed=\"false\" Name=\"Medium Shading 1 Accent 1\"><\/w:lsdexception>\r\n<w:lsdexception Locked=\"false\" Priority=\"64\" SemiHidden=\"false\" UnhideWhenUsed=\"false\" Name=\"Medium Shading 2 Accent 1\"><\/w:lsdexception>\r\n<w:lsdexception Locked=\"false\" Priority=\"65\" SemiHidden=\"false\" UnhideWhenUsed=\"false\" Name=\"Medium List 1 Accent 1\"><\/w:lsdexception>\r\n<w:lsdexception Locked=\"false\" UnhideWhenUsed=\"false\" Name=\"Revision\"><\/w:lsdexception>\r\n<w:lsdexception Locked=\"false\" Priority=\"34\" SemiHidden=\"false\" UnhideWhenUsed=\"false\" QFormat=\"true\" Name=\"List Paragraph\"><\/w:lsdexception>\r\n<w:lsdexception Locked=\"false\" Priority=\"29\" SemiHidden=\"false\" UnhideWhenUsed=\"false\" QFormat=\"true\" Name=\"Quote\"><\/w:lsdexception>\r\n<w:lsdexception Locked=\"false\" Priority=\"30\" SemiHidden=\"false\" UnhideWhenUsed=\"false\" QFormat=\"true\" Name=\"Intense Quote\"><\/w:lsdexception>\r\n<w:lsdexception Locked=\"false\" Priority=\"66\" SemiHidden=\"false\" UnhideWhenUsed=\"false\" Name=\"Medium List 2 Accent 1\"><\/w:lsdexception>\r\n<w:lsdexception Locked=\"false\" Priority=\"67\" SemiHidden=\"false\" UnhideWhenUsed=\"false\" Name=\"Medium Grid 1 Accent 1\"><\/w:lsdexception>\r\n<w:lsdexception Locked=\"false\" Priority=\"68\" SemiHidden=\"false\" UnhideWhenUsed=\"false\" Name=\"Medium Grid 2 Accent 1\"><\/w:lsdexception>\r\n<w:lsdexception Locked=\"false\" Priority=\"69\" SemiHidden=\"false\" UnhideWhenUsed=\"false\" Name=\"Medium Grid 3 Accent 1\"><\/w:lsdexception>\r\n<w:lsdexception Locked=\"false\" Priority=\"70\" SemiHidden=\"false\" UnhideWhenUsed=\"false\" Name=\"Dark List Accent 1\"><\/w:lsdexception>\r\n<w:lsdexception Locked=\"false\" Priority=\"71\" SemiHidden=\"false\" UnhideWhenUsed=\"false\" Name=\"Colorful Shading Accent 1\"><\/w:lsdexception>\r\n<w:lsdexception Locked=\"false\" Priority=\"72\" SemiHidden=\"false\" UnhideWhenUsed=\"false\" Name=\"Colorful List Accent 1\"><\/w:lsdexception>\r\n<w:lsdexception Locked=\"false\" Priority=\"73\" SemiHidden=\"false\" UnhideWhenUsed=\"false\" Name=\"Colorful Grid Accent 1\"><\/w:lsdexception>\r\n<w:lsdexception Locked=\"false\" Priority=\"60\" SemiHidden=\"false\" UnhideWhenUsed=\"false\" Name=\"Light Shading Accent 2\"><\/w:lsdexception>\r\n<w:lsdexception Locked=\"false\" Priority=\"61\" SemiHidden=\"false\" UnhideWhenUsed=\"false\" Name=\"Light List Accent 2\"><\/w:lsdexception>\r\n<w:lsdexception Locked=\"false\" Priority=\"62\" SemiHidden=\"false\" UnhideWhenUsed=\"false\" Name=\"Light Grid Accent 2\"><\/w:lsdexception>\r\n<w:lsdexception Locked=\"false\" Priority=\"63\" SemiHidden=\"false\" UnhideWhenUsed=\"false\" Name=\"Medium Shading 1 Accent 2\"><\/w:lsdexception>\r\n<w:lsdexception Locked=\"false\" Priority=\"64\" SemiHidden=\"false\" UnhideWhenUsed=\"false\" Name=\"Medium Shading 2 Accent 2\"><\/w:lsdexception>\r\n<w:lsdexception Locked=\"false\" Priority=\"65\" SemiHidden=\"false\" UnhideWhenUsed=\"false\" Name=\"Medium List 1 Accent 2\"><\/w:lsdexception>\r\n<w:lsdexception Locked=\"false\" Priority=\"66\" SemiHidden=\"false\" UnhideWhenUsed=\"false\" Name=\"Medium List 2 Accent 2\"><\/w:lsdexception>\r\n<w:lsdexception Locked=\"false\" Priority=\"67\" SemiHidden=\"false\" UnhideWhenUsed=\"false\" Name=\"Medium Grid 1 Accent 2\"><\/w:lsdexception>\r\n<w:lsdexception Locked=\"false\" Priority=\"68\" SemiHidden=\"false\" UnhideWhenUsed=\"false\" Name=\"Medium Grid 2 Accent 2\"><\/w:lsdexception>\r\n<w:lsdexception Locked=\"false\" Priority=\"69\" SemiHidden=\"false\" UnhideWhenUsed=\"false\" Name=\"Medium Grid 3 Accent 2\"><\/w:lsdexception>\r\n<w:lsdexception Locked=\"false\" Priority=\"70\" SemiHidden=\"false\" UnhideWhenUsed=\"false\" Name=\"Dark List Accent 2\"><\/w:lsdexception>\r\n<w:lsdexception Locked=\"false\" Priority=\"71\" SemiHidden=\"false\" UnhideWhenUsed=\"false\" Name=\"Colorful Shading Accent 2\"><\/w:lsdexception>\r\n<w:lsdexception Locked=\"false\" Priority=\"72\" SemiHidden=\"false\" UnhideWhenUsed=\"false\" Name=\"Colorful List Accent 2\"><\/w:lsdexception>\r\n<w:lsdexception Locked=\"false\" Priority=\"73\" SemiHidden=\"false\" UnhideWhenUsed=\"false\" Name=\"Colorful Grid Accent 2\"><\/w:lsdexception>\r\n<w:lsdexception Locked=\"false\" Priority=\"60\" SemiHidden=\"false\" UnhideWhenUsed=\"false\" Name=\"Light Shading Accent 3\"><\/w:lsdexception>\r\n<w:lsdexception Locked=\"false\" Priority=\"61\" SemiHidden=\"false\" UnhideWhenUsed=\"false\" Name=\"Light List Accent 3\"><\/w:lsdexception>\r\n<w:lsdexception Locked=\"false\" Priority=\"62\" SemiHidden=\"false\" UnhideWhenUsed=\"false\" Name=\"Light Grid Accent 3\"><\/w:lsdexception>\r\n<w:lsdexception Locked=\"false\" Priority=\"63\" SemiHidden=\"false\" UnhideWhenUsed=\"false\" Name=\"Medium Shading 1 Accent 3\"><\/w:lsdexception>\r\n<w:lsdexception Locked=\"false\" Priority=\"64\" SemiHidden=\"false\" UnhideWhenUsed=\"false\" Name=\"Medium Shading 2 Accent 3\"><\/w:lsdexception>\r\n<w:lsdexception Locked=\"false\" Priority=\"65\" SemiHidden=\"false\" UnhideWhenUsed=\"false\" Name=\"Medium List 1 Accent 3\"><\/w:lsdexception>\r\n<w:lsdexception Locked=\"false\" Priority=\"66\" SemiHidden=\"false\" UnhideWhenUsed=\"false\" Name=\"Medium List 2 Accent 3\"><\/w:lsdexception>\r\n<w:lsdexception Locked=\"false\" Priority=\"67\" SemiHidden=\"false\" UnhideWhenUsed=\"false\" Name=\"Medium Grid 1 Accent 3\"><\/w:lsdexception>\r\n<w:lsdexception Locked=\"false\" Priority=\"68\" SemiHidden=\"false\" UnhideWhenUsed=\"false\" Name=\"Medium Grid 2 Accent 3\"><\/w:lsdexception>\r\n<w:lsdexception Locked=\"false\" Priority=\"69\" SemiHidden=\"false\" UnhideWhenUsed=\"false\" Name=\"Medium Grid 3 Accent 3\"><\/w:lsdexception>\r\n<w:lsdexception Locked=\"false\" Priority=\"70\" SemiHidden=\"false\" UnhideWhenUsed=\"false\" Name=\"Dark List Accent 3\"><\/w:lsdexception>\r\n<w:lsdexception Locked=\"false\" Priority=\"71\" SemiHidden=\"false\" UnhideWhenUsed=\"false\" Name=\"Colorful Shading Accent 3\"><\/w:lsdexception>\r\n<w:lsdexception Locked=\"false\" Priority=\"72\" SemiHidden=\"false\" UnhideWhenUsed=\"false\" Name=\"Colorful List Accent 3\"><\/w:lsdexception>\r\n<w:lsdexception Locked=\"false\" Priority=\"73\" SemiHidden=\"false\" UnhideWhenUsed=\"false\" Name=\"Colorful Grid Accent 3\"><\/w:lsdexception>\r\n<w:lsdexception Locked=\"false\" Priority=\"60\" SemiHidden=\"false\" UnhideWhenUsed=\"false\" Name=\"Light Shading Accent 4\"><\/w:lsdexception>\r\n<w:lsdexception Locked=\"false\" Priority=\"61\" SemiHidden=\"false\" UnhideWhenUsed=\"false\" Name=\"Light List Accent 4\"><\/w:lsdexception>\r\n<w:lsdexception Locked=\"false\" Priority=\"62\" SemiHidden=\"false\" UnhideWhenUsed=\"false\" Name=\"Light Grid Accent 4\"><\/w:lsdexception>\r\n<w:lsdexception Locked=\"false\" Priority=\"63\" SemiHidden=\"false\" UnhideWhenUsed=\"false\" Name=\"Medium Shading 1 Accent 4\"><\/w:lsdexception>\r\n<w:lsdexception Locked=\"false\" Priority=\"64\" SemiHidden=\"false\" UnhideWhenUsed=\"false\" Name=\"Medium Shading 2 Accent 4\"><\/w:lsdexception>\r\n<w:lsdexception Locked=\"false\" Priority=\"65\" SemiHidden=\"false\" UnhideWhenUsed=\"false\" Name=\"Medium List 1 Accent 4\"><\/w:lsdexception>\r\n<w:lsdexception Locked=\"false\" Priority=\"66\" SemiHidden=\"false\" UnhideWhenUsed=\"false\" Name=\"Medium List 2 Accent 4\"><\/w:lsdexception>\r\n<w:lsdexception Locked=\"false\" Priority=\"67\" SemiHidden=\"false\" UnhideWhenUsed=\"false\" Name=\"Medium Grid 1 Accent 4\"><\/w:lsdexception>\r\n<w:lsdexception Locked=\"false\" Priority=\"68\" SemiHidden=\"false\" UnhideWhenUsed=\"false\" Name=\"Medium Grid 2 Accent 4\"><\/w:lsdexception>\r\n<w:lsdexception Locked=\"false\" Priority=\"69\" SemiHidden=\"false\" UnhideWhenUsed=\"false\" Name=\"Medium Grid 3 Accent 4\"><\/w:lsdexception>\r\n<w:lsdexception Locked=\"false\" Priority=\"70\" SemiHidden=\"false\" UnhideWhenUsed=\"false\" Name=\"Dark List Accent 4\"><\/w:lsdexception>\r\n<w:lsdexception Locked=\"false\" Priority=\"71\" SemiHidden=\"false\" UnhideWhenUsed=\"false\" Name=\"Colorful Shading Accent 4\"><\/w:lsdexception>\r\n<w:lsdexception Locked=\"false\" Priority=\"72\" SemiHidden=\"false\" UnhideWhenUsed=\"false\" Name=\"Colorful List Accent 4\"><\/w:lsdexception>\r\n<w:lsdexception Locked=\"false\" Priority=\"73\" SemiHidden=\"false\" UnhideWhenUsed=\"false\" Name=\"Colorful Grid Accent 4\"><\/w:lsdexception>\r\n<w:lsdexception Locked=\"false\" Priority=\"60\" SemiHidden=\"false\" UnhideWhenUsed=\"false\" Name=\"Light Shading Accent 5\"><\/w:lsdexception>\r\n<w:lsdexception Locked=\"false\" Priority=\"61\" SemiHidden=\"false\" UnhideWhenUsed=\"false\" Name=\"Light List Accent 5\"><\/w:lsdexception>\r\n<w:lsdexception Locked=\"false\" Priority=\"62\" SemiHidden=\"false\" UnhideWhenUsed=\"false\" Name=\"Light Grid Accent 5\"><\/w:lsdexception>\r\n<w:lsdexception Locked=\"false\" Priority=\"63\" SemiHidden=\"false\" UnhideWhenUsed=\"false\" Name=\"Medium Shading 1 Accent 5\"><\/w:lsdexception>\r\n<w:lsdexception Locked=\"false\" Priority=\"64\" SemiHidden=\"false\" UnhideWhenUsed=\"false\" Name=\"Medium Shading 2 Accent 5\"><\/w:lsdexception>\r\n<w:lsdexception Locked=\"false\" Priority=\"65\" SemiHidden=\"false\" UnhideWhenUsed=\"false\" Name=\"Medium List 1 Accent 5\"><\/w:lsdexception>\r\n<w:lsdexception Locked=\"false\" Priority=\"66\" SemiHidden=\"false\" UnhideWhenUsed=\"false\" Name=\"Medium List 2 Accent 5\"><\/w:lsdexception>\r\n<w:lsdexception Locked=\"false\" Priority=\"67\" SemiHidden=\"false\" UnhideWhenUsed=\"false\" Name=\"Medium Grid 1 Accent 5\"><\/w:lsdexception>\r\n<w:lsdexception Locked=\"false\" Priority=\"68\" SemiHidden=\"false\" UnhideWhenUsed=\"false\" Name=\"Medium Grid 2 Accent 5\"><\/w:lsdexception>\r\n<w:lsdexception Locked=\"false\" Priority=\"69\" SemiHidden=\"false\" UnhideWhenUsed=\"false\" Name=\"Medium Grid 3 Accent 5\"><\/w:lsdexception>\r\n<w:lsdexception Locked=\"false\" Priority=\"70\" SemiHidden=\"false\" UnhideWhenUsed=\"false\" Name=\"Dark List Accent 5\"><\/w:lsdexception>\r\n<w:lsdexception Locked=\"false\" Priority=\"71\" SemiHidden=\"false\" UnhideWhenUsed=\"false\" Name=\"Colorful Shading Accent 5\"><\/w:lsdexception>\r\n<w:lsdexception Locked=\"false\" Priority=\"72\" SemiHidden=\"false\" UnhideWhenUsed=\"false\" Name=\"Colorful List Accent 5\"><\/w:lsdexception>\r\n<w:lsdexception Locked=\"false\" Priority=\"73\" SemiHidden=\"false\" UnhideWhenUsed=\"false\" Name=\"Colorful Grid Accent 5\"><\/w:lsdexception>\r\n<w:lsdexception Locked=\"false\" Priority=\"60\" SemiHidden=\"false\" UnhideWhenUsed=\"false\" Name=\"Light Shading Accent 6\"><\/w:lsdexception>\r\n<w:lsdexception Locked=\"false\" Priority=\"61\" SemiHidden=\"false\" UnhideWhenUsed=\"false\" Name=\"Light List Accent 6\"><\/w:lsdexception>\r\n<w:lsdexception Locked=\"false\" Priority=\"62\" SemiHidden=\"false\" UnhideWhenUsed=\"false\" Name=\"Light Grid Accent 6\"><\/w:lsdexception>\r\n<w:lsdexception Locked=\"false\" Priority=\"63\" SemiHidden=\"false\" UnhideWhenUsed=\"false\" Name=\"Medium Shading 1 Accent 6\"><\/w:lsdexception>\r\n<w:lsdexception Locked=\"false\" Priority=\"64\" SemiHidden=\"false\" UnhideWhenUsed=\"false\" Name=\"Medium Shading 2 Accent 6\"><\/w:lsdexception>\r\n<w:lsdexception Locked=\"false\" Priority=\"65\" SemiHidden=\"false\" UnhideWhenUsed=\"false\" Name=\"Medium List 1 Accent 6\"><\/w:lsdexception>\r\n<w:lsdexception Locked=\"false\" Priority=\"66\" SemiHidden=\"false\" UnhideWhenUsed=\"false\" Name=\"Medium List 2 Accent 6\"><\/w:lsdexception>\r\n<w:lsdexception Locked=\"false\" Priority=\"67\" SemiHidden=\"false\" UnhideWhenUsed=\"false\" Name=\"Medium Grid 1 Accent 6\"><\/w:lsdexception>\r\n<w:lsdexception Locked=\"false\" Priority=\"68\" SemiHidden=\"false\" UnhideWhenUsed=\"false\" Name=\"Medium Grid 2 Accent 6\"><\/w:lsdexception>\r\n<w:lsdexception Locked=\"false\" Priority=\"69\" SemiHidden=\"false\" UnhideWhenUsed=\"false\" Name=\"Medium Grid 3 Accent 6\"><\/w:lsdexception>\r\n<w:lsdexception Locked=\"false\" Priority=\"70\" SemiHidden=\"false\" UnhideWhenUsed=\"false\" Name=\"Dark List Accent 6\"><\/w:lsdexception>\r\n<w:lsdexception Locked=\"false\" Priority=\"71\" SemiHidden=\"false\" UnhideWhenUsed=\"false\" Name=\"Colorful Shading Accent 6\"><\/w:lsdexception>\r\n<w:lsdexception Locked=\"false\" Priority=\"72\" SemiHidden=\"false\" UnhideWhenUsed=\"false\" Name=\"Colorful List Accent 6\"><\/w:lsdexception>\r\n<w:lsdexception Locked=\"false\" Priority=\"73\" SemiHidden=\"false\" UnhideWhenUsed=\"false\" Name=\"Colorful Grid Accent 6\"><\/w:lsdexception>\r\n<w:lsdexception Locked=\"false\" Priority=\"19\" SemiHidden=\"false\" UnhideWhenUsed=\"false\" QFormat=\"true\" Name=\"Subtle Emphasis\"><\/w:lsdexception>\r\n<w:lsdexception Locked=\"false\" Priority=\"21\" SemiHidden=\"false\" UnhideWhenUsed=\"false\" QFormat=\"true\" Name=\"Intense Emphasis\"><\/w:lsdexception>\r\n<w:lsdexception Locked=\"false\" Priority=\"31\" SemiHidden=\"false\" UnhideWhenUsed=\"false\" QFormat=\"true\" Name=\"Subtle Reference\"><\/w:lsdexception>\r\n<w:lsdexception Locked=\"false\" Priority=\"32\" SemiHidden=\"false\" UnhideWhenUsed=\"false\" QFormat=\"true\" Name=\"Intense Reference\"><\/w:lsdexception>\r\n<w:lsdexception Locked=\"false\" Priority=\"33\" SemiHidden=\"false\" UnhideWhenUsed=\"false\" QFormat=\"true\" Name=\"Book Title\"><\/w:lsdexception>\r\n<w:lsdexception Locked=\"false\" Priority=\"37\" Name=\"Bibliography\"><\/w:lsdexception>\r\n<w:lsdexception Locked=\"false\" Priority=\"39\" QFormat=\"true\" Name=\"TOC Heading\"><\/w:lsdexception>\r\n<\/w:latentstyles>\r\n<\/xml><![endif]--><!-- [if gte mso 10]>\r\n<style>\r\n \/* Style Definitions *\/<br \/>table.MsoNormalTable<br \/>{mso-style-name:\"Tableau Normal\";<br \/>mso-tstyle-rowband-size:0;<br \/>mso-tstyle-colband-size:0;<br \/>mso-style-noshow:yes;<br \/>mso-style-priority:99;<br \/>mso-style-qformat:yes;<br \/>mso-style-parent:\"\";<br \/>mso-padding-alt:0cm 5.4pt 0cm 5.4pt;<br \/>mso-para-margin:0cm;<br \/>mso-para-margin-bottom:.0001pt;<br \/>mso-pagination:widow-orphan;<br \/>font-size:10.0pt;<br \/>font-family:\"Times New Roman\",\"serif\";}<br \/><\/style>\r\n<![endif]--><!-- [if gte mso 9]><xml>\r\n<w:worddocument>\r\n<w:view>Normal<\/w:view>\r\n<w:zoom>0<\/w:zoom>\r\n<w:trackmoves><\/w:trackmoves>\r\n<w:trackformatting><\/w:trackformatting>\r\n<w:hyphenationzone>21<\/w:hyphenationzone>\r\n<w:punctuationkerning><\/w:punctuationkerning>\r\n<w:validateagainstschemas><\/w:validateagainstschemas>\r\n<w:saveifxmlinvalid>false<\/w:saveifxmlinvalid>\r\n<w:ignoremixedcontent>false<\/w:ignoremixedcontent>\r\n<w:alwaysshowplaceholdertext>false<\/w:alwaysshowplaceholdertext>\r\n<w:donotpromoteqf><\/w:donotpromoteqf>\r\n<w:lidthemeother>FR<\/w:lidthemeother>\r\n<w:lidthemeasian>X-NONE<\/w:lidthemeasian>\r\n<w:lidthemecomplexscript>X-NONE<\/w:lidthemecomplexscript>\r\n<w:compatibility>\r\n<w:breakwrappedtables><\/w:breakwrappedtables>\r\n<w:snaptogridincell><\/w:snaptogridincell>\r\n<w:wraptextwithpunct><\/w:wraptextwithpunct>\r\n<w:useasianbreakrules><\/w:useasianbreakrules>\r\n<w:dontgrowautofit><\/w:dontgrowautofit>\r\n<w:splitpgbreakandparamark><\/w:splitpgbreakandparamark>\r\n<w:dontvertaligncellwithsp><\/w:dontvertaligncellwithsp>\r\n<w:dontbreakconstrainedforcedtables><\/w:dontbreakconstrainedforcedtables>\r\n<w:dontvertalignintxbx><\/w:dontvertalignintxbx>\r\n<w:word11kerningpairs><\/w:word11kerningpairs>\r\n<w:cachedcolbalance><\/w:cachedcolbalance>\r\n<\/w:compatibility>\r\n<w:browserlevel>MicrosoftInternetExplorer4<\/w:browserlevel>\r\n<m:mathpr>\r\n<m:mathfont m:val=\"Cambria Math\"><\/m:mathfont>\r\n<m:brkbin m:val=\"before\"><\/m:brkbin>\r\n<m:brkbinsub m:val=\"&#45;-\"><\/m:brkbinsub>\r\n<m:smallfrac m:val=\"off\"><\/m:smallfrac>\r\n<m:dispdef><\/m:dispdef>\r\n<m:lmargin m:val=\"0\"><\/m:lmargin>\r\n<m:rmargin m:val=\"0\"><\/m:rmargin>\r\n<m:defjc m:val=\"centerGroup\"><\/m:defjc>\r\n<m:wrapindent m:val=\"1440\"><\/m:wrapindent>\r\n<m:intlim m:val=\"subSup\"><\/m:intlim>\r\n<m:narylim m:val=\"undOvr\"><\/m:narylim>\r\n<\/m:mathpr><\/w:worddocument>\r\n<\/xml><![endif]--><!-- [if gte mso 9]><xml>\r\n<w:latentstyles DefLockedState=\"false\" DefUnhideWhenUsed=\"true\" DefSemiHidden=\"true\" DefQFormat=\"false\" DefPriority=\"99\" LatentStyleCount=\"267\">\r\n<w:lsdexception Locked=\"false\" Priority=\"0\" SemiHidden=\"false\" UnhideWhenUsed=\"false\" QFormat=\"true\" Name=\"Normal\"><\/w:lsdexception>\r\n<w:lsdexception Locked=\"false\" Priority=\"9\" SemiHidden=\"false\" UnhideWhenUsed=\"false\" QFormat=\"true\" Name=\"heading 1\"><\/w:lsdexception>\r\n<w:lsdexception Locked=\"false\" Priority=\"9\" QFormat=\"true\" Name=\"heading 2\"><\/w:lsdexception>\r\n<w:lsdexception Locked=\"false\" Priority=\"9\" QFormat=\"true\" Name=\"heading 3\"><\/w:lsdexception>\r\n<w:lsdexception Locked=\"false\" Priority=\"9\" QFormat=\"true\" Name=\"heading 4\"><\/w:lsdexception>\r\n<w:lsdexception Locked=\"false\" Priority=\"9\" QFormat=\"true\" Name=\"heading 5\"><\/w:lsdexception>\r\n<w:lsdexception Locked=\"false\" Priority=\"9\" QFormat=\"true\" Name=\"heading 6\"><\/w:lsdexception>\r\n<w:lsdexception Locked=\"false\" Priority=\"9\" QFormat=\"true\" Name=\"heading 7\"><\/w:lsdexception>\r\n<w:lsdexception Locked=\"false\" Priority=\"9\" QFormat=\"true\" Name=\"heading 8\"><\/w:lsdexception>\r\n<w:lsdexception Locked=\"false\" Priority=\"9\" QFormat=\"true\" Name=\"heading 9\"><\/w:lsdexception>\r\n<w:lsdexception Locked=\"false\" Priority=\"39\" Name=\"toc 1\"><\/w:lsdexception>\r\n<w:lsdexception Locked=\"false\" Priority=\"39\" Name=\"toc 2\"><\/w:lsdexception>\r\n<w:lsdexception Locked=\"false\" Priority=\"39\" Name=\"toc 3\"><\/w:lsdexception>\r\n<w:lsdexception Locked=\"false\" Priority=\"39\" Name=\"toc 4\"><\/w:lsdexception>\r\n<w:lsdexception Locked=\"false\" Priority=\"39\" Name=\"toc 5\"><\/w:lsdexception>\r\n<w:lsdexception Locked=\"false\" Priority=\"39\" Name=\"toc 6\"><\/w:lsdexception>\r\n<w:lsdexception Locked=\"false\" Priority=\"39\" Name=\"toc 7\"><\/w:lsdexception>\r\n<w:lsdexception Locked=\"false\" Priority=\"39\" Name=\"toc 8\"><\/w:lsdexception>\r\n<w:lsdexception Locked=\"false\" Priority=\"39\" Name=\"toc 9\"><\/w:lsdexception>\r\n<w:lsdexception Locked=\"false\" Priority=\"35\" QFormat=\"true\" Name=\"caption\"><\/w:lsdexception>\r\n<w:lsdexception Locked=\"false\" Priority=\"10\" SemiHidden=\"false\" UnhideWhenUsed=\"false\" QFormat=\"true\" Name=\"Title\"><\/w:lsdexception>\r\n<w:lsdexception Locked=\"false\" Priority=\"0\" Name=\"Default Paragraph Font\"><\/w:lsdexception>\r\n<w:lsdexception Locked=\"false\" Priority=\"11\" SemiHidden=\"false\" UnhideWhenUsed=\"false\" QFormat=\"true\" Name=\"Subtitle\"><\/w:lsdexception>\r\n<w:lsdexception Locked=\"false\" Priority=\"22\" SemiHidden=\"false\" UnhideWhenUsed=\"false\" QFormat=\"true\" Name=\"Strong\"><\/w:lsdexception>\r\n<w:lsdexception Locked=\"false\" Priority=\"20\" SemiHidden=\"false\" UnhideWhenUsed=\"false\" QFormat=\"true\" Name=\"Emphasis\"><\/w:lsdexception>\r\n<w:lsdexception Locked=\"false\" Priority=\"59\" SemiHidden=\"false\" UnhideWhenUsed=\"false\" Name=\"Table Grid\"><\/w:lsdexception>\r\n<w:lsdexception Locked=\"false\" UnhideWhenUsed=\"false\" Name=\"Placeholder Text\"><\/w:lsdexception>\r\n<w:lsdexception Locked=\"false\" Priority=\"1\" SemiHidden=\"false\" UnhideWhenUsed=\"false\" QFormat=\"true\" Name=\"No Spacing\"><\/w:lsdexception>\r\n<w:lsdexception Locked=\"false\" Priority=\"60\" SemiHidden=\"false\" UnhideWhenUsed=\"false\" Name=\"Light Shading\"><\/w:lsdexception>\r\n<w:lsdexception Locked=\"false\" Priority=\"61\" SemiHidden=\"false\" UnhideWhenUsed=\"false\" Name=\"Light List\"><\/w:lsdexception>\r\n<w:lsdexception Locked=\"false\" Priority=\"62\" SemiHidden=\"false\" UnhideWhenUsed=\"false\" Name=\"Light Grid\"><\/w:lsdexception>\r\n<w:lsdexception Locked=\"false\" Priority=\"63\" SemiHidden=\"false\" UnhideWhenUsed=\"false\" Name=\"Medium Shading 1\"><\/w:lsdexception>\r\n<w:lsdexception Locked=\"false\" Priority=\"64\" SemiHidden=\"false\" UnhideWhenUsed=\"false\" Name=\"Medium Shading 2\"><\/w:lsdexception>\r\n<w:lsdexception Locked=\"false\" Priority=\"65\" SemiHidden=\"false\" UnhideWhenUsed=\"false\" Name=\"Medium List 1\"><\/w:lsdexception>\r\n<w:lsdexception Locked=\"false\" Priority=\"66\" SemiHidden=\"false\" UnhideWhenUsed=\"false\" Name=\"Medium List 2\"><\/w:lsdexception>\r\n<w:lsdexception Locked=\"false\" Priority=\"67\" SemiHidden=\"false\" UnhideWhenUsed=\"false\" Name=\"Medium Grid 1\"><\/w:lsdexception>\r\n<w:lsdexception Locked=\"false\" Priority=\"68\" SemiHidden=\"false\" UnhideWhenUsed=\"false\" Name=\"Medium Grid 2\"><\/w:lsdexception>\r\n<w:lsdexception Locked=\"false\" Priority=\"69\" SemiHidden=\"false\" UnhideWhenUsed=\"false\" Name=\"Medium Grid 3\"><\/w:lsdexception>\r\n<w:lsdexception Locked=\"false\" Priority=\"70\" SemiHidden=\"false\" UnhideWhenUsed=\"false\" Name=\"Dark List\"><\/w:lsdexception>\r\n<w:lsdexception Locked=\"false\" Priority=\"71\" SemiHidden=\"false\" UnhideWhenUsed=\"false\" Name=\"Colorful Shading\"><\/w:lsdexception>\r\n<w:lsdexception Locked=\"false\" Priority=\"72\" SemiHidden=\"false\" UnhideWhenUsed=\"false\" Name=\"Colorful List\"><\/w:lsdexception>\r\n<w:lsdexception Locked=\"false\" Priority=\"73\" SemiHidden=\"false\" UnhideWhenUsed=\"false\" Name=\"Colorful Grid\"><\/w:lsdexception>\r\n<w:lsdexception Locked=\"false\" Priority=\"60\" SemiHidden=\"false\" UnhideWhenUsed=\"false\" Name=\"Light Shading Accent 1\"><\/w:lsdexception>\r\n<w:lsdexception Locked=\"false\" Priority=\"61\" SemiHidden=\"false\" UnhideWhenUsed=\"false\" Name=\"Light List Accent 1\"><\/w:lsdexception>\r\n<w:lsdexception Locked=\"false\" Priority=\"62\" SemiHidden=\"false\" UnhideWhenUsed=\"false\" Name=\"Light Grid Accent 1\"><\/w:lsdexception>\r\n<w:lsdexception Locked=\"false\" Priority=\"63\" SemiHidden=\"false\" UnhideWhenUsed=\"false\" Name=\"Medium Shading 1 Accent 1\"><\/w:lsdexception>\r\n<w:lsdexception Locked=\"false\" Priority=\"64\" SemiHidden=\"false\" UnhideWhenUsed=\"false\" Name=\"Medium Shading 2 Accent 1\"><\/w:lsdexception>\r\n<w:lsdexception Locked=\"false\" Priority=\"65\" SemiHidden=\"false\" UnhideWhenUsed=\"false\" Name=\"Medium List 1 Accent 1\"><\/w:lsdexception>\r\n<w:lsdexception Locked=\"false\" UnhideWhenUsed=\"false\" Name=\"Revision\"><\/w:lsdexception>\r\n<w:lsdexception Locked=\"false\" Priority=\"34\" SemiHidden=\"false\" UnhideWhenUsed=\"false\" QFormat=\"true\" Name=\"List Paragraph\"><\/w:lsdexception>\r\n<w:lsdexception Locked=\"false\" Priority=\"29\" SemiHidden=\"false\" UnhideWhenUsed=\"false\" QFormat=\"true\" Name=\"Quote\"><\/w:lsdexception>\r\n<w:lsdexception Locked=\"false\" Priority=\"30\" SemiHidden=\"false\" UnhideWhenUsed=\"false\" QFormat=\"true\" Name=\"Intense Quote\"><\/w:lsdexception>\r\n<w:lsdexception Locked=\"false\" Priority=\"66\" SemiHidden=\"false\" UnhideWhenUsed=\"false\" Name=\"Medium List 2 Accent 1\"><\/w:lsdexception>\r\n<w:lsdexception Locked=\"false\" Priority=\"67\" SemiHidden=\"false\" UnhideWhenUsed=\"false\" Name=\"Medium Grid 1 Accent 1\"><\/w:lsdexception>\r\n<w:lsdexception Locked=\"false\" Priority=\"68\" SemiHidden=\"false\" UnhideWhenUsed=\"false\" Name=\"Medium Grid 2 Accent 1\"><\/w:lsdexception>\r\n<w:lsdexception Locked=\"false\" Priority=\"69\" SemiHidden=\"false\" UnhideWhenUsed=\"false\" Name=\"Medium Grid 3 Accent 1\"><\/w:lsdexception>\r\n<w:lsdexception Locked=\"false\" Priority=\"70\" SemiHidden=\"false\" UnhideWhenUsed=\"false\" Name=\"Dark List Accent 1\"><\/w:lsdexception>\r\n<w:lsdexception Locked=\"false\" Priority=\"71\" SemiHidden=\"false\" UnhideWhenUsed=\"false\" Name=\"Colorful Shading Accent 1\"><\/w:lsdexception>\r\n<w:lsdexception Locked=\"false\" Priority=\"72\" SemiHidden=\"false\" UnhideWhenUsed=\"false\" Name=\"Colorful List Accent 1\"><\/w:lsdexception>\r\n<w:lsdexception Locked=\"false\" Priority=\"73\" SemiHidden=\"false\" UnhideWhenUsed=\"false\" Name=\"Colorful Grid Accent 1\"><\/w:lsdexception>\r\n<w:lsdexception Locked=\"false\" Priority=\"60\" SemiHidden=\"false\" UnhideWhenUsed=\"false\" Name=\"Light Shading Accent 2\"><\/w:lsdexception>\r\n<w:lsdexception Locked=\"false\" Priority=\"61\" SemiHidden=\"false\" UnhideWhenUsed=\"false\" Name=\"Light List Accent 2\"><\/w:lsdexception>\r\n<w:lsdexception Locked=\"false\" Priority=\"62\" SemiHidden=\"false\" UnhideWhenUsed=\"false\" Name=\"Light Grid Accent 2\"><\/w:lsdexception>\r\n<w:lsdexception Locked=\"false\" Priority=\"63\" SemiHidden=\"false\" UnhideWhenUsed=\"false\" Name=\"Medium Shading 1 Accent 2\"><\/w:lsdexception>\r\n<w:lsdexception Locked=\"false\" Priority=\"64\" SemiHidden=\"false\" UnhideWhenUsed=\"false\" Name=\"Medium Shading 2 Accent 2\"><\/w:lsdexception>\r\n<w:lsdexception Locked=\"false\" Priority=\"65\" SemiHidden=\"false\" UnhideWhenUsed=\"false\" Name=\"Medium List 1 Accent 2\"><\/w:lsdexception>\r\n<w:lsdexception Locked=\"false\" Priority=\"66\" SemiHidden=\"false\" UnhideWhenUsed=\"false\" Name=\"Medium List 2 Accent 2\"><\/w:lsdexception>\r\n<w:lsdexception Locked=\"false\" Priority=\"67\" SemiHidden=\"false\" UnhideWhenUsed=\"false\" Name=\"Medium Grid 1 Accent 2\"><\/w:lsdexception>\r\n<w:lsdexception Locked=\"false\" Priority=\"68\" SemiHidden=\"false\" UnhideWhenUsed=\"false\" Name=\"Medium Grid 2 Accent 2\"><\/w:lsdexception>\r\n<w:lsdexception Locked=\"false\" Priority=\"69\" SemiHidden=\"false\" UnhideWhenUsed=\"false\" Name=\"Medium Grid 3 Accent 2\"><\/w:lsdexception>\r\n<w:lsdexception Locked=\"false\" Priority=\"70\" SemiHidden=\"false\" UnhideWhenUsed=\"false\" Name=\"Dark List Accent 2\"><\/w:lsdexception>\r\n<w:lsdexception Locked=\"false\" Priority=\"71\" SemiHidden=\"false\" UnhideWhenUsed=\"false\" Name=\"Colorful Shading Accent 2\"><\/w:lsdexception>\r\n<w:lsdexception Locked=\"false\" Priority=\"72\" SemiHidden=\"false\" UnhideWhenUsed=\"false\" Name=\"Colorful List Accent 2\"><\/w:lsdexception>\r\n<w:lsdexception Locked=\"false\" Priority=\"73\" SemiHidden=\"false\" UnhideWhenUsed=\"false\" Name=\"Colorful Grid Accent 2\"><\/w:lsdexception>\r\n<w:lsdexception Locked=\"false\" Priority=\"60\" SemiHidden=\"false\" UnhideWhenUsed=\"false\" Name=\"Light Shading Accent 3\"><\/w:lsdexception>\r\n<w:lsdexception Locked=\"false\" Priority=\"61\" SemiHidden=\"false\" UnhideWhenUsed=\"false\" Name=\"Light List Accent 3\"><\/w:lsdexception>\r\n<w:lsdexception Locked=\"false\" Priority=\"62\" SemiHidden=\"false\" UnhideWhenUsed=\"false\" Name=\"Light Grid Accent 3\"><\/w:lsdexception>\r\n<w:lsdexception Locked=\"false\" Priority=\"63\" SemiHidden=\"false\" UnhideWhenUsed=\"false\" Name=\"Medium Shading 1 Accent 3\"><\/w:lsdexception>\r\n<w:lsdexception Locked=\"false\" Priority=\"64\" SemiHidden=\"false\" UnhideWhenUsed=\"false\" Name=\"Medium Shading 2 Accent 3\"><\/w:lsdexception>\r\n<w:lsdexception Locked=\"false\" Priority=\"65\" SemiHidden=\"false\" UnhideWhenUsed=\"false\" Name=\"Medium List 1 Accent 3\"><\/w:lsdexception>\r\n<w:lsdexception Locked=\"false\" Priority=\"66\" SemiHidden=\"false\" UnhideWhenUsed=\"false\" Name=\"Medium List 2 Accent 3\"><\/w:lsdexception>\r\n<w:lsdexception Locked=\"false\" Priority=\"67\" SemiHidden=\"false\" UnhideWhenUsed=\"false\" Name=\"Medium Grid 1 Accent 3\"><\/w:lsdexception>\r\n<w:lsdexception Locked=\"false\" Priority=\"68\" SemiHidden=\"false\" UnhideWhenUsed=\"false\" Name=\"Medium Grid 2 Accent 3\"><\/w:lsdexception>\r\n<w:lsdexception Locked=\"false\" Priority=\"69\" SemiHidden=\"false\" UnhideWhenUsed=\"false\" Name=\"Medium Grid 3 Accent 3\"><\/w:lsdexception>\r\n<w:lsdexception Locked=\"false\" Priority=\"70\" SemiHidden=\"false\" UnhideWhenUsed=\"false\" Name=\"Dark List Accent 3\"><\/w:lsdexception>\r\n<w:lsdexception Locked=\"false\" Priority=\"71\" SemiHidden=\"false\" UnhideWhenUsed=\"false\" Name=\"Colorful Shading Accent 3\"><\/w:lsdexception>\r\n<w:lsdexception Locked=\"false\" Priority=\"72\" SemiHidden=\"false\" UnhideWhenUsed=\"false\" Name=\"Colorful List Accent 3\"><\/w:lsdexception>\r\n<w:lsdexception Locked=\"false\" Priority=\"73\" SemiHidden=\"false\" UnhideWhenUsed=\"false\" Name=\"Colorful Grid Accent 3\"><\/w:lsdexception>\r\n<w:lsdexception Locked=\"false\" Priority=\"60\" SemiHidden=\"false\" UnhideWhenUsed=\"false\" Name=\"Light Shading Accent 4\"><\/w:lsdexception>\r\n<w:lsdexception Locked=\"false\" Priority=\"61\" SemiHidden=\"false\" UnhideWhenUsed=\"false\" Name=\"Light List Accent 4\"><\/w:lsdexception>\r\n<w:lsdexception Locked=\"false\" Priority=\"62\" SemiHidden=\"false\" UnhideWhenUsed=\"false\" Name=\"Light Grid Accent 4\"><\/w:lsdexception>\r\n<w:lsdexception Locked=\"false\" Priority=\"63\" SemiHidden=\"false\" UnhideWhenUsed=\"false\" Name=\"Medium Shading 1 Accent 4\"><\/w:lsdexception>\r\n<w:lsdexception Locked=\"false\" Priority=\"64\" SemiHidden=\"false\" UnhideWhenUsed=\"false\" Name=\"Medium Shading 2 Accent 4\"><\/w:lsdexception>\r\n<w:lsdexception Locked=\"false\" Priority=\"65\" SemiHidden=\"false\" UnhideWhenUsed=\"false\" Name=\"Medium List 1 Accent 4\"><\/w:lsdexception>\r\n<w:lsdexception Locked=\"false\" Priority=\"66\" SemiHidden=\"false\" UnhideWhenUsed=\"false\" Name=\"Medium List 2 Accent 4\"><\/w:lsdexception>\r\n<w:lsdexception Locked=\"false\" Priority=\"67\" SemiHidden=\"false\" UnhideWhenUsed=\"false\" Name=\"Medium Grid 1 Accent 4\"><\/w:lsdexception>\r\n<w:lsdexception Locked=\"false\" Priority=\"68\" SemiHidden=\"false\" UnhideWhenUsed=\"false\" Name=\"Medium Grid 2 Accent 4\"><\/w:lsdexception>\r\n<w:lsdexception Locked=\"false\" Priority=\"69\" SemiHidden=\"false\" UnhideWhenUsed=\"false\" Name=\"Medium Grid 3 Accent 4\"><\/w:lsdexception>\r\n<w:lsdexception Locked=\"false\" Priority=\"70\" SemiHidden=\"false\" UnhideWhenUsed=\"false\" Name=\"Dark List Accent 4\"><\/w:lsdexception>\r\n<w:lsdexception Locked=\"false\" Priority=\"71\" SemiHidden=\"false\" UnhideWhenUsed=\"false\" Name=\"Colorful Shading Accent 4\"><\/w:lsdexception>\r\n<w:lsdexception Locked=\"false\" Priority=\"72\" SemiHidden=\"false\" UnhideWhenUsed=\"false\" Name=\"Colorful List Accent 4\"><\/w:lsdexception>\r\n<w:lsdexception Locked=\"false\" Priority=\"73\" SemiHidden=\"false\" UnhideWhenUsed=\"false\" Name=\"Colorful Grid Accent 4\"><\/w:lsdexception>\r\n<w:lsdexception Locked=\"false\" Priority=\"60\" SemiHidden=\"false\" UnhideWhenUsed=\"false\" Name=\"Light Shading Accent 5\"><\/w:lsdexception>\r\n<w:lsdexception Locked=\"false\" Priority=\"61\" SemiHidden=\"false\" UnhideWhenUsed=\"false\" Name=\"Light List Accent 5\"><\/w:lsdexception>\r\n<w:lsdexception Locked=\"false\" Priority=\"62\" SemiHidden=\"false\" UnhideWhenUsed=\"false\" Name=\"Light Grid Accent 5\"><\/w:lsdexception>\r\n<w:lsdexception Locked=\"false\" Priority=\"63\" SemiHidden=\"false\" UnhideWhenUsed=\"false\" Name=\"Medium Shading 1 Accent 5\"><\/w:lsdexception>\r\n<w:lsdexception Locked=\"false\" Priority=\"64\" SemiHidden=\"false\" UnhideWhenUsed=\"false\" Name=\"Medium Shading 2 Accent 5\"><\/w:lsdexception>\r\n<w:lsdexception Locked=\"false\" Priority=\"65\" SemiHidden=\"false\" UnhideWhenUsed=\"false\" Name=\"Medium List 1 Accent 5\"><\/w:lsdexception>\r\n<w:lsdexception Locked=\"false\" Priority=\"66\" SemiHidden=\"false\" UnhideWhenUsed=\"false\" Name=\"Medium List 2 Accent 5\"><\/w:lsdexception>\r\n<w:lsdexception Locked=\"false\" Priority=\"67\" SemiHidden=\"false\" UnhideWhenUsed=\"false\" Name=\"Medium Grid 1 Accent 5\"><\/w:lsdexception>\r\n<w:lsdexception Locked=\"false\" Priority=\"68\" SemiHidden=\"false\" UnhideWhenUsed=\"false\" Name=\"Medium Grid 2 Accent 5\"><\/w:lsdexception>\r\n<w:lsdexception Locked=\"false\" Priority=\"69\" SemiHidden=\"false\" UnhideWhenUsed=\"false\" Name=\"Medium Grid 3 Accent 5\"><\/w:lsdexception>\r\n<w:lsdexception Locked=\"false\" Priority=\"70\" SemiHidden=\"false\" UnhideWhenUsed=\"false\" Name=\"Dark List Accent 5\"><\/w:lsdexception>\r\n<w:lsdexception Locked=\"false\" Priority=\"71\" SemiHidden=\"false\" UnhideWhenUsed=\"false\" Name=\"Colorful Shading Accent 5\"><\/w:lsdexception>\r\n<w:lsdexception Locked=\"false\" Priority=\"72\" SemiHidden=\"false\" UnhideWhenUsed=\"false\" Name=\"Colorful List Accent 5\"><\/w:lsdexception>\r\n<w:lsdexception Locked=\"false\" Priority=\"73\" SemiHidden=\"false\" UnhideWhenUsed=\"false\" Name=\"Colorful Grid Accent 5\"><\/w:lsdexception>\r\n<w:lsdexception Locked=\"false\" Priority=\"60\" SemiHidden=\"false\" UnhideWhenUsed=\"false\" Name=\"Light Shading Accent 6\"><\/w:lsdexception>\r\n<w:lsdexception Locked=\"false\" Priority=\"61\" SemiHidden=\"false\" UnhideWhenUsed=\"false\" Name=\"Light List Accent 6\"><\/w:lsdexception>\r\n<w:lsdexception Locked=\"false\" Priority=\"62\" SemiHidden=\"false\" UnhideWhenUsed=\"false\" Name=\"Light Grid Accent 6\"><\/w:lsdexception>\r\n<w:lsdexception Locked=\"false\" Priority=\"63\" SemiHidden=\"false\" UnhideWhenUsed=\"false\" Name=\"Medium Shading 1 Accent 6\"><\/w:lsdexception>\r\n<w:lsdexception Locked=\"false\" Priority=\"64\" SemiHidden=\"false\" UnhideWhenUsed=\"false\" Name=\"Medium Shading 2 Accent 6\"><\/w:lsdexception>\r\n<w:lsdexception Locked=\"false\" Priority=\"65\" SemiHidden=\"false\" UnhideWhenUsed=\"false\" Name=\"Medium List 1 Accent 6\"><\/w:lsdexception>\r\n<w:lsdexception Locked=\"false\" Priority=\"66\" SemiHidden=\"false\" UnhideWhenUsed=\"false\" Name=\"Medium List 2 Accent 6\"><\/w:lsdexception>\r\n<w:lsdexception Locked=\"false\" Priority=\"67\" SemiHidden=\"false\" UnhideWhenUsed=\"false\" Name=\"Medium Grid 1 Accent 6\"><\/w:lsdexception>\r\n<w:lsdexception Locked=\"false\" Priority=\"68\" SemiHidden=\"false\" UnhideWhenUsed=\"false\" Name=\"Medium Grid 2 Accent 6\"><\/w:lsdexception>\r\n<w:lsdexception Locked=\"false\" Priority=\"69\" SemiHidden=\"false\" UnhideWhenUsed=\"false\" Name=\"Medium Grid 3 Accent 6\"><\/w:lsdexception>\r\n<w:lsdexception Locked=\"false\" Priority=\"70\" SemiHidden=\"false\" UnhideWhenUsed=\"false\" Name=\"Dark List Accent 6\"><\/w:lsdexception>\r\n<w:lsdexception Locked=\"false\" Priority=\"71\" SemiHidden=\"false\" UnhideWhenUsed=\"false\" Name=\"Colorful Shading Accent 6\"><\/w:lsdexception>\r\n<w:lsdexception Locked=\"false\" Priority=\"72\" SemiHidden=\"false\" UnhideWhenUsed=\"false\" Name=\"Colorful List Accent 6\"><\/w:lsdexception>\r\n<w:lsdexception Locked=\"false\" Priority=\"73\" SemiHidden=\"false\" UnhideWhenUsed=\"false\" Name=\"Colorful Grid Accent 6\"><\/w:lsdexception>\r\n<w:lsdexception Locked=\"false\" Priority=\"19\" SemiHidden=\"false\" UnhideWhenUsed=\"false\" QFormat=\"true\" Name=\"Subtle Emphasis\"><\/w:lsdexception>\r\n<w:lsdexception Locked=\"false\" Priority=\"21\" SemiHidden=\"false\" UnhideWhenUsed=\"false\" QFormat=\"true\" Name=\"Intense Emphasis\"><\/w:lsdexception>\r\n<w:lsdexception Locked=\"false\" Priority=\"31\" SemiHidden=\"false\" UnhideWhenUsed=\"false\" QFormat=\"true\" Name=\"Subtle Reference\"><\/w:lsdexception>\r\n<w:lsdexception Locked=\"false\" Priority=\"32\" SemiHidden=\"false\" UnhideWhenUsed=\"false\" QFormat=\"true\" Name=\"Intense Reference\"><\/w:lsdexception>\r\n<w:lsdexception Locked=\"false\" Priority=\"33\" SemiHidden=\"false\" UnhideWhenUsed=\"false\" QFormat=\"true\" Name=\"Book Title\"><\/w:lsdexception>\r\n<w:lsdexception Locked=\"false\" Priority=\"37\" Name=\"Bibliography\"><\/w:lsdexception>\r\n<w:lsdexception Locked=\"false\" Priority=\"39\" QFormat=\"true\" Name=\"TOC Heading\"><\/w:lsdexception>\r\n<\/w:latentstyles>\r\n<\/xml><![endif]--><!-- [if gte mso 10]>\r\n<style>\r\n \/* Style Definitions *\/<br \/>table.MsoNormalTable<br \/>{mso-style-name:\"Tableau Normal\";<br \/>mso-tstyle-rowband-size:0;<br \/>mso-tstyle-colband-size:0;<br \/>mso-style-noshow:yes;<br \/>mso-style-priority:99;<br \/>mso-style-qformat:yes;<br \/>mso-style-parent:\"\";<br \/>mso-padding-alt:0cm 5.4pt 0cm 5.4pt;<br \/>mso-para-margin:0cm;<br \/>mso-para-margin-bottom:.0001pt;<br \/>mso-pagination:widow-orphan;<br \/>font-size:10.0pt;<br \/>font-family:\"Times New Roman\",\"serif\";}<br \/><\/style>\r\n<![endif]-->\r\n<h2><strong>PUBLICATIONS<\/strong><\/h2>\r\n<hr \/>\r\n<ul>\r\n<li>ISBL magazine, \u00ab<em> Municipales 2026 : une commune vivante ne se gouverne pas sans les associations \u00bb Edito<\/em>, 25 mars 2026<\/li>\r\n<li>ISBL magazine, \u00ab <em>B\u00e9n\u00e9ficiaires effectifs : une nouvelle exigence de transparence pour les organismes sans but lucratif, et un signal plus large pour toute l\u2019ESS<\/em><em> \u00bb<\/em>, 24 mars 2026<\/li>\r\n<li>ISBL magazine, \u00ab<em> Loi de finances 2026 : aust\u00e9rit\u00e9 pour l&rsquo;ESS statutaire, prime \u00e0 l&rsquo;impact labellis\u00e9 \u00bb Edito<\/em>, 24 f\u00e9vr. 2026<\/li>\r\n<li>Juris-associations (Dalloz)<em>, \u00ab Coop\u00e9ration(s) entre associations : un enjeu fiscal structurant<\/em><em> \u00bb<\/em><em>, <\/em>15 f\u00e9vr. 2026, n\u00b0733, p. 36-39<\/li>\r\n<li>Le Labo ESS,\u00a0<em>\u00ab Mutualisation : pourquoi l&rsquo;enjeu fiscal conditionne l&rsquo;avenir de l&rsquo;action collective de l&rsquo;ESS<\/em><em>\u00a0\u00bb<\/em>, <em>in<\/em> dossier collectif \u00ab <em>Quelles mutualisations face aux d\u00e9fis \u00e9cologiques et sociaux du XXIe si\u00e8cle ?<\/em> \u00bb, f\u00e9vr. 2026<\/li>\r\n<li>ISBL magazine, \u00ab<em> Sortir de la sid\u00e9ration\u00a0 : pourquoi faut-il se replacer dans le temps long?\u00bb Edito<\/em>, 29 janvier 2026<\/li>\r\n<li>Juris-associations (Dalloz)<em>, \u00ab <\/em><em>Face \u00e0 la rar\u00e9faction des financements publics, plaidons pour la coop\u00e9ration et le regroupement \u00bb<\/em>, \u00e9dito<em>, <\/em>15 d\u00e9c. 2025, n\u00b0730, p. 3<\/li>\r\n<li>Juris-associations (Dalloz)<em>, \u00ab Fonds de dotation : une opportunit\u00e9 strat\u00e9gique pour les collectivit\u00e9s territoriales \u00bb, <\/em>15 nov. 2025, n\u00b0728, p. 33 \u00e0 36<\/li>\r\n<li>ISBL magazine, \u00ab<em> Territoires en danger, associations en sursis ! \u00bb Edito<\/em>, 26 oct. 2025<\/li>\r\n<li>Juris-associations (Dalloz)<em>, \u00ab Fonds de dotation : la zone grise des avantages fiscaux \u00bb, <\/em>15 sept. 2025, n\u00b0724, p. 37 \u00e0 39<\/li>\r\n<li>Juris-associations (Dalloz)<em>, \u00ab L&rsquo;utilit\u00e9 sociale des associations, une notion contingente ancr\u00e9e dans les territoires \u00bb, <\/em>15 sept. 2025, n\u00b0724, p. 17<\/li>\r\n<li>Juris-associations (Dalloz)<em>, \u00ab Territoire, utilit\u00e9 sociale et association : vers une r\u00e9volution mol\u00e9culaire du capitalisme ? \u00bb, <\/em>15 sept. 2025, n\u00b0724, p. 22 \u00e0 24<\/li>\r\n<li>ISBL magazine, \u00ab<em> L&rsquo;aust\u00e9rit\u00e9 selon Bayrou, ou l&rsquo;art de gouverner contre le peuple \u00bb Edito<\/em>, 25 juill. 2025<\/li>\r\n<li>ISBL magazine, \u00ab<em> Associations en 2025 : l&rsquo;urgence d&rsquo;agir face \u00e0 une crise silencieuse \u00bb Edito<\/em>, 29 mai 2025<\/li>\r\n<li>ISBL magazine, \u00ab<em> Transposer la proposition de directive communautaire sur les associations transfrontali\u00e8res pour inverser la logique lib\u00e9rale europ\u00e9enne \u00bb Edito<\/em>, 27 mars 2025<\/li>\r\n<li>ISBL magazine, \u00ab<em> L&rsquo;entrepreneuriat social existe-t-il (vraiment) en France ?\u00bb Edito<\/em>, 25 f\u00e9vr 2025<\/li>\r\n<li>ISBL magazine, \u00ab<em> En 2025, l&rsquo;ESS et les associations confront\u00e9es plus que jamais \u00e0 la realpolitik !\u00bb Edito<\/em>, 28 janv. 2025<\/li>\r\n<li>ISBL magazine, \u00ab<em> L&rsquo;innovation sociale, une activit\u00e9 d&rsquo;int\u00e9r\u00eat g\u00e9n\u00e9ral ? \u00bb Edito<\/em>, 27 nov. 2024<\/li>\r\n<li>Juris-associations (Dalloz)<em>, \u00ab Engagement associatif. Petit lexique juridique. Quels impacts fiscaux ? \u00bb, 15 nov. 2024<\/em>, n\u00b0708, p. 34-36<\/li>\r\n<li>RECMA<em>, \u00ab Loi d&rsquo;\u00e9conomie sociale et solidaire : l&rsquo;utilit\u00e9 sociale comme crit\u00e8re distinctif en mati\u00e8re d&rsquo;entrepreneuriat ? \u00bb, sept. <\/em>2024\/1 n\u00b0372-373, p. 196-204<\/li>\r\n<li>Juris-associations (Dalloz)<em>, \u00ab Associations et relation avec l&rsquo;administration : modes de reconnaissance. Quels impacts fiscaux ? \u00bb, 15 sept. 2024<\/em>, n\u00b0704, p. 37-40<\/li>\r\n<li>ISBL magazine, \u00ab<em> ESS : on est trop gentils !\u00bb Edito<\/em>, 25 juin 2024<\/li>\r\n<li>Juris-associations (Dalloz)<em>, \u00ab Activit\u00e9 \u00e9conomique : pourquoi les associations ne sont pas (souvent) des concurrentes d\u00e9loyales ?<\/em> (article co-sign\u00e9 avec J\u00e9r\u00f4me SADDIER)<em>, 1 mai 2024<\/em>, n\u00b0698, p. 42-45\u00a0<\/li>\r\n<li>ISBL magazine, \u00ab<em> Changement climatique : la CEDH confirme le r\u00f4le incontournable des associations dans la condamnations des Etats pour inaction <\/em>\u00bb, avril 2024<\/li>\r\n<li>Juris-associations (Dalloz)<em>, \u00ab Fiscalit\u00e9 : \u00e9l\u00e9ments strat\u00e9giques des mod\u00e8les sociaux \u00e9conomiques associatifs\u00a0 \u00bb, 1er mars 2024<\/em>, n\u00b0694, p. 36-38\u00a0<\/li>\r\n<li>Juris-associations (Dalloz)<em>, \u00ab Impact social v\/ Utilit\u00e9 sociale : de quoi ces concepts sont-ils ne nom ? \u00bb, 15 janv. 2024<\/em>, n\u00b0691, p. 22-26<\/li>\r\n<li>Juris-associations (Dalloz)<em>, \u00ab Associations transfrontali\u00e8res : une avanc\u00e9e majeure au niveau europ\u00e9en \u00bb, 1er d\u00e9c.<\/em>2023, n\u00b0689, p. 33-36<\/li>\r\n<li>ISBL magazine, \u00ab<em> Signaux forts de la politique de la politique Macron : L&rsquo;ESS doit-elle se mobiliser ? <\/em>\u00bb, nov. 2023<\/li>\r\n<li>ISBL magazine, \u00ab<em> Et si l&rsquo;entr\u00e9e massive des associations dans la sph\u00e8re \u00e9conomique signait la fin du capitalisme <\/em>\u00bb, oct. 2023<\/li>\r\n<li>ISBL magazine, \u00ab<em> Centres de sant\u00e9, vers un renforcement de l&rsquo;encadrement <\/em>\u00bb, sept. 2023<\/li>\r\n<li>ISBL magazine, \u00ab<em> Loi confortant les principes de la R\u00e9publique : une histoire de d\u00e9tournement de pouvoir ? <\/em>\u00bb, juill. 2023<\/li>\r\n<li>Juris-associations (Dalloz)<em>, \u00ab Association : L&rsquo;entreprise a-capitaliste qui se fait attendre \u00bb, <\/em>Tribune Acteurs sans d\u00e9tour, 15 juin 2023, n\u00b0681, p. 13<\/li>\r\n<li>Lexis Nexis<em>, \u00ab Le fonds de dotation : un outil au service de l\u2019Economie sociale et solidaire<\/em><em>, <\/em>revue Actes pratiques et ing\u00e9nierie soci\u00e9taire <em>\u00bb<\/em>, <em>in<\/em> dossier collectif <em>\u00ab L&rsquo;\u00e9conomie sociale et solidaire : les (presque) dix ans de la loi n\u00b0 2014-856 du 31 juillet 2014\u00bb<\/em>,\u00a0 mars 2023, p. 21 et s.<\/li>\r\n<li>Juris-associations (Dalloz)<em>, \u00ab Association holding et fonds de dotation filiale : comment s\u00e9curiser votre d\u00e9marche d\u2019int\u00e9r\u00eat g\u00e9n\u00e9ral ? \u00bb, 1er mai <\/em>2023, n\u00b0678, p. 36-39<\/li>\r\n<li>Juris-associations (Dalloz), \u00ab <em>Responsabilit\u00e9 territoriale des associations : utilit\u00e9 sociale, l&rsquo;\u00e9l\u00e9ment pivot \u00bb<\/em> n\u00b0674, 1er mars 2023, pp. 36 \u00e0 39<\/li>\r\n<li>ISBL magazine, \u00ab<em> Et si l&rsquo;ESS profitait (aussi) de la Bourse<\/em>\u00bb (co-\u00e9crit avec Pierre Liret), 23 f\u00e9v. 2023<\/li>\r\n<li>Juris-associations (Dalloz), \u00ab M\u00e9c\u00e9nat<em> : les contr\u00f4les administratifs vont commencer ! \u00bb<\/em> n\u00b0669, 1er d\u00e9c. 2022, pp. 35-38<\/li>\r\n<li>Juris-associations (Dalloz), \u00ab <em>M\u00e9c\u00e9nat : \u00e9volution du dispositif et renforcement du contr\u00f4le administratif\u00a0\u00bb<\/em> n\u00b0664, 15 sept. 2022, p. 19-23<\/li>\r\n<li>Juris-associations (Dalloz), \u00ab <em>Biens re\u00e7us par les associations : quels droits d&rsquo;enregistrement ?\u00a0\u00bb<\/em> n\u00b0664, 15 sept 2022, p. 36-38<\/li>\r\n<li>Juris-associations (Dalloz), \u00ab <em>Fonctionnement associatif : valoriser la nature contractuelle \u00bb<\/em> n\u00b0660, 1er juin 2022, p. 37-39<\/li>\r\n<li>ISBL magazine, \u00ab<em> Fonds de dotation : les derni\u00e8res modifications apport\u00e9es par le d\u00e9cret du 16 mai 2022 <\/em>\u00bb, 30 mai 2022<\/li>\r\n<li>ISBL magazine, \u00ab<em> Loi du 24 ao\u00fbt 2022 confortant le respect des principes de la R\u00e9publique : avanc\u00e9e d\u00e9mocratique ou chasse aux sorci\u00e8res ? <\/em>\u00bb, mai 2022<\/li>\r\n<li>ISBL magazine, \u00ab<em> Macron I : politique associative et ESS. Un bilan en demi-teinte <\/em>\u00bb, avril 2022<\/li>\r\n<li>ISBL magazine, \u00ab<em> Activit\u00e9s lucratives des associations : comment optimiser sur le plan fiscal ? <\/em>\u00bb, avril 2022<\/li>\r\n<li>Juris-associations (Dalloz), \u00ab <em>Entreprises \u00e0 but d&#8217;emploi : entre ins\u00e9curit\u00e9 et isomorphisme fiscal \u00bb<\/em> n\u00b0655, 15 mars 2022, p. 37-39<\/li>\r\n<li>Juris-associations (Dalloz), \u00ab <em>Dissolution administrative : une exception au principe de libert\u00e9 d&rsquo;association ! \u00bb<\/em> n\u00b0653, 15 f\u00e9vrier 2022, p. 31-33<\/li>\r\n<li>Juris-associations (Dalloz), \u00ab <em>Apport : une op\u00e9ration trop m\u00e9connue par les porteurs de projet associatif \u00bb<\/em> n\u00b0651, 15 d\u00e9c. 2021, p. 33-35<\/li>\r\n<li>ISBL magazine, \u00ab<em> Fusion, scission, apport partiel d&rsquo;actif : comment distinguer ces trois formes de restructuration entre associations ? <\/em>\u00bb\u00a0 nov. 2021<\/li>\r\n<li>Juris-associations (Dalloz), \u00ab <em>Donation de titres de soci\u00e9t\u00e9 \u00e0 une ISBL : apr\u00e8s les enjeux, le mode d&#8217;emploi <\/em><em>\u00bb<\/em> n\u00b0645, 1er oct. 2021, p. 36-39<\/li>\r\n<li>Juris-associations (Dalloz), \u00ab\u00a0<em>Institution sans but lucratif : de la n\u00e9cessit\u00e9 de repenser son mod\u00e8le \u00e9conomique\u00a0<\/em><em>\u00bb<\/em> n\u00b0642, 1er juill. 2021, p. 26-28<\/li>\r\n<li>Juris-associations (Dalloz), \u00ab\u00a0<em>Institutions sans but lucratif : un nouveau mode de d\u00e9tention capitalistique ?<\/em><em> \u00bb<\/em> n\u00b0640, 1er juin 2021, p. 33-3<\/li>\r\n<li>ISBL magazine, \u00ab <em>Pas de R\u00e9publique ESS sans citoyen.ne.s ESS <\/em>\u00bb,\u00a0 \u00e9dito. 30 mars 2021<\/li>\r\n<li>Juris-associations (Dalloz), \u00ab<em>\u00a0M\u00e9c\u00e9nat de comp\u00e9tences : une ressource in\u00e9puisable ! \u00bb<\/em> n\u00b0633, 15 f\u00e9vr. 2021, p. 38-40<\/li>\r\n<li>Juris-associations (Dalloz), \u00ab<em>\u00a0Dissolution des associations : vers un nouvel arsenal juridique (\u00e0 propos du projet de loi renfor\u00e7ant les principes r\u00e9publicains) \u00bb<\/em> n\u00b0630, 15 d\u00e9c. 2020<\/li>\r\n<li>ISBL magazine, \u00ab <em>\u00c9conomie sociale et solidaire : sortir de l&rsquo;impuissance politique !<\/em> \u00bb,\u00a0 \u00e9dito. 29 oct. 2020<\/li>\r\n<li>Juris-associations (Dalloz), \u00ab<em> Association : quelles obligations contractuelles en p\u00e9riode Covid-19 ?\u00bb<\/em> n\u00b0626, 15 oct. 2020, p. 27-29<\/li>\r\n<li>Juris-associations (Dalloz), \u00ab<em> Exon\u00e9rations et franchise fiscales : une opportunit\u00e9 de relancer votre association\u00bb<\/em> n\u00b0625, 1 oct. 2020, p. 36-38<\/li>\r\n<li>ISBL magazine, \u00ab <em>Plan de relance : les associations et l&rsquo;ESS seront-elles les grandes perdantes du monde d&rsquo;apr\u00e8s ?<\/em> \u00bb,\u00a0 \u00e9dito. 30 sept. 2020<\/li>\r\n<li>ISBL magazine, \u00ab <em>But non lucratif : un concept incontournable encore mal appr\u00e9hend\u00e9 par les associations<\/em> \u00bb,\u00a0 \u00e9dito. 26 juill. 2020<\/li>\r\n<li>ISBL magazine, \u00ab <em>L&rsquo;entreprise associative : pr\u00e9sent et future d&rsquo;une \u00e9conomie souhaitable pour le mode d&rsquo;apr\u00e8s<\/em> \u00bb, \u00e9dito. 28 juin 2020<\/li>\r\n<li>Juris-associations (Dalloz), \u00ab<em> Centres de sant\u00e9 associatifs : un rem\u00e8de \u00e0 la d\u00e9sertification m\u00e9dicale \u00bb<\/em> n\u00b0620, 1 juin 2020, p. 32-35<\/li>\r\n<li>ISBL magazine, \u00ab <em>Institutions sans but lucratif\u00a0 : comment d\u00e9lib\u00e9rer en p\u00e9riode de crise sanitaire ? <\/em>\u00bb,\u00a0 2 mai 2020<\/li>\r\n<li>Juris-associations (Dalloz), \u00ab<em> Redressement judiciaire : stop ou encore ?\u00a0\u00bb<\/em> n\u00b0618, 1 mai 2020, p. 27-30<\/li>\r\n<li>ISBL magazine, \u00ab Apr\u00e8s <em>Covid-19\u00a0 : L&rsquo;\u00e9conomie sociale et solidaire pr\u00eate \u00e0 relever le d\u00e9fi du changement ! <\/em>\u00bb, \u00e9dito. 27 avr. 2020<\/li>\r\n<li>ISBL magazine, \u00ab <em>Coronavirus-Covid19 : Associations en difficult\u00e9, prenez les devants ! <\/em>\u00bb, 13 mars 2020<\/li>\r\n<li>Juris-associations (Dalloz), \u00ab<em> Utilit\u00e9 sociale : l&rsquo;avantage comp\u00e9titif des associations <\/em>\u00bb, n\u00b0613, 15 f\u00e9vr. 2020, p. 37-39<\/li>\r\n<li>Juris-associations (Dalloz), \u00ab<em> Fiscalit\u00e9 : un levier puissant pour la gouvernance associative <\/em>\u00bb, n\u00b0613, 15 f\u00e9vr. 2020, p. 29-31<\/li>\r\n<li>Isbl magazine, \u00ab Associations :\u00a0<em> de nouvelles mesures l\u00e9gislatives viennent renforcer leur capacit\u00e9 d&rsquo;actions dans les territoires<\/em>\u00bb, \u00e9dito. janv. 2020<\/li>\r\n<li>Juris-associations (Dalloz), \u00ab<em> Promouvoir l&rsquo;entrepreneuriat associatif comme force de transformation sociale <\/em>\u00bb, n\u00b0607, 1er nov. 2019, p. 12<\/li>\r\n<li>Isbl magazine, \u00ab <em>Projet de loi de finances pour 2020 : vers une remise en cause du r\u00e9gime du m\u00e9c\u00e9nat ? <\/em>\u00bb, \u00e9dito. oct. 2019<\/li>\r\n<li>Isbl magazine, \u00ab <em>Association et entrepreneuriat : quand la confusion r\u00e8gne \u00e0 tous les \u00e9tages <\/em>\u00bb, \u00e9dito. sept. 2019<\/li>\r\n<li>Juris-associations (Dalloz), \u00ab<em> Utilit\u00e9 publique : la reconnaissance des grandes associations et fondations<\/em>\u00bb, n\u00b0600,1 juin 2019<\/li>\r\n<li>Isbl magazine, \u00ab <em>Associations\u00a0: faut-il r\u00e9mun\u00e9rer les dirigeants associatifs ? <\/em>\u00bb, \u00e9dito, mai 2019<\/li>\r\n<li>Juris-Dalloz, \u00ab\u00a0<em>Le boom des recettes d&rsquo;activit\u00e9s\u00a0: quelles cons\u00e9quences pour le secteur associatif <\/em>?\u00a0\u00bb, contribution <em>in<\/em> \u00ab\u00a0<em>Le paysage associatif fran\u00e7ais<\/em>\u00bb, 3<sup>\u00e8me<\/sup> \u00e9d., Enqu\u00eate V. Tchernonog, CNRS (mai 2019)<\/li>\r\n<li>Juris-associations (Dalloz), \u00ab<em>Fonds de dotation : retour sur 10 ans de succ\u00e8s <\/em>\u00bb, n\u00b0590,15 d\u00e9c. 2018<\/li>\r\n<li>Isbl magazine, \u00ab <em>Associations\u00a0: attention aux r\u00e8gles de la commande publique !<\/em>\u00bb, oct. 2018<\/li>\r\n<li>Juris-associations (Dalloz), \u00ab <em>Activit\u00e9s \u00e9conomiques associatives\u00a0&#8211; Se diff\u00e9rencier du secteur concurrentiel\u00a0: comment et pourquoi\u00a0? <\/em>\u00bb, n\u00b0585,1er oct. 2018<\/li>\r\n<li>Isbl magazine, \u00ab <em>Registre des activit\u00e9s et des entreprises : un pas de plus dans la reconnaissance des associations relevant de l&rsquo;ESS \u00bb,<\/em> \u00e9dito, sept. 2018<\/li>\r\n<li>Juris-associations (Dalloz), \u00ab<em>\u00c9conomie sociale et solidaire : plaidoyer en faveur de l&rsquo;entreprise associative<\/em>\u00bb, n\u00b0580,1er juill. 2018<\/li>\r\n<li>Isbl-consultants, \u00ab<em>RSA contre b\u00e9n\u00e9volat : quel message adresse(r) aux associations\u00bb,<\/em> \u00e9dito, juin 2018<\/li>\r\n<li>Isbl-consultants, \u00ab<em>Statuts ne vaut pas vertu, oui mais&#8230;\u00bb,<\/em> \u00e9dito, mai 2018<\/li>\r\n<li>Juris-associations (Dalloz), \u00ab<em>Restructuration des associations : l&rsquo;am\u00e9nagement du r\u00e9gime fiscal<\/em>\u00bb, n\u00b0578, mai 2018<\/li>\r\n<li>Isbl-consultants, \u00ab<em>L&rsquo;association holding ou comment concilier int\u00e9r\u00eat g\u00e9n\u00e9ral et efficacit\u00e9 \u00e9conomique<\/em>\u00bb, \u00e9dito, mars 2018<\/li>\r\n<li>Juris-Associations (Dalloz), \u00ab<em>Associations d&rsquo;int\u00e9r\u00eat g\u00e9n\u00e9ral (prospectives) : vers un droit opposable au subventionnement<\/em> <em>? <\/em>\u00bb, n\u00b0570, 15 d\u00e9c. 2017<\/li>\r\n<li>Isbl-consultants, \u00ab<em>Festival de musique : une association ne peut jamais avoir la qualit\u00e9 de commer\u00e7ant !\u00a0\u00bb<\/em>\u00bb, nov.\u00a02017<\/li>\r\n<li>Juris-Associations (Dalloz), \u00ab<em>Int\u00e9r\u00eat g\u00e9n\u00e9ral : des proc\u00e9dures de rescrit fiscal ing\u00e9rables<\/em> \u00bb, n\u00b0567, 01\/11\/2017, pp. 39-40<\/li>\r\n<li>Isbl-consultants, \u00ab<em>Vers un durcissement de la r\u00e9glementation sur les transferts des contrats de travail priv\u00e9 vers le public<\/em>\u00bb, \u00e9dito, nov.\u00a02017<\/li>\r\n<li>Isbl-consultants, \u00abISBL : <em>\u0152uvrons ensemble pour faire de la complexit\u00e9 un levier de progr\u00e8s <\/em>\u00bb, \u00e9dito, sept.\u00a02017<\/li>\r\n<li>Juris-Associations (Dalloz), \u00ab<em>Int\u00e9r\u00eat g\u00e9n\u00e9ral : du projet \u00e0 la structure juridique<\/em>\u00a0?\u00bb, n\u00b0562, 01\/07\/2017, pp. 32-34<\/li>\r\n<li>Isbl-consultants, \u00ab<em>R\u00e9glementation des associations : derni\u00e8res salves avant fin de mandat\u00a0<\/em>\u00bb,\u00a0 \u00e9dito,\u00a0juin\u00a02017<\/li>\r\n<li>Juris-Associations (Dalloz), \u00ab<em>Festivals de musique : quel r\u00e9gime fiscal pour quel mod\u00e8le \u00e9conomique<\/em> ?\u00bb, n\u00b0555, 15\/03\/2017, pp. 38-41<\/li>\r\n<li>Isbl-consultants, \u00ab<em>Guide des bonnes pratiques de l&rsquo;ESS : une opportunit\u00e9 \u00e0 saisir\u00a0<\/em>\u00bb, (en partenariat avec Xavier Roussinet OPS 3) \u00e9dito,\u00a0f\u00e9vr.\u00a02017<\/li>\r\n<li>Juris-Associations (Dalloz), \u00ab<em>Fonctionnement d\u00e9mocratique des associations : quand la notion d&rsquo;abus de majorit\u00e9 pointe son nez<\/em>\u00bb, n\u00b0550, 15\/12\/2016, pp. 36-38<\/li>\r\n<li>Isbl-consultants, \u00ab<em>Institutions sans but lucratif : la r\u00e9volution juridique est en marche !<\/em>\u00a0\u00bb, \u00e9dito,\u00a0nov.\u00a02016<\/li>\r\n<li>Juris-Associations (Dalloz), \u00ab<em>Utilit\u00e9 sociale, int\u00e9r\u00eat g\u00e9n\u00e9ral, utilit\u00e9 publique : optimiser son mod\u00e8le \u00e9conomique<\/em>\u00bb, n\u00b0546, 15\/10\/2016<\/li>\r\n<li>Isbl-consultants, \u00ab<em>Rapprochement d&rsquo;associations : une opportunit\u00e9 pour repenser son mod\u00e8le\u00a0\u00e9conomique<\/em>\u00a0\u00bb,\u00a0(en partenariat avec Xavier Roussinet OPS 3) \u00e9dito, sept.\u00a02016<\/li>\r\n<li>Juris-Associations (Dalloz), \u00ab<em>Fusion entre associations : le transfert des d\u00e9ficit fiscaux<\/em>\u00bb, n\u00b0545, pp. 37-39, 1er\u00a0oct. 2016<\/li>\r\n<li>Isbl-consultants, \u00ab<em>Collectivit\u00e9s territoriales : les nouveaux acteurs du m\u00e9c\u00e9nat<\/em> \u00bb, \u00e9dito,\u00a0mai 2016<\/li>\r\n<li>Isbl-consultants, \u00ab<em>Contrats \u00e0 impact social : pour une relation triple gagnant<\/em>\u00bb, \u00e9dito, avril 2016<\/li>\r\n<li>Juris-Associations (Dalloz), \u00ab<em>R\u00e9forme de la TVA sur les services aux membres : Pr\u00e9cisions compl\u00e9mentaires<\/em>\u00bb<em>, <\/em>n\u00b0534, pp. 39-40, 1er mars 2016<\/li>\r\n<li>Lamy Associations, \u00ab<em>Nomination d&rsquo;un administrateur provisoire en association : mode d&#8217;emploi<\/em> \u00bb, Bull. actu. n\u00b0246, mars 2016<\/li>\r\n<li>Juris-Associations (Dalloz), \u00ab<em>Circulaire Valls du 29 septembre 2015 : Pour une v\u00e9ritable transition d\u00e9mocratique ?<\/em>\u00bb<em>, <\/em>n\u00b0533, pp. 31-33,\u00a015 f\u00e9vrier 2016<\/li>\r\n<li>Juris-Associations (Dalloz), \u00ab<em>R\u00e9forme de la TVA : Quel avenir pour la coop\u00e9ration associative ?<\/em>\u00bb<em>, <\/em>n\u00b0532, pp. 37-39, 1er f\u00e9vrier 2016<\/li>\r\n<li>Lamy Associations,<em> \u00abCirculaire du Premier ministre du 29 septembre 2015 : Les nouvelles relations entre pouvoirs publics et associations <\/em><em>\u00bb<\/em>, Bull. actu. n\u00b0242, nov. 2015<\/li>\r\n<li>Juris-Associations (Dalloz), \u00ab<em>Le fonds de dotation fait-il (vraiment) partie de l&rsquo;ESS?<\/em>\u00bb<em>, <\/em>n\u00b0526, pp. 37-39, 15 oct. 2015<\/li>\r\n<li>Juris-Associations (Dalloz), \u00ab<em>L&rsquo;association holding\u00a0: l&rsquo;entreprise du futur\u00a0?<\/em>\u00bb<em>, <\/em>n\u00b0525, pp. 37-39, 1<sup>er<\/sup> oct. 2015<\/li>\r\n<li>Le Tout Lyon, <em>\u00abNouvelle carte des r\u00e9gions\u00a0: vers un regroupement des associations et des fondations\u00a0?\u00bb<\/em>, 7-13 nov. 2015, n\u00b05178, p. 40<\/li>\r\n<li>Lamy Associations,<em> \u00abLibert\u00e9 syndicale pour les militaires : la France se met en conformit\u00e9 de la jurisprudence de la Cour europ\u00e9enne des droits de l&rsquo;Homme<\/em><em>\u00bb<\/em>, Bull. actu. n\u00b0239, juill. 2015<\/li>\r\n<li>Lamy Associations,<em> \u00abR\u00f4le des fondations et fonds de dotation dans la transmission d&rsquo;entreprise : vers un renouveau du capitalisme en France<\/em><em>\u00bb<\/em>, Bull. actu. n\u00b0238, juin 2015<\/li>\r\n<li>Lamy Associations,<em> \u00abR\u00f4le des collectivit\u00e9s publiques dans les associations et les OSBL : un \u00e9ventail des partenariats possibles<\/em><em>\u00bb<\/em>, Bull. actu. n\u00b0237, mai 2015<\/li>\r\n<li>Juris-Associations (Dalloz) <em>,\u00abRelations pouvoirs publics &#8211; associations : une refondation op\u00e9r\u00e9e par la circulaire Valls<\/em><em>\u00bb<\/em><em>, <\/em>n\u00b0519, 15\u00a0mai 2015, pp. 39-41<\/li>\r\n<li>Juris-Associations (Dalloz), \u00ab<em>Spectacle : Coup de projecteur sur le r\u00e9gime de TVA\u00a0<\/em><em>\u00bb<\/em><em>, <\/em>n\u00b0513, 15 f\u00e9vrier 2015, pp. 42-44<\/li>\r\n<li>Lamy Associations,<em> \u00abTransformation des associations : les nouvelles possibilit\u00e9s offertes par la loi sur l&rsquo;ESS<\/em><em>\u00bb<\/em>, Bull. actu. n\u00b0234, f\u00e9vrier 2015<\/li>\r\n<li>Juris-Associations (Dalloz), \u00ab<em>ESS &#8211; P\u00f4les Territoriaux de Coop\u00e9ration \u00c9conomique : une formidable aventure commence ! <\/em><em>\u00bb<\/em><em>, <\/em>n\u00b0508, 15 nov. 2014, pp. 36-38<\/li>\r\n<li>Juris-Associations (Dalloz),\u00ab<em>Exon\u00e9rations et franchises : comment optimiser le statut fiscal de votre association<\/em><em>\u00bb<\/em><em>, <\/em>n\u00b0505, octobre 2014, pp. 39-41<\/li>\r\n<li>Lamy Associations,<em> \u00abFinancement participatif : le nouveau cadre juridique \u00e0 disposition des associations<\/em><em>\u00bb<\/em>, Bull. actu. n\u00b0228, juillet 2014<\/li>\r\n<li>Juris-Associations (Dalloz),\u00ab<em>Associations en difficult\u00e9s : Les nouvelles r\u00e8gles applicables au 1er juillet 2014<\/em><em>\u00bb<\/em><em>, <\/em>n\u00b0501, 15 juin 2014<\/li>\r\n<li>Associations Mode d&rsquo;Emploi, <em> \u00abResponsabilit\u00e9 des pr\u00e9pos\u00e9s : l&rsquo;association en premi\u00e8re ligne ? <\/em><em>\u00bb<\/em>, Rubrique Droit, n159, pp. 10-11<\/li>\r\n<li>Lamy Associations,<em> \u00ab<\/em><em>Loi pour l&rsquo;\u00e9galit\u00e9 entre les femmes et les hommes : r\u00e9alit\u00e9 et cons\u00e9quences pour le secteur associatif<\/em><em>\u00bb<\/em>, Bull. actu. n\u00b0224, avril 2014<\/li>\r\n<li>Juris-Associations (Dalloz), \u00ab<em>Loi d&rsquo;ESS : quels impacts pour les associations ? <\/em><em>\u00bb<\/em><em>, <\/em>n\u00b0494, 1er mars 2014, pp. 36-38<\/li>\r\n<li>Juris-Associations (Dalloz), <em> \u00abAssociations : pourquoi et comment se restructurer ? <\/em><em>\u00bb<\/em>, <em>in<\/em> \u00abL<em>e paysage associatif fran\u00e7ais : mesures et \u00e9volutions\u00bb<\/em> (2\u00e8me \u00e9dition) de V. Tchernonog, CNRS &#8211; Centre d&rsquo;\u00c9conomie de la Sorbonne, Paris 1),\u00a0 pp. 192-194, oct. 2013<\/li>\r\n<li>Isbl <em>consultants<\/em>, <em>\u00abLa d\u00e9finition l\u00e9gale de la subvention ne suffira pas <\/em><em>\u00bb<\/em>, \u00c9ditorial, oct. 2013, www.isbl-consultants.fr<\/li>\r\n<li>Isbl <em>consultants<\/em>, <em>\u00abConcurrence entre institutions sans but lucratif : la d\u00e9loyaut\u00e9 en question<\/em><em>\u00bb<\/em>, \u00c9ditorial, sept. 2013, www.isbl-consultants.fr<\/li>\r\n<li>Associations Mode d&rsquo;Emploi, <em> \u00abLoi d&rsquo;\u00c9conomie sociale et solidaire : quel int\u00e9r\u00eat pour les associations <\/em><em>\u00bb<\/em>, Rubrique Actualit\u00e9s, n\u00b0151, sept. 2013<\/li>\r\n<li>Juris-Associations (Dalloz),\u00ab<em>\u00c9conomie sociale et solidaire : le projet de loi<\/em><em> se pr\u00e9cise\u00bb<\/em><em>, <\/em>n\u00b0481, 15 juin 2013<\/li>\r\n<li>Juris-Associations (Dalloz), \u00ab<em>\u00c9conomie sociale et solidaire : pr\u00e9sentation de l&rsquo;avant projet de loi<\/em><em>\u00bb<\/em><em>, <\/em>n\u00b0479, 15 mai 2013<\/li>\r\n<li>Associations Mode d&rsquo;Emploi, <em> \u00abLa r\u00e9mun\u00e9ration des dirigeants associatifs : entre exception et tol\u00e9rance\u00a0<\/em><em>\u00bb<\/em>, Rubrique Droit, n\u00b0148, avril 2013, pp. 28-29<\/li>\r\n<li>Associations Mode d&rsquo;Emploi, <em> \u00ab<\/em>Cr\u00e9er une association pour cr\u00e9er son emploi : possible mais risqu\u00e9<em>\u00bb<\/em>, Rubrique Droit, n\u00b0147, mars 2013, pp. 10-11<\/li>\r\n<li>Lamy Associations,<em> \u00ab2012 : L&rsquo;influence grandissante du droit communautaire sur les associations<\/em><em>\u00bb<\/em>, <em>Bull. actu.<\/em> n\u00b0211, janvier 2013<\/li>\r\n<li>Lamy Associations, \u00ab<em>Gouvernance associative, une d\u00e9mocratie encadr\u00e9e ? (2\u00e8me partie)<\/em><em>\u00bb<\/em><em>, Bull. actu. <\/em>n\u00b0210, d\u00e9cembre 2012<\/li>\r\n<li>Lamy Associations, \u00ab<em>Gouvernance associative, une d\u00e9mocratie encadr\u00e9e ? (1\u00e8re partie)<\/em><em>\u00bb<\/em><em>, Bull. actu. <\/em>n\u00b0209, novembre 2012<\/li>\r\n<li>Recma (Revue internationale de l&rsquo;\u00c9conomie Sociale), \u00ab<em>Regroupement et coop\u00e9ration associatives : aspects juridiques et fiscaux<\/em><em>\u00bb<\/em><em>, <\/em>n\u00b0329, octobre 2012<\/li>\r\n<li>Lamy Associations, \u00ab<em>Paquet Almunia : les nouvelles r\u00e8gles europ\u00e9ennes de financement des SIEG<\/em><em>\u00bb<\/em><em>, Bull. actu. <\/em>n\u00b0205, juin 2012<\/li>\r\n<li>Juris-Associations (Dalloz), \u00ab<em>Paquet Almunia : la nouvelle donne europ\u00e9enne<\/em><em> (Analyse critique)\u00bb<\/em><em>, <\/em>n\u00b0454, 1er mars 2012, pp. 35 \u00e0 38<\/li>\r\n<li>Associations Mode d&rsquo;Emploi, \u00ab<em>Les dons manuels peuvent-ils faire l&rsquo;objet d&rsquo;une taxation ? <\/em><em>\u00bb (<\/em>en partenariat avec G\u00e9rard Lejeune, Expert-comptable, Euro compta finance<em>), <\/em>n\u00b0134, d\u00e9cembre 2011<\/li>\r\n<li>Lamy Associations,\u00a0\u00ab<em>Projet de loi d&rsquo;\u00c9conomie sociale et solidaire : vers une meilleure reconnaissance du secteur associatif en France\u00a0<\/em><em>\u00bb, <\/em>Bull. actu. Lamy n\u00b0196, septembre 2011<\/li>\r\n<li>Juris-Associations (Dalloz), <em>\u00ab \u00c9conomie sociale et solidaire : un projet de loi pour la France<\/em><em>\u00bb,<\/em>\u00a0n\u00b0444, septembre 2011<\/li>\r\n<li>Associations Mode d&rsquo;Emploi, \u00ab<em>Activit\u00e9s lucratives : sectorisation ou filialisation ?\u00bb,<\/em> n\u00b0130, juin &#8211; juillet 2011<\/li>\r\n<li>Associations Mode d&rsquo;Emploi, \u00ab<em>Loi 1901 : que sont les engagements du centenaire devenus ?\u00bb,<\/em> n\u00b0130, juin &#8211; juillet 2011<\/li>\r\n<li>Lamy Associations, \u00ab<em>Fusion d&rsquo;associations : vers le fin du r\u00e9gime fiscal de faveur ?\u00bb<\/em>, Bull. actu. Lamy n\u00b0191, mars 2011<\/li>\r\n<li>Lamy Associations, \u00ab<em>Restructuration des associations : quels enjeux ?<\/em>\u00bb, Bull. actu. Lamy n\u00b0186, octobre 2010<\/li>\r\n<li>Lamy Associations, \u00ab<em>Associations : quelles strat\u00e9gies face aux crises ?<\/em>\u00bb, Bull. actu. Lamy n\u00b0185, septembre 2010<\/li>\r\n<li>Lamy Droit Civil, \u00ab<em>Le Fonds de dotation : une nouvelle personne morale dans le monde des institutions sans but lucratif (ISBL)<\/em>\u00bb, juillet\/ao\u00fbt 2000, n\u00b073, pp. 50 \u00e0 54<\/li>\r\n<li>Associations Mode d&rsquo;Emploi, \u00ab<em>R\u00e9mun\u00e9ration des dirigeants associatifs : conditions et cons\u00e9quences<\/em> \u00bb, juin-juill. 2010, n\u00b0120, pp. 17 \u00e0 19<\/li>\r\n<li>Lamy Associations, \u00ab <em>L&rsquo;int\u00e9r\u00eat pour les associations de cr\u00e9er un fonds de dotation<\/em>\u00bb, bull. actu. Lamy Associations, avril 2010, n\u00b0181<\/li>\r\n<li>Revue Internationale de l&rsquo;\u00c9conomie Sociale (RECMA), \u00ab <em>Int\u00e9r\u00eat g\u00e9n\u00e9ral, utilit\u00e9 publique ou utilit\u00e9 sociale : quel mode de reconnaissance pour le secteur associatif<\/em> \u00bb, n\u00b0315, janvier 2010<\/li>\r\n<li>Lamy Associations, \u00ab\u00a0<em>En finir (vraiment) avec la religion du chiffre\u00a0: \u00e0 propos du rapport Stiglitz<\/em> \u00bb, bull. actu. n\u00b0175, nov. 2009<\/li>\r\n<li>Lamy Associations, \u00ab\u00a0<em>L&rsquo;entreprise associative\u00a0: une r\u00e9ponse \u00e0 la crise actuelle<\/em> ?\u00a0\u00bb, bull. actu. n\u00b0174, septembre 2009<\/li>\r\n<li>Lamy Associations, \u00ab <em>Fonds de dotation : les derni\u00e8res pr\u00e9cisions<\/em> \u00bb, bull. actu. mai 2009<\/li>\r\n<li>Revue de Droit fiscal, \u00ab <em>La responsabilit\u00e9 fiscale et p\u00e9nale du dirigeant d&rsquo;entreprise<\/em> \u00bb, Dalloz, Hebdo. n\u00b016, 16 avril 2009, n\u00b0279, p. 20 et s. compte rendu colloque organis\u00e9 le 30 octobre 2008 par l&rsquo;Universit\u00e9 Lyon 3<\/li>\r\n<li>Lamy Associations, \u00ab <em>Le droit d&rsquo;information des membres au sein des associations<\/em> \u00bb, bull. actu. f\u00e9vrier 2009, n\u00b0168<\/li>\r\n<li>Lamy Association, \u00ab <em>Concurrence et para commercialisme : l&rsquo;influence de la m\u00e9thode fiscale<\/em> \u00bb, bull. actu. septembre 2009, n\u00b0163<\/li>\r\n<li>Associations Mode d&rsquo;Emploi, \u00ab <em>Associations en difficult\u00e9 : nouvelles r\u00e8gles<\/em>\u00bb, avril 2009, n\u00b0108<\/li>\r\n<li>Lamy Association, \u00ab <em>Fonds de dotation : encore du nouveau sur le front du m\u00e9c\u00e9nat !<\/em> \u00bb, bull. actu. novembre 2008, n\u00b0165<\/li>\r\n<li>Lamy Association, \u00ab <em>La dissolution administrative des associations : l&rsquo;exemple des clubs de supporters <\/em>\u00bb, bull. actu. mai 2008, n\u00b0159<\/li>\r\n<li>Juris Associations (Dalloz), \u00ab <em>Centres de gestion agr\u00e9\u00e9s et habilit\u00e9s : des restructurations \u00e0 pr\u00e9voir <\/em>\u00bb avant fin 2008, mai 2008, n\u00b0379<\/li>\r\n<li>Lamy Associations, \u00ab <em>La gouvernance associative : nouveau champ d&rsquo;intervention pour l&rsquo;administration fiscale<\/em> ?\u00bb, bull. actu. avril 2008, n\u00b0158<\/li>\r\n<li>Juris Associations (Dalloz), \u00ab <em>Les associations sont-elles des concurrents comme les autres<\/em> ?\u00bb, septembre 2007, n\u00b0364<\/li>\r\n<li>Revue Internationale de l&rsquo;\u00c9conomie Sociale (RECMA) \u00ab <em>Associations et entreprises : des rapports complexes et ambigus <\/em>\u00bb (juillet 2005)<\/li>\r\n<li>Revue Le Tout Lyon \u00ab <em>\u00c9lus et associations : les risques de conflits d&rsquo;int\u00e9r\u00eats<\/em> \u00bb (mai 2005)<\/li>\r\n<li>Revue Directions \u00ab <em>Le red\u00e9ploiement de la fonction citoyenne de l&rsquo;entreprise<\/em> \u00bb (avril 2005)<\/li>\r\n<li>Revue Internationale de l&rsquo;\u00c9conomie Sociale (RECMA) \u00ab <em>Cent ans de pratique associative : un point de vue juridique <\/em>\u00bb (2002)<\/li>\r\n<li>Revue Associations Mode d&rsquo;Emploi \u00ab <em>Loi de finances 2002 : la r\u00e9mun\u00e9ration des dirigeants<\/em>\u00bb (2002)<\/li>\r\n<li>Revue Juridique et \u00c9conomie du Sport (DALLOZ) \u00ab <em>Les d\u00e9crets d&rsquo;application du 16 f\u00e9vrier 2001 relatifs aux groupements sportifs professionnels<\/em> \u00bb (2001)<\/li>\r\n<li>Revue Le Tout Lyon \u00ab <em>Sport professionnel : les nouveaux modes d&rsquo;organisation<\/em> \u00bb (f\u00e9vrier 2000)<\/li>\r\n<li>Revue Le Tout Lyon \u00ab <em>SCIC : Un nouvel outil pour l&rsquo;\u00c9conomie sociale et solidaire<\/em> \u00bb (2000)<\/li>\r\n<li>Revue Associations Mode d&rsquo;Emploi \u00ab <em>Comment r\u00e9voquer un dirigeant<\/em> ? \u00bb (1999)<\/li>\r\n<li>Revue Associations Mode d&rsquo;Emploi \u00ab <em>Comment votre association peut-elle agir en justice ?<\/em>\u00bb (1999)<\/li>\r\n<li>Revue Associations Mode d&rsquo;Emploi \u00ab <em>Faire un apport \u00e0 son association<\/em> \u00bb (1999)<\/li>\r\n<li>Revue Associations Mode d&rsquo;Emploi \u00ab <em>Reversement d&rsquo;une subvention : attention danger<\/em> !\u00bb(1999)<\/li>\r\n<li>Revue Association Mode d&rsquo;Emploi rubrique mensuelle \u00ab \u00c9changes Questions\/r\u00e9ponses \u00bb(1999 \u00e0 2001)<\/li>\r\n<\/ul>\r\n<h2><strong>COLLOQUES \/ WEBINAIRES \/ PODCAST \/ FORMATIONS PROFESSIONNELLES<\/strong><\/h2>\r\n<hr \/>\r\n<ul>\r\n<li>LES RENCONTRES DE LA COOP\u00c9RATION ET DE LA RESPONSABILIT\u00c9 TERRITORIALE DES ENTREPRISES, \u00ab<em> Alliances territoriales &amp; communs financiers<\/em> \u00bb, Mouvement d&rsquo;alliances Vivance, Bordeaux, 27 avr. 2026<\/li>\r\n<li>PODCAST LE MOMENT, \u00ab<em> L&rsquo;argent est un moyen pas une fin<\/em> \u00bb, Paris, avr. 2026<\/li>\r\n<li>Le Labo ESS, \u00ab<em style=\"font-size: 16px;\"> Comment lever les freins \u00e0 des mutualisations plus structurantes au sein de l\u2019ESS ?<\/em><span style=\"font-size: 16px;\"> \u00bb, Issy-Les-Moulineaux, 9 f\u00e9vr. 2026<\/span><\/li>\r\n<li>FORUM MONDIAL DE l&rsquo;ESS GSEF2025, \u00ab <em>Quel avenir pour les associations<\/em> ? \u00bb, Bordeaux, 29 oct. 2025<\/li>\r\n<li>ASSOCIATION STEPHENSON FORMATION, \u00ab <em>Optimiser votre association sur le plan juridique et fiscale<\/em> \u00bb et \u00ab <em>Cr\u00e9er et g\u00e9rer un fonds de dotation<\/em> \u00bb, Paris, les 16 et 17 sept. 2025<\/li>\r\n<li>ASSOCIATION MAGUERITE GUERIN, \u00ab <em>Transformer son association en fondation RUP : aspects juridiques et fiscaux<\/em> \u00bb, Lyon, 10 sept. 2025<\/li>\r\n<li>CRESS AUVERGNE RH\u00d4NE-ALPES, \u00ab <em>Regards crois\u00e9s financeurs\/juridique\u202f: impacts, ressources et contraintes de l\u2019utilit\u00e9 sociale<\/em> \u00bb, Lyon, 09 sept. 2025<\/li>\r\n<li>FEDERATION DES CENTRES SOCIAUX DE L&rsquo;ALLIER, \u00ab<em> M\u00e9c\u00e9nat et fonds de dotation : d\u00e9velopper vos ressources externes <\/em>\u00bb, Moulins, 10 juill. 2025<\/li>\r\n<li>CPIE BOURGOGNE FRANCHE-COMTE, \u00ab<em> Comment optimiser votre r\u00e9gime fiscal et mod\u00e8le socio-\u00e9conomique associatif ? <\/em>\u00bb, Dijon, 06 juill. 2025<\/li>\r\n<li>RIUESS, \u00ab <em>Association et fonctionnement d\u00e9mocratique \u2013 un \u00e9quilibre d\u00e9licat \u00bb, <\/em>Lyon, 27 mai 2025<\/li>\r\n<li>AGORA &#8211; DODES, \u00ab <em>R\u00e9inventer les formes juridiques pour faire entrer la d\u00e9mocratie dans l&rsquo;entreprise<\/em> \u00bb, Ecole des Mines, Paris, 29 janv. 2025<\/li>\r\n<li>FEDERATION DES CENTRES SOCIAUX du RH\u00d4NE et PREFECTURE DE L&rsquo;ALLIER, \u00ab <em>Quel avenir pour les associations<\/em> ? \u00bb, Vichy, 05 d\u00e9c. 2024<\/li>\r\n<li>ARJESS, \u00ab <em>La reconnaissance l\u00e9gale de l&rsquo;ESS : O\u00f9 en est-on 10 ans apr\u00e8s<\/em> ? \u00bb, Aubervilliers, 22 nov. 2024<\/li>\r\n<li>MINISTERE DES SPORTS &#8211; SDJES,\u00a0\u00ab <em>S\u00e9curisation et optimisation des mod\u00e8les socio-\u00e9conomiques des associations : aspects juridiques, fiscaux et comptables<\/em> \u00bb, Poitiers, 27 juin 2024<\/li>\r\n<li>FEDERATION DES BANQUES ALIMENTAIRES \u00ab <i>Interactions entre associations reconnues d&rsquo;int\u00e9r\u00eat g\u00e9n\u00e9ral et f\u00e9d\u00e9ration reconnue d&rsquo;utilit\u00e9 publique<\/i> \u00bb, Paris, 7 juin 2024<\/li>\r\n<li>INSTITUT INTERNATIONAL DE L&rsquo;AUDIT SOCIAL, \u00ab <em>Nouveaux enjeux dans l&rsquo;\u00e9conomie sociale : impact de l&rsquo;audit social\u00a0<\/em>\u00bb, Paris, 24 mai 2024<\/li>\r\n<li>DEPARTEMENT DU RH\u00d4NE, \u00ab <em>Association employeur : une gestion administrative, juridique et des ressources humaines singuli\u00e8res\u00a0<\/em>\u00bb, Lyon, 04 avril 2024<\/li>\r\n<li>CENTRES PERMANENTS D&rsquo;INITIATIVES POUR L&rsquo;ENVIRONNEMENT (CPIE),\u00a0\u00ab<em> Sectorisation\/Filialisation : comment optimiser votre r\u00e9gime fiscal et mod\u00e8le socio-\u00e9conomique associatif ? <\/em>\u00bb, Aix-en-Provence, 13-14 f\u00e9vr. 2024<\/li>\r\n<li>SYNDICAT DES MUSIQUES ACTUELLES, \u00ab <em>Responsabilit\u00e9 civile et p\u00e9nale des b\u00e9n\u00e9voles et dirigeants associatifs en milieu \u00e9v\u00e8nementiel\u00a0<\/em>\u00bb, Paris, Lyon et Nantes, f\u00e9vr. 2024<\/li>\r\n<li>LE GRAND BUREAU &#8211; SYNDICAT DES MUSIQUES ACTUELLES, \u00ab <em>Attaques contre la libert\u00e9 d\u2019expression dans la musique. Comment r\u00e9agir collectivement ?<\/em> \u00bb, Lyon, 31 janv. 2024<\/li>\r\n<li>FORUM NATIONAL DE L&rsquo;ESS, \u00ab <em>Comment faire \u00e9voluer le mod\u00e8le \u00e9conomique de son association face aux d\u00e9fis \u00e9conomiques ?<\/em> \u00bb, Lyon, 30 janv. 2024<\/li>\r\n<li>LES RENCONTRES DE L&rsquo;ECONOMIE AUTREMENT &#8211; ALTERNATIVES ECONOMIQUES, \u00ab <em>Associations : quels mod\u00e8les \u00e9conomiques ? Quelles relations avec l&rsquo;\u00c9tat ?<\/em> \u00bb, Dijon, 24 nov. 2023<\/li>\r\n<li>ASSOCIATION COEUR DE FOR\u00caT, \u00ab<em> Le r\u00f4le des entreprises dans la pr\u00e9servation des for\u00eats : comment la philanthropie int\u00e8gre le mod\u00e8le de l\u2019entreprise responsable<\/em> \u00bb, Acad\u00e9mie du Climat, Paris, 12 oct. 2023<\/li>\r\n<li>CHAIRE DE L&rsquo;ESS UNIVERSITE LYON 2, \u00ab <em>Apr\u00e8s 10 ans de la loi ESS, une institutionnalisation de l\u2019\u00e9conomie sociale et solidaire ?<\/em> \u00bb, Mairie de Lyon 1er, 03 oct. 2023<\/li>\r\n<li>ADMICAL, M\u00e9c\u00e8nes Forum 2023, \u00ab <em>Quels sont la place et le r\u00f4le du m\u00e9c\u00e9nat dans les entreprises \u00e0 mission\u00a0? <\/em>\u00bb, Mus\u00e9e des confluences, Lyon, 03 oct. 2023<\/li>\r\n<li>DEPARTEMENT DU RH\u00d4NE, \u00ab <em>R\u00f4le et responsabilit\u00e9 des dirigeants associatifs\u00a0? <\/em>\u00bb, Lyon, sept. 2023<\/li>\r\n<li>SYNDICAT DES MUSIQUES ACTUELLES, \u00ab <em>Contrat d&rsquo;engagement r\u00e9publicain : des subventions, \u00e0 quel prix ? <\/em>\u00bb, Paloma, N\u00eemes, sept. 2023<\/li>\r\n<li>RESEAU DES MUSIQUES ACTUELLES EN ILE-DE-FRANCE (RIF), \u00ab <em>Comment mettre en oeuvre une politique de m\u00e9c\u00e9nat culturel ? <\/em>\u00bb, Nanterre, juillet 2023<\/li>\r\n<li>CIRIEC FRANCE,\u00a0\u00ab<em> L&rsquo;ESS reconnue et promue par les institutions internationales : de quelle ESS parle t-on ? <\/em>\u00bb (en pr\u00e9sence de Claire Toury Pr\u00e9sidente du Mouvement associatif et J\u00e9r\u00f4me SADDIER Pr\u00e9sident d&rsquo;ESS FRANCE, Paris, juin 2023<\/li>\r\n<li>UNIVERSITE JEAN MOULIN LYON III, \u00ab<em> M\u00e9c\u00e9nat culturel : l&rsquo;int\u00e9r\u00eat g\u00e9n\u00e9ral \u00e0 tout prix ? Le m\u00e9c\u00e9nat sous l&rsquo;angle des risques &#8211; approche politique de la notion d&rsquo;int\u00e9r\u00eat g\u00e9n\u00e9ral <\/em>\u00bb, Lyon, mars 2023<\/li>\r\n<li>FONDS DE DOTATION BELUGA, \u00ab<em> Comment g\u00e9rer son fonds de dotation ? Aspects juridiques et fiscaux <\/em>\u00bb, Lyon, mai 2022<\/li>\r\n<li>ISBL CONSULTANTS, \u00ab<em> Restructurer votre association : mutualisation et fusion entre associations ? Aspects juridiques et fiscaux <\/em>\u00bb, Lyon, mai 2022<\/li>\r\n<li>ASSOCIATION UNIVI, <em>\u00ab Comment mener \u00e0 bien votre processus de fusion entre associations ? Aspects juridiques et fiscaux \u00bb<\/em>, Lille, nov. 2021<\/li>\r\n<li>FESTIVAL PHOTO LA GACILLY, <em>\u00ab Comment g\u00e9rer les relations entre son association et son fonds de dotation ? Aspects juridiques et fiscaux \u00bb<\/em>, La Gacilly, oct. 2021<\/li>\r\n<li>SYNDICAT PROFESSIONNEL DES PRODUCTEURS, FESTIVALS, ENSEMBLES, DIFFUSEURS IND\u00c9PENDANTS DE MUSIQUE (PROFEDIM), <em>\u00ab Fonctionnement optimis\u00e9 d&rsquo;une association dans le secteur musical : r\u00f4le des statuts dans la gouvernance, composition de l&rsquo;assembl\u00e9e g\u00e9n\u00e9rale et du conseil d&rsquo;administration, pr\u00e9sidence et direction artistique, activit\u00e9 phonographique\u00bb<\/em>, oct. 2021<\/li>\r\n<li>LIGUE DE L&rsquo;ENSEIGNEMENT, <em>\u00ab\u00a0Entre l&rsquo;\u00c9tat et march\u00e9, la place des associations \u00bb<\/em>, 4\u00e8me webinaire des Chantiers de l&rsquo;Education populaire, Paris, juin 2021<\/li>\r\n<li>ADMICAL, <em>\u00ab\u00a0M\u00e9c\u00e9nat de comp\u00e9tences : mode d&#8217;emploi &#8211; Tout conna\u00eetre du dispositif juridique et fiscal pour s\u00e9curiser vos pratiques \u00bb <\/em>Webinaire E-LAB Juridique et fiscal, mai 2021<\/li>\r\n<li>MAIRIE DE LYON,\u00a0 \u00ab<em> Subvention et conventionnement\u00a0 : enjeux juridiques li\u00e9s au partenariat associations &#8211; collectivit\u00e9s locales (initiative associative &#8211; utilit\u00e9 sociale)\u00a0<\/em> \u00bb, webinaire, janv. 2021<\/li>\r\n<li>D\u00c9PARTEMENT DU RH\u00d4NE, \u00ab<em> Associations : comment surmonter la crise actuelle ? Les aides Covid-19<\/em> \u00bb, webinaire, d\u00e9c. 2020<\/li>\r\n<li>LE RAMEAU, \u00ab<em> Comment relancer votre association en p\u00e9riode Covid-19 ? <\/em>\u00bb, webinaire, d\u00e9c. 2020<\/li>\r\n<li>TERRE D&rsquo;AVANCE, \u00ab<em> L&rsquo;entreprise associative : enjeux, m\u00e9thodes et gouvernance <\/em>\u00bb, webinaire, juin 2020<\/li>\r\n<li>TERRE D&rsquo;AVANCE, \u00ab<em> Associations, g\u00e9rer vos difficult\u00e9s financi\u00e8res (proc\u00e9dures collectives et cessation d&rsquo;activit\u00e9) <\/em>\u00bb, webinaire, juin 2020<\/li>\r\n<li>D\u00c9PARTEMENT DU RH\u00d4NE, \u00ab<em> Les dirigeants associatifs : statut, pouvoirs et responsabilit\u00e9s <\/em>\u00bb, Lyon, mars 2022<\/li>\r\n<li>LES CITES D&rsquo;OR, \u00ab<em> Entreprendre pour l&rsquo;utilit\u00e9 sociale : l&rsquo;entreprise socialement utile<\/em> \u00bb, Lyon, d\u00e9c. 2019<\/li>\r\n<li>LIGUE DE L&rsquo;ENSEIGNEMENT &#8211; FEDERATION DES \u0152UVRES LA\u00cfQUES, \u00ab<em> Fonds de dotation et secteur sportif <\/em>\u00bb, Paris, nov. 2019<\/li>\r\n<li>MAIRIE DE LYON, \u00ab<em> Approche \u00e9conomique et financi\u00e8re des associations <\/em>\u00bb, Lyon, nov. 2019<\/li>\r\n<li>D\u00c9PARTEMENT DU RH\u00d4NE, \u00ab<em> L&rsquo;optimisation du r\u00e9gime fiscal des associations et autres organismes sans but lucratif <\/em>\u00bb, Lyon, oct. 2019<\/li>\r\n<li>FORUM NATIONAL DES ASSOCIATIONS ET DES FONDATIONS, \u00ab<em> Utilit\u00e9 sociale : l&rsquo;avantage comp\u00e9titif des entreprises associatives <\/em>\u00bb, Paris, oct. 2019<\/li>\r\n<li>ISBL CONSULTANTS, \u00ab<em> Quels mod\u00e8les \u00e9conomiques pour les associations ? Aspects juridiques et fiscaux <\/em>\u00bb, Lyon, juin 2019<\/li>\r\n<li>ISBL CONSULTANTS, \u00ab <em>Cr\u00e9er et g\u00e9rer son fonds de dotation <\/em>\u00bb, Lyon, mai 2019<\/li>\r\n<li>D\u00c9PARTEMENT DU RH\u00d4NE : \u00ab\u00a0<em>Baisse des subventions\u00a0: vers un renouveau des partenariats et mod\u00e8les \u00e9conomiques associatifs<\/em>\u00bb, Lyon, 26 janv. 2019<\/li>\r\n<li>Matinale ISBL\u00a0: \u00ab\u00a0<em>Comment d\u00e9passer la motivation fiscale par le m\u00e9c\u00e9nat de comp\u00e9tences<\/em>\u00bb, Lyon, 29 nov. 2018<\/li>\r\n<li>ASSOCIATION FRAN\u00c7AISE DES FUNDRAISEURS, \u00ab\u00a0<em>M\u00e9c\u00e9nat\u00a0: \u00eatre dans les clous avec les contreparties <\/em>\u00bb, Paris, 27 nov. 2018<\/li>\r\n<li>\u00c9COLE DES AVOCATS DU BARREAU DE LYON (Formation continue), \u00ab\u00a0<em>Droit et fiscalit\u00e9 des associations et fondations<\/em>\u00bb, Lyon, nov. 2018<\/li>\r\n<li>FEDERATION NATIONALE DES MJC, \u00ab\u00a0<em>Comment optimiser ses financements priv\u00e9s<\/em> ? Cagnes-sur-Mer, nov. 2018<\/li>\r\n<li>MAIRIE D&rsquo;ISSY-LES-MOULINEAUX, \u00ab\u00a0<em>Collectivit\u00e9s territoriales\u00a0:<\/em> <em>cr\u00e9er et g\u00e9rer votre fonds de dotation\u00a0<\/em>\u00bb, oct. 2018<\/li>\r\n<li>FORUM NATIONAL DES ASSOCIATIONS ET DES FONDATIONS, \u00ab <em>Faites bouger vos OSBL pour mieux conjuguer int\u00e9r\u00eat g\u00e9n\u00e9ral et dynamique entrepreneuriale\u00a0! <\/em>\u00bb, Paris, oct. 2018<\/li>\r\n<li>GROUPE NEXEM, \u00ab<em>Comment mener \u00e0 bien un projet de fusion entre associations (aspects juridiques et fiscaux) ? <\/em>\u00bb<em>,<\/em> Paris, juill. 2018<\/li>\r\n<li>LES RENCONTRES DE LA FEDERATION DES LIEUX DE MUSIQUE ACTUELLE (FEDELIMA) : \u00abActeurs culturels : <em>Comment optimiser ses relations avec les financeurs publics ?<\/em>\u00bb<em>,<\/em> Angoul\u00eame, juill. 2018<\/li>\r\n<li>PRINTEMPS DE BOURGES (SYNDICAT DES MUSIQUES ACTUELLES), \u00ab<em>Je t&rsquo;aime moi non plus ? Ou comment \u00e9tablir un contrat de confiance entre collectivit\u00e9s territoriales et acteurs culturels<\/em>\u00bb, Bourges, avril 2018<\/li>\r\n<li>MJC ST RAMBERT &#8211; CENTRE SOCIAL LYON 9\u00e8me, \u00ab<em>Comment mener \u00e0 bien votre projet de fusion\u00a0entre associations ?<\/em>\u00bb, Lyon, mars 2018<\/li>\r\n<li>RENCONTRES INTERNATIONALES DE LA PHOTOGRAPHIE D&rsquo;ARLES, \u00ab<em>Association: comment g\u00e9rer votre fonds de dotation ?<\/em>\u00bb<em>,<\/em> Arles, mars 2018<\/li>\r\n<li>M\u00c9TROPOLE DE LYON, \u00ab<em>Les diff\u00e9rents modes de rapprochement des associations : partenariat, mutualisation de moyens, fusion, scission et apport partiel d&rsquo;actif (aspects juridiques et fiscaux)<\/em>\u00bb<em>,<\/em> Lyon, f\u00e9vr. 2018<\/li>\r\n<li>FORUM R\u00c9GIONAL ENTREPRENDRE DANS LA CULTURE (La Nacre), \u00ab<em>Financements priv\u00e9s : quel cadre l\u00e9gal ?<\/em>\u00bb, Lyon, nov. 2017<\/li>\r\n<li>ASSOCIATION FRAN\u00c7AISE DES FUNDRAISERS, \u00ab<em>Le m\u00e9c\u00e9nat : une mise en relation singuli\u00e8re des parties prenantes&#8230; (Quelles questions se poser ?)<\/em>\u00bb, Lyon, nov. 2017<\/li>\r\n<li>FORUM NATIONAL DES ASSOCIATIONS ET DES FONDATIONS, \u00ab<em>Guide des bonnes pratiques : une opportunit\u00e9 \u00e0 concr\u00e9tiser<\/em>\u00bb, Paris, oct. 2017<\/li>\r\n<li>CRESS BOURGOGNE &#8211; FRANCHE COMTE, \u00ab<em>La fusion entre associations<\/em>\u00bb, Dijon, juin 2017<\/li>\r\n<li>BARREAU DE LYON, Commission droit des associations et des fondations, \u00ab<em>Optimisez votre association \u00e0 l&rsquo;\u00e8re du num\u00e9rique (site internet, vote \u00e9lectronique, p\u00e9titions en ligne, crowdfunding&#8230;)<\/em>\u00bb (Petit-d\u00e9jeuner d\u00e9bat), Lyon, mars 2017<\/li>\r\n<li>UNION DES INDUSTRIES ET M\u00c9TIERS DE LA M\u00c9TALLURGIES (UIMM), \u00ab<em>Le rapprochement entre associations : coop\u00e9ration contractuelle et institutionnelle, mutualisation de moyens, fusion entre associations<\/em>\u00bb, Paris, d\u00e9c. 2016<\/li>\r\n<li>CRESS BOURGOGNE &#8211; FRANCHE COMTE, \u00ab<em>La fus<\/em><em>ion entre associations<\/em>\u00bb, Dijon, d\u00e9c. 2016<\/li>\r\n<li>FORUM NATIONAL DES ASSOCIATIONS ET DES FONDATIONS, \u00ab<em>Rapprochement des associations : une opportunit\u00e9 pour repenser son mod\u00e8le \u00e9conomique<\/em>\u00bb, Paris, oct. 2016<\/li>\r\n<li>UNIOPSS \u00ceLE-DE-FRANCE, \u00ab<em>M\u00e9c\u00e9nat et fonds de dotation<\/em>\u00bb, Rentr\u00e9e sociale, Paris, oct. 2016<\/li>\r\n<li>R\u00c9SEAU \u00c9DUCATION A l&rsquo;ENVIRONNEMENT ET AU D\u00c9VELOPPEMENT DURABLE, \u00ab<em>Int\u00e9r\u00eat g\u00e9n\u00e9ral, utilit\u00e9 sociale et biens communs : quels enjeux, quels apports<\/em>\u00bb ? 4\u00e8me assise, Paris, oct. 2016<\/li>\r\n<li>BARREAU DE LYON, Commission droit des associations, \u00ab<em>ESS : une nouvelle g\u00e9n\u00e9ration d&rsquo;entrepreneurs<\/em>\u00bb , Lyon, sept. 2016<\/li>\r\n<li>BARREAU DE LYON, Commission droit du sport, \u00ab<em>Optimisez votre structure sportive sur le plan financier et fiscal<\/em>\u00bb (Atelier), Stade des Lumi\u00e8res, Lyon, sept. 2016<\/li>\r\n<li>URIOPSS Ile-De-France, \u00ab<em>Fonds de dotation : apr\u00e8s la loi ESS, quels enjeux et opportunit\u00e9s ?<\/em> \u00bb, Paris, mai 2016<\/li>\r\n<li>ALDESS \u00ab<em>Fiscalit\u00e9 et m\u00e9c\u00e9nat associatif<\/em>\u00bb, Poligny, avril 2016<\/li>\r\n<li>FEDERATION DES \u0152UVRES LA\u00cfQUES \u00a7 FEDERATION DES CENTRES SOCIAUX \u00ab <em>Gouvernance et d\u00e9mocratie dans les associations<\/em>\u00bb, Nevers, d\u00e9c. 2015<\/li>\r\n<li>ISBL CONSULTANTS \u00ab <em>Cr\u00e9er et g\u00e9rer son fonds de dotation <\/em>\u00bb, Lyon, d\u00e9c. 2015<\/li>\r\n<li>COMITE R\u00c9GIONAL OLYMPIQUE\u00a0 du LIMOUSIN\u00ab\u00a0<em>La r\u00e9forme territoriale appliqu\u00e9e au monde sportif\u00a0(fusion et regroupement des Comit\u00e9s et Ligues sportives)<\/em>\u00bb, Limoges, nov. 2015<\/li>\r\n<li>FEDERATION DES MAISONS FAMILIALES ET RURALES,\u00a0 \u00ab<em>Optimisez votre gouvernance associative : pouvoirs &amp; responsabilit\u00e9s des dirigeants associatifs<\/em>\u00bb, Moirans, nov. 2015<\/li>\r\n<li>COMITE R\u00c9GIONAL OLYMPIQUE ET SPORTIF PROVENCE-ALPES \u00ab\u00a0<em>La r\u00e9forme territoriale appliqu\u00e9e au monde sportif\u00a0(fusion et regroupement des ligues)<\/em>\u00a0\u00bb, Cabri\u00e8s, nov. 2015<\/li>\r\n<li>ESIAT SOCI\u00c9T\u00c9 G\u00c9N\u00c9RALE, \u00ab\u00a0<em>Associations\u00a0:<\/em> <em>Comment optimiser votre r\u00e9gime fiscal et mettre en place une politique de m\u00e9c\u00e9nat\u00a0? <\/em>\u00bb, Avignon, nov. 2015<\/li>\r\n<li>ISBL CONSULTANTS, \u00ab<em>Restructuration des associations et des fondations : fusion, scission, apport partiel d&rsquo;actif<\/em>\u00bb, Lyon, nov. 2015<\/li>\r\n<li>BARREAU DE LYON, \u00ab<em>Ateliers droit du sport : Comment optimiser le financement et la fiscalit\u00e9 de votre association sportive ?<\/em>\u00bb, Lyon, juin 2015<\/li>\r\n<li>R\u00c9SEAU ANACT-ARACT, \u00ab <em>Op\u00e9rations de fusion dans le cadre de la nouvelle carte de r\u00e9gionalisation<\/em>\u00bb, Lyon, 02 juin 2015<\/li>\r\n<li>BARREAU DE LYON, \u00ab<em>Loi ESS : Le nouveau r\u00e9gime des fusions des associations et des fondations<\/em>\u00bb, Lyon, 04 d\u00e9c. 2014<\/li>\r\n<li>IFFRES, \u00ab<em>Quelle approche du m\u00e9c\u00e9nat<\/em> ?\u00bb, Paris, 15 octobre 2014<\/li>\r\n<li>AFIP-AEIM, \u00ab<em>Cr\u00e9er et g\u00e9rer un fonds de dotation<\/em>\u00bb, Grenoble, 06 octobre 2014<\/li>\r\n<li>BARREAU DE LYON, \u00ab<em>Loi d&rsquo;\u00c9conomie sociale et solidaire : nouvel \u00e9lan pour le monde associatif<\/em> ?\u00bb, Sainte-Foy-l\u00e8s-Lyon, 04 juillet 2014<\/li>\r\n<li>ADDES &#8211; FONDATION CR\u00c9DIT COOP\u00c9RATIF, \u00ab<em>Le projet de loi relatif \u00e0 l&rsquo;\u00c9conomie sociale et solidaire, enjeux et perspectives<\/em>\u00bb, Paris, 17 juin 2014<\/li>\r\n<li>SCIENCE-PO GRENOBLE &#8211; CNRS, \u00ab<em>P\u00f4les\u00a0 territoriaux de coop\u00e9ration \u00e9conomique<\/em><em>\u00bb<\/em>, Lyon, avril 2014<\/li>\r\n<li>UNIVERSIT\u00c9 DE BRETAGNE, \u00ab<em>Journ\u00e9e d&rsquo;\u00e9tudes sur les fondations et fonds de dotation<\/em><em>\u00bb<\/em>, Brest, 14 novembre 2014<\/li>\r\n<li>UNIVERSIT\u00c9 JEAN MOULIN LYON III, \u00ab<em>Associations : une autre fa\u00e7on d&rsquo;entreprendre<\/em><em>\u00bb<\/em>, Lyon, septembre 2013<\/li>\r\n<li>SOS H\u00c9PATITES, \u00ab<em>La restructuration des r\u00e9seaux associatifs<\/em><em>\u00bb<\/em>, S\u00e8te, avril 2013<\/li>\r\n<li>P\u00d4LE EMPLOI (spectacle) RH\u00d4NE, \u00ab<em>Le m\u00e9c\u00e9nat culturel\u00bb<\/em>, Lyon, avril 2013<\/li>\r\n<li>CENTRE ASSOCIATIF BORIS VIAN, \u00ab<em>La responsabilit\u00e9 civile, p\u00e9nale et financi\u00e8re dans les associations\u00bb<\/em>, V\u00e9nissieux, mars 2013<\/li>\r\n<li>UNION R\u00c9GIONALE DES MISSIONS LOCALES RH\u00d4NE-ALPES, \u00ab<em>Le fonctionnement juridique et fiscal des missions locales\u00bb<\/em>, Lyon, mars 2013<\/li>\r\n<li>CABINET D&rsquo;EXPERTISE COMPTABLE , \u00ab<em>Cr\u00e9er et g\u00e9rer son fonds de dotation\u00bb<\/em>, Lyon, d\u00e9cembre 2012<\/li>\r\n<li>FNARS RH\u00d4NE-ALPES, \u00ab<em>Responsabilit\u00e9 civile et p\u00e9nale des dirigeants d&rsquo;\u00e9tablissements sociaux et m\u00e9dico-sociaux\u00bb<\/em>, Grenoble, novembre 2012<\/li>\r\n<li>R\u00c9GION RH\u00d4NE-ALPES, \u00ab<em>Journ\u00e9e de r\u00e9flexions sur les Chartes d&rsquo;\u00e9galit\u00e9 Femmes-Hommes en France et en Europe<\/em><em>\u00bb<\/em>, Lyon, novembre 2012<\/li>\r\n<li>BARREAU DE LYON, \u00ab<em>Gouvernance associative, une d\u00e9mocratie encadr\u00e9e ? \u00bb<\/em>, Lyon, octobre 2012<\/li>\r\n<li>OUEST LYONNAIS BASKET-BALL, \u00ab<em>Optimisation fiscale, le m\u00e9c\u00e9nat et sponsoring sportif\u00bb<\/em>, Lyon, octobre 2012<\/li>\r\n<li>F\u00c9D\u00c9RATION PEUPLE ET CULTURE, \u00ab<em>A la recherche de l&rsquo;int\u00e9r\u00eat g\u00e9n\u00e9ral\u00bb<\/em>, S\u00e8te, ao\u00fbt 2012<\/li>\r\n<li>BARREAU DE LYON (Commission Droit du sport), \u00ab<em>Sports &amp; finances<\/em><em>\u00bb<\/em>, Lyon, juin 2012<\/li>\r\n<li>UNION R\u00c9GIONALE DES MISSIONS LOCALES RH\u00d4NE-ALPES, \u00ab<em>Optimisation juridique et fiscale des missions locales<\/em><em>\u00bb<\/em>, Lyon, juin 2012<\/li>\r\n<li>COMIT\u00c9 R\u00c9GIONAL OLYMPIQUE ET SPORTIF RH\u00d4NE-ALPES, \u00ab<em>Le m\u00e9c\u00e9nat sportif<\/em><em>\u00bb<\/em>, Lyon, juin 2012<\/li>\r\n<li>ISBL CONSULTANTS, \u00ab<em>Associations : sectoriser ou filialiser vos activit\u00e9s lucratives<\/em><em>\u00bb<\/em>, Lyon, juin 2012<\/li>\r\n<li>P\u00d4LE EMPLOI, \u00ab<em>Le m\u00e9c\u00e9nat culturel<\/em><em>\u00bb<\/em>, Lyon, mai 2<em>012<\/em><\/li>\r\n<li>CPCA RH\u00d4NE-ALPES &#8211; UNIVERSIT\u00c9 JEAN MOULIN LYON III, \u00ab<em>\u00c9lections pr\u00e9sidentielles et l\u00e9gislatives : quelle prise en compte de la vie associative ?<\/em><em>\u00bb<\/em>, Lyon, mars 2012<\/li>\r\n<li>XIV\u00e8me Colloque de l&rsquo;ADDES (Fondation Cr\u00e9dit Coop\u00e9ratif), \u00ab<em>La course \u00e0 la taille dans l&rsquo;\u00e9conomie sociale est-elle in\u00e9luctable ?<\/em><em>\u00bb<\/em>, Paris, janvier 2012<\/li>\r\n<li>F\u00c9D\u00c9RATION DES CENTRES SOCIAUX DE LA NI\u00c8VRE, \u00ab<em>La circulaire du 18 janvier 2010 : quelles cons\u00e9quences pour les associations ?<\/em><em>\u00bb<\/em>, d\u00e9cembre 2011<\/li>\r\n<li>DISPOSITIF LOCAL D&rsquo;ACCOMPAGNEMENT DE LA NI\u00c8VRE, \u00ab<em>Aspects juridiques et fiscaux li\u00e9s \u00e0 la cr\u00e9ation et \u00e0 la gestion des associations \u00bb, <\/em>d\u00e9cembre 2011<\/li>\r\n<li>BARREAU DE LYON (Petit-D\u00e9jeuner d\u00e9bat), \u00ab<em>Coop\u00e9ration et regroupement des associations : Les clefs du succ\u00e8s \u00bb, <\/em>d\u00e9cembre 2011<\/li>\r\n<li>UNIVERSIT\u00c9 LYON III, \u00ab<em>Entreprendre par l&rsquo;associatif \u00bb, <\/em>novembre 2011<\/li>\r\n<li>\u00c9COLE DE MANAGEMENT DE LYON, \u00ab<em>Management des associations : aspects juridiques et fiscaux\u00bb, <\/em>octobre 2011<\/li>\r\n<li>MAIRIE DE FORT-DE-FRANCE, \u00ab<em>Cr\u00e9er et g\u00e9rer une fondation reconnue d&rsquo;utilit\u00e9 publique\u00bb, <\/em>octobre 2011<\/li>\r\n<li>SIDA INFO SERVICE,\u00a0 \u00ab<em>La relation b\u00e9n\u00e9voles &#8211; salari\u00e9s : comment optimiser la gouvernance associative ?\u00bb, <\/em>septembre 2011<\/li>\r\n<li>IDEA Master Droit des affaires et fiscalit\u00e9 (Formation continue), \u00ab<em>M\u00e9c\u00e9nat et fondations\u00bb, <\/em>juin 2011<\/li>\r\n<li>DU Cr\u00e9er et g\u00e9rer son association (Universit\u00e9 Lyon III), \u00ab<em>Optimiser le r\u00e9gime fiscal de son association\u00bb, <\/em>mai 2011<\/li>\r\n<li>COMIT\u00c9 R\u00c9GIONAL OLYMPIQUE ET SPORTIF RH\u00d4NE-ALPES, \u00ab<em>Quels modes de financement pour les \u00e9quipements sportifs ?\u00bb,<\/em> mai 2011<\/li>\r\n<li>ASSOCIATION DES JEUNESSES AUXERROISES (AJA) \u00ab<em>Quelles \u00e9volutions pour le secteur associatif ?\u00bb<\/em>, mai 2011<\/li>\r\n<li>CONSEIL R\u00c9GIONAL RH\u00d4NE-ALPES, Forum r\u00e9gional des associations, \u00ab<em>Quelles \u00e9volutions pour le secteur associatif ?\u00bb<\/em>, mai 2011<\/li>\r\n<li>CONSEIL R\u00c9GIONAL RH\u00d4NE-ALPES, \u00ab<em>Ateliers Citoyens Vie associative Associations : Les difficult\u00e9s auxquelles les associations ont \u00e0 faire face en mati\u00e8re de financement<\/em>\u00bb, mars 2011<\/li>\r\n<li>ISBL <em>CONSULTANTS<\/em>, \u00ab<em>Restructuration et rapprochement des associations : aspects juridiques et fiscaux<\/em>\u00bb, Lyon, d\u00e9cembre 2010<\/li>\r\n<li>CONSEIL G\u00c9N\u00c9RAL DES DEUX-S\u00c8VRES (Direction de la Coh\u00e9sion sociale), en partenariat avec la MAIF, les \u00c9DITIONS WOLTERS-KLUWER LAMY ASSOCIATIONS, \u00ab<em>Financer son projet associatif : les nouvelles r\u00e8gles du jeu<\/em>\u00bb, Niort, d\u00e9cembre 2010<\/li>\r\n<li>CENTRE ASSOCIATIF BORIS VIAN, \u00ab<em>Responsabilit\u00e9 de l&rsquo;association et de ses dirigeants<\/em>\u00bb, Villeurbanne, novembre 2010<\/li>\r\n<li>CONSEIL R\u00c9GIONAL POITOU-CHARENTES, \u00ab<em>L&rsquo;\u00c9conomie sociale et solidaire \u00e0 l&rsquo;\u00e9chelon europ\u00e9en<\/em>\u00bb, Poitiers, novembre 2010<\/li>\r\n<li>FORUM NATIONAL DES ASSOCIATIONS, \u00ab<em>Restructurations d&rsquo;associations : quels enjeux ? <\/em>\u00bb, Paris, octobre 2010<\/li>\r\n<li>PR\u00c9FECTURE DU LOT, \u00ab<em>Responsabilit\u00e9 civile et p\u00e9nale des b\u00e9n\u00e9voles et dirigeants associatifs <\/em>\u00bb, Cahors, octobre 2010<\/li>\r\n<li>FONDATION DU PATRIMOINE, 7es Assises Nationales du Patrimoine B\u00e2ti et D\u00e9veloppement Local, \u00ab<em>Quels m\u00e9c\u00e9nats pour le patrimoine ?<\/em>\u00bb, Amiens, octobre 2010<\/li>\r\n<li>R\u00c9SEAU SAVARA, \u00ab<em>La fiscalit\u00e9 des associations : comment optimiser ?<\/em>\u00bb, Grenoble (Maison du CDOS de l&rsquo;Is\u00e8re), octobre 2010<\/li>\r\n<li>MAIRIE DE MARSEILLE, \u00ab<em>La responsabilit\u00e9 civile et p\u00e9nales des \u00e9lus dans le cadre des partenariats associatifs<\/em>\u00bb<em>, <\/em>Marseille, septembre 2010<\/li>\r\n<li>BARREAU DE LYON, \u00ab<em>Associations : quelles strat\u00e9gies face aux crises ?<\/em>\u00bb (Atelier regroupement et restructuration des associations), Lyon, septembre 2010<\/li>\r\n<li>ISBL CONSULTANTS, \u00ab <em>Cr\u00e9er et g\u00e9rer un fonds de dotation<\/em> \u00bb, Paris, avril 2010<\/li>\r\n<li>CPCA Midi Pyr\u00e9n\u00e9es<em>, \u00ab RGPP et r\u00e9forme territoriale : quelles cons\u00e9quences pour le secteur associatif \u00bb, <\/em>Toulouse, mars 2010<\/li>\r\n<li>PR\u00c9FECTURE DU LOT, \u00ab <em>M\u00e9c\u00e9nat et fonds de dotation<\/em> \u00bb, Cahors, f\u00e9vrier 2010<\/li>\r\n<li>UFOLEP, \u00ab <em>Le m\u00e9c\u00e9nat sportif et culturel, Tarare<\/em> \u00bb, janvier 2010<\/li>\r\n<li>CENTRE ASSOCIATIF BORIS VIAN, \u00ab<em> La responsabilit\u00e9 civile et p\u00e9nale des associations et des <\/em><em>dirigeants <\/em>\u00bb, Villeurbanne, janvier 2010<\/li>\r\n<li>CENTRE FRAN\u00c7AIS DES FONDATIONS (Fondation de France), \u00ab <em>Int\u00e9r\u00eat g\u00e9n\u00e9ral, utilit\u00e9 publique ou utilit\u00e9 sociale : quel mode de reconnaissance pour le secteur associatif ?<\/em> \u00bb, Annecy, novembre 2009<\/li>\r\n<li>PR\u00c9FECTURE DU LOT, \u00ab <em>L&rsquo;organisation d&rsquo;une manifestation par les associations (aspects juridiques et fiscaux) <\/em>\u00bb, Cahors, octobre 2009<\/li>\r\n<li>COMIT\u00c9 R\u00c9GIONAL OLYMPIQUE RH\u00d4NE &#8211; ALPES, \u00ab <em>Le m\u00e9c\u00e9nat sportif<\/em> \u00bb, Lyon, Parc de Gerland, octobre 2009<\/li>\r\n<li>CLCG \u00ab <em>R\u00f4le d&rsquo;une charte \u00e9thique dans le r\u00e9seaux des associations de gestion et de comptabilit\u00e9 CLCG<\/em> \u00bb, Paris, septembre 2009<\/li>\r\n<li>ASARTIS D\u00c9VELOPPEMENT, \u00ab<em> Cr\u00e9er et g\u00e9rer un fonds de dotation<\/em> \u00bb, Angers, juin 2009<\/li>\r\n<li>EFE Entreprises, \u00ab <em>Bien g\u00e9rer son association (aspect juridique et fiscal) \u00bb<\/em>, Paris, mars 2009<\/li>\r\n<li>ADDES &#8211; Fondation Cr\u00e9dit Coop\u00e9ratif, \u00ab <em>Utilit\u00e9 publique, int\u00e9r\u00eat g\u00e9n\u00e9ral et utilit\u00e9 sociale : quel mode de reconnaissance pour les associations \u00bb<\/em>, Paris, mars 2009<\/li>\r\n<li>PR\u00c9FECTURE DU LOT, \u00ab <em>Les conflits dans les associations \u00bb<\/em>, Cahors, mars 2009<\/li>\r\n<li>CENTRE ASSOCIATIF BORIS VIAN, \u00ab <em>La responsabilit\u00e9 des associations et leurs dirigeants \u00bb<\/em>, Lyon, f\u00e9vrier 2009<\/li>\r\n<li>UNIVERSIT\u00c9 Jean Moulin LYON III, \u00ab <em>La responsabilit\u00e9 fiscale et p\u00e9nale du chef d&rsquo;entreprise<\/em> \u00bb, Lyon, colloque, 31 octobre 2008<\/li>\r\n<li>SALON SLTT \/ R\u00c9GION RH\u00d4NE-ALPES, \u00ab <em>Le m\u00e9c\u00e9nat sportif \u00bb<\/em>, Lyon, octobre 2008<\/li>\r\n<li>CLCG, \u00ab <em>Pr\u00e9sidents et Directeurs des Centres de gestion agr\u00e9\u00e9s <\/em>\u00bb, Paris, septembre 2008<\/li>\r\n<li>Communaut\u00e9 Urbaine de Bordeaux, \u00ab <em>Le financement public des associations \u00bb<\/em>, Bordeaux, septembre 2008<\/li>\r\n<li>CONF\u00c9RENCE PERMANENTE DES COORDINATIONS ASSOCIATIVES, \u00ab <em>Les associations s&rsquo;engagent dans les \u00e9lections municipales \u00bb<\/em>, Paris, janvier 2008<\/li>\r\n<li>ORDRE DES AVOCATS BARREAU DE LYON, \u00ab<em> L&rsquo;association est-elle une entreprise comme une autre ?<\/em> \u00bb, Barreau de Lyon &#8211; Universit\u00e9 Lyon III, 2007<\/li>\r\n<li>SALON FONDATION M\u00c9C\u00c9NAT \u00ab<em> Le r\u00e9gime juridique et fiscal des fondations <\/em>\u00bb, Versailles 2006<\/li>\r\n<li>UNIVERSIT\u00c9 LYON III &#8211; Master Pro Fiscalit\u00e9 des entreprises \u00ab <em>Fiscalit\u00e9 des organismes sans but lucratif <\/em>\u00bb (2005)<\/li>\r\n<li>D.R.J.S. LIMOGES, \u00ab <em>Budget des associations : aspects juridiques, fiscaux et comptables<\/em> \u00bb (2005)<\/li>\r\n<li>XIXE COLLOQUE ADDES &#8211; Fondation Cr\u00e9dit coop\u00e9ratif \u00ab <em>Associations et entreprises : des rapports complexes et ambigu\u00ebs <\/em>\u00bb (Maison de la Chimie et des sc. de l&rsquo;Homme), Paris, 2005<\/li>\r\n<li>ESC TROYES\u00a0 Ing\u00e9nierie et Management du Sport \u00ab <em>Structures sportives : r\u00e9gime juridique et fiscal <\/em>\u00bb (2002-2007)<\/li>\r\n<li>R\u00c9SEAU SARA, \u00ab <em>Ressources des associations : r\u00e9gime juridique et fiscal<\/em>\u00bb, Strasbourg (2004)<\/li>\r\n<li>FORUM DLA \u00ab <em>Financement des activit\u00e9s associatives<\/em> \u00bb (Ch\u00e2teauroux, 2004)<\/li>\r\n<li>I.N.J.E.P. MINIST\u00c8RE DE LA JEUNESSE ET DES SPORTS \u00ab <em>R\u00e9gime juridique et fiscal des associations \u00bb <\/em>(Marly le roi, 2003-2004-2007)<\/li>\r\n<li>ESPACE ASSOCIATIF CONSEIL G\u00c9N\u00c9RAL RH\u00d4NE-ALPES (Permanences 2001-2003)<\/li>\r\n<li>SCIENCES PO. GRENOBLE \u00ab <em>associations parapubliques : comment r\u00e9gulariser une situation de gestion de fait ?<\/em> \u00bb (2002)<\/li>\r\n<li>CONSEIL G\u00c9N\u00c9RAL DU RH\u00d4NE \u00ab <em>Les organes coll\u00e9giaux d&rsquo;administration de l&rsquo;association<\/em> \u00bb (2002)<\/li>\r\n<li>COLLOQUE E.S.C. TROYES \u00ab <em>La professionnalisation des associations sportives<\/em> \u00bb (2002)<\/li>\r\n<li>FORUM NATIONAL DES ASSOCIATIONS \u00ab <em>Responsabilit\u00e9s des associations<\/em> \u00bb (Palais des Congr\u00e8s, Paris, 2002)<\/li>\r\n<li>F\u00c9D\u00c9RATION DES CENTRES SOCIAUX \u00ab <em>Responsabilit\u00e9 civile et p\u00e9nale des dirigeants associatifs<\/em> \u00bb (Lyon, 2002)<\/li>\r\n<li>XIVE COLLOQUE ADDES &#8211; Fondation Cr\u00e9dit coop\u00e9ratif \u00ab <em>Cent ans de pratique associative : un point de vue juridique <\/em>\u00bb (Maison de la Chimie et des sc. de l&rsquo;Homme), Paris, 2001<\/li>\r\n<\/ul>\r\n<h2><strong>MONOGRAPHIES \/ DOSSIERS SCIENTIFIQUES\u00a0<\/strong><\/h2>\r\n<hr \/>\r\n<ul>\r\n<li><em><em>La reconnaissance l\u00e9gale de l\u2019\u00e9conomie sociale et solidaire : O\u00f9 en est-on dix ans apr\u00e8s la loi n\u00b02014-856 du 31 juillet 2014 ? <\/em><\/em>Ouvrage collectif l&rsquo;ARJESS, Dirig\u00e9 par Marie Rakotovahiny, <em>L&rsquo;Harmattan, nov. 2025<\/em><\/li>\r\n<li><em>Utilit\u00e9 sociale et territoire : zones d&rsquo;influence,<\/em> dossier collectif en collaboration avec l&rsquo;Institut ISBL, \u00e9d. Juris-associations Dalloz, 15 sept. 2025, 17 p.<\/li>\r\n<li><em>Association et d\u00e9mocratie : un \u00e9quilibre d\u00e9licat<\/em>, dossier Th\u00e9ma Institut ISBL, 28 mai 2025<\/li>\r\n<li><em>Cr\u00e9er un fonds de dotation : une opportunit\u00e9 strat\u00e9gique pour les collectivit\u00e9s territoriales<\/em>, dossier Th\u00e9ma Institut ISBL, 28 avril 2025<\/li>\r\n<li><em>M\u00e9c\u00e9nat : qui ne risque rien&#8230;<\/em> dossier collectif en collaboration avec l&rsquo;Institut ISBL, \u00e9d. Juris-associations Dalloz, 15 sept. 2024, 19 pages<\/li>\r\n<li><em>Fonds de dotation : un outil au service de l&rsquo;int\u00e9r\u00eat g\u00e9n\u00e9ral,<\/em> \u00e9d. Juris-associations Dalloz &#8211; Collec. Hors S\u00e9rie, mars 2024, monographie (1\u00e8me \u00e9d.), 158 pages<\/li>\r\n<li><em>Impact social vs\/ Utilit\u00e9 sociale: une question de valeur !<\/em> dossier collectif avec l&rsquo;Institut ISBL, \u00e9d. Juris-associations Dalloz, 15 janv. 2024, 40 pages<\/li>\r\n<li><em>Organismes sans but lucratif et<\/em> c<em>ryptomonnaies : code d&rsquo;acc\u00e8s,<\/em> dossier collectif\u00a0 avec l&rsquo;Institut ISBL, \u00e9d. Juris-associations Dalloz, n\u00b0670, 15 d\u00e9c. 2022, 40 pages<\/li>\r\n<li><em>Projet associatif : le financement dans tous ses \u00e9tats, <\/em>ouvrage collectif sous la direction du Professeur Jean-Fran\u00e7ois Hamelin, \u00e9d. Juris-associations Dalloz &#8211; Collec. Hors S\u00e9rie, janv. 2021, monographie (1\u00e8re \u00e9d.), 192 pages<em><br \/><\/em><\/li>\r\n<li><em>La gouvernance des entreprises associatives : administration et fonctionnement <\/em>(Pr\u00e9face Karim Mahmoud Vintam), \u00e9d. Juris-associations Dalloz &#8211; Collec. Hors S\u00e9rie, ao\u00fbt 2019, monographie (1\u00e8me \u00e9d.), 270 pages<\/li>\r\n<li><em>Fonds de dotation : une r\u00e9volution dans le monde des ISBL<\/em>, collect. Lamy Axe Droit, d\u00e9c. 2015, monographie, 2\u00e8me \u00e9d., 227 pages<\/li>\r\n<li><em>L&rsquo;entreprise associative : guide juridique des activit\u00e9s \u00e9conomiques et commerciales des associations<\/em>, (<em>Pr\u00e9face Hugues Sibille<\/em>), Cadre territorial, nov. 2006<\/li>\r\n<li><em>Des aspects juridiques li\u00e9s \u00e0 l&rsquo;organisation d&rsquo;une manifestation sportive<\/em>, Ouvrage collectif, Presse Universit\u00e9 du sport, octobre 2005<\/li>\r\n<li><em>Association et activit\u00e9 \u00e9conomique : contribution \u00e0 la th\u00e9orie du Tiers-secteur<\/em>, Th\u00e8se de droit, Univ. Versailles &#8211; Saint Quentin en Yvelines, juin 1998<\/li>\r\n<\/ul>\r\n<h2><strong>\u00c9TUDES \/ FICHES JURIDIQUES LAMY ASSOCIATIONS<\/strong><\/h2>\r\n<hr \/>\r\n<ul>\r\n<li>Lamy associations \u00ab\u00a0<em>Constitution<\/em>\u00a0\u00bb (\u00c9tude 100)<\/li>\r\n<li>Lamy associations \u00ab\u00a0<em>Statuts<\/em>\u00a0\u00bb (\u00c9tude 105)<\/li>\r\n<li>Lamy associations \u00ab\u00a0<em>Contrat d&rsquo;association &#8211; Formation<\/em>\u00a0\u00bb (\u00c9tude 108)<\/li>\r\n<li>Lamy associations \u00ab\u00a0<em>D\u00e9nomination &#8211; Sigle<\/em>\u00a0\u00bb (\u00c9tude 120)<\/li>\r\n<li>Lamy associations \u00ab\u00a0<em>Constitution &#8211; Si\u00e8ge &#8211; \u00c9tablissement secondaire<\/em>\u00a0\u00bb (\u00c9tude 123)<\/li>\r\n<li>Lamy associations \u00ab\u00a0<em>Constitution &#8211; Libert\u00e9 publique &#8211; Capacit\u00e9 juridique<\/em> <em>&#8211; D\u00e9claration<\/em>\u00a0\u00bb (\u00c9tude 126)<\/li>\r\n<li>Lamy associations \u00ab\u00a0<em>Organe coll\u00e9gial de direction<\/em>\u00a0\u00bb (\u00c9tude 200)<\/li>\r\n<li>Lamy associations \u00ab\u00a0Membres &#8211; <em>Adh\u00e9sion et d\u00e9mission<\/em>\u00a0\u00bb (\u00c9tude 210)<\/li>\r\n<li>Lamy associations \u00ab\u00a0<em>Administration provisoire<\/em>\u00a0\u00bb (\u00c9tude 211)<\/li>\r\n<li>Lamy associations \u00ab\u00a0<em>Fonctionnement des assembl\u00e9es g\u00e9n\u00e9rales<\/em>\u00a0\u00bb (\u00c9tudes 212, 213 et 214)<\/li>\r\n<li>Lamy associations \u00ab\u00a0<em>Immeubles<\/em>\u00a0\u00bb (\u00c9tude 215)<\/li>\r\n<li>Lamy associations \u00ab\u00a0<em>Proc\u00e8s-verbaux et registres des d\u00e9lib\u00e9rations<\/em>\u00a0\u00bb (\u00c9tude <em>218)<\/em><\/li>\r\n<li>Lamy associations \u00ab\u00a0<em>Qualit\u00e9 de membre &#8211; acquisition<\/em>\u00a0\u00bb (\u00c9tude 220)<\/li>\r\n<li>Lamy associations \u00ab\u00a0<em>Qualit\u00e9 de membres &#8211; perte<\/em>\u00a0\u00bb (\u00c9tude 222)<\/li>\r\n<li>Lamy associations \u00ab\u00a0<em>Pouvoir disciplinaire<\/em>\u00a0\u00bb (\u00c9tude 224)<\/li>\r\n<li>Lamy associations\u00a0\u00ab\u00a0<em>Activit\u00e9s \u00e9conomiques et commerciales des associations<\/em>\u00a0\u00bb (\u00c9tude 246)<\/li>\r\n<li>Lamy associations \u00ab\u00a0<em>M\u00e9c\u00e9nat et parrainage<\/em>\u00a0\u00bb (\u00c9tude 265)<\/li>\r\n<li>Lamy associations\u00a0\u00a0\u00bb <em>Dissolution et liquidation<\/em>\u00a0\u00bb (\u00c9tude 300)<\/li>\r\n<li>Lamy associations \u00ab\u00a0<em>Dissolution volontaire<\/em>\u00a0\u00bb (\u00c9tude 305)<\/li>\r\n<li>Lamy associations \u00ab\u00a0<em>Dissolution judiciaire<\/em>\u00a0\u00bb (\u00c9tude 308)<\/li>\r\n<li>Lamy association \u00ab\u00a0<em>Dissolution administrative<\/em>\u00a0\u00bb (\u00c9tude 311)<\/li>\r\n<li>Lamy associations \u00ab\u00a0<em>D\u00e9volution des biens<\/em>\u00a0\u00bb (\u00c9tude 314)<\/li>\r\n<li>Lamy associations \u00ab\u00a0<em>Publicit\u00e9 de la dissolution<\/em>\u00a0\u00bb (\u00c9tude 317)<\/li>\r\n<li>Lamy associations \u00ab\u00a0<em>Fusion entre associations<\/em>\u00a0\u00bb (\u00c9tude 320)<\/li>\r\n<li>Lamy associations \u00ab\u00a0<em>Transformation de l&rsquo;association<\/em>\u00a0\u00bb (\u00c9tude 323)<\/li>\r\n<li>Lamy associations \u00ab\u00a0<em>Dissolution de l&rsquo;association<\/em>\u00a0\u00bb (Etude 456)<\/li>\r\n<li>Lamy associations \u00ab\u00a0<em>Fondations d&rsquo;entreprise<\/em>\u00a0\u00bb (\u00c9tude 915)<\/li>\r\n<li>Lamy associations (formulaires) \u00ab\u00a0<em>Dirigeants &#8211; statuts<\/em>\u00a0\u00bb (Etude 202)<\/li>\r\n<li>Lamy associations (formulaires) \u00ab\u00a0<em>Statuts<\/em>\u00a0\u00bb (\u00c9tude 105)<\/li>\r\n<li>Lamy associations (formulaires) \u00ab\u00a0<em>Si\u00e8ge<\/em>\u00a0\u00bb (Etude 102)<\/li>\r\n<li>Lamy associations (formulaires) \u00ab\u00a0<em>Formalit\u00e9s l\u00e9gales<\/em>\u00a0\u00bb (Etude 126)<\/li>\r\n<li>Lamy associations (formulaires) \u00ab\u00a0<em>Assembl\u00e9es g\u00e9n\u00e9rales<\/em>\u00a0\u00bb (\u00c9tude 205)<\/li>\r\n<li>Lamy associations (formulaires) \u00ab\u00a0<em>Membres &#8211; Adh\u00e9sion &#8211; D\u00e9mission<\/em>\u00a0\u00bb (\u00c9tude 210)<\/li>\r\n<li>Lamy associations (formulaires) \u00ab\u00a0<em>Proc\u00e8s-verbaux &#8211; Registres<\/em>\u00a0\u00bb (\u00c9tude 218)<\/li>\r\n<\/ul>\r\n<!-- [if gte mso 9]><xml>\r\n<w:worddocument>\r\n<w:view>Normal<\/w:view>\r\n<w:zoom>0<\/w:zoom>\r\n<w:trackmoves><\/w:trackmoves>\r\n<w:trackformatting><\/w:trackformatting>\r\n<w:hyphenationzone>21<\/w:hyphenationzone>\r\n<w:punctuationkerning><\/w:punctuationkerning>\r\n<w:validateagainstschemas><\/w:validateagainstschemas>\r\n<w:saveifxmlinvalid>false<\/w:saveifxmlinvalid>\r\n<w:ignoremixedcontent>false<\/w:ignoremixedcontent>\r\n<w:alwaysshowplaceholdertext>false<\/w:alwaysshowplaceholdertext>\r\n<w:donotpromoteqf><\/w:donotpromoteqf>\r\n<w:lidthemeother>FR<\/w:lidthemeother>\r\n<w:lidthemeasian>X-NONE<\/w:lidthemeasian>\r\n<w:lidthemecomplexscript>X-NONE<\/w:lidthemecomplexscript>\r\n<w:compatibility>\r\n<w:breakwrappedtables><\/w:breakwrappedtables>\r\n<w:snaptogridincell><\/w:snaptogridincell>\r\n<w:wraptextwithpunct><\/w:wraptextwithpunct>\r\n<w:useasianbreakrules><\/w:useasianbreakrules>\r\n<w:dontgrowautofit><\/w:dontgrowautofit>\r\n<w:splitpgbreakandparamark><\/w:splitpgbreakandparamark>\r\n<w:dontvertaligncellwithsp><\/w:dontvertaligncellwithsp>\r\n<w:dontbreakconstrainedforcedtables><\/w:dontbreakconstrainedforcedtables>\r\n<w:dontvertalignintxbx><\/w:dontvertalignintxbx>\r\n<w:word11kerningpairs><\/w:word11kerningpairs>\r\n<w:cachedcolbalance><\/w:cachedcolbalance>\r\n<\/w:compatibility>\r\n<w:browserlevel>MicrosoftInternetExplorer4<\/w:browserlevel>\r\n<m:mathpr>\r\n<m:mathfont m:val=\"Cambria Math\"><\/m:mathfont>\r\n<m:brkbin m:val=\"before\"><\/m:brkbin>\r\n<m:brkbinsub m:val=\"&#45;-\"><\/m:brkbinsub>\r\n<m:smallfrac m:val=\"off\"><\/m:smallfrac>\r\n<m:dispdef><\/m:dispdef>\r\n<m:lmargin m:val=\"0\"><\/m:lmargin>\r\n<m:rmargin m:val=\"0\"><\/m:rmargin>\r\n<m:defjc m:val=\"centerGroup\"><\/m:defjc>\r\n<m:wrapindent m:val=\"1440\"><\/m:wrapindent>\r\n<m:intlim m:val=\"subSup\"><\/m:intlim>\r\n<m:narylim m:val=\"undOvr\"><\/m:narylim>\r\n<\/m:mathpr><\/w:worddocument>\r\n<\/xml><![endif]-->\r\n<h2><strong>INTERVIEWS\/ TRIBUNES \/AUDITIONS PARLEMENTAIRES OU MINISTERIELLES<br \/><\/strong><\/h2>\r\n<hr \/>\r\n<ul>\r\n<li><em>Association : L&rsquo;entreprise a-capitaliste qui se fait attendre, <\/em>Tribune \u00ab\u00a0<em>Acteurs sans d\u00e9tour<\/em>\u00ab\u00a0, Juris-associations (Dalloz)<em>, <\/em>15 juin 2023, n\u00b0681, p. 13<\/li>\r\n<li><em>Soul\u00e8vements de la Terre : la dissolution, un outil tr\u00e8s utilis\u00e9 mais contournable<\/em>, interview L&rsquo;express juin 2023<\/li>\r\n<li><em>A propos du contentieux entre la Soci\u00e9t\u00e9 AVEC et l&rsquo;UMG-GHM<\/em>, interview France 3, avril 2023<\/li>\r\n<li><em>Soins dentaires : les racines du mal (\u00e0 propos des centres de sant\u00e9 dentaire),<\/em> France 5, juin 2022<\/li>\r\n<li><em>Les Joint-Venture sociales, <\/em>Audition minist\u00e9rielle dans le cadre du rapport Accenture, d\u00e9c. 2021<\/li>\r\n<li><em>Promouvoir l&rsquo;entrepreneuriat associatif comme force de transformation sociale<\/em>, Juris-associations (Dalloz), rubrique parole d&rsquo;expert, n\u00b0607, nov. 2019, p. 12<\/li>\r\n<li><em>La gouvernance des entreprises associatives<\/em>, interview, Institut ISBL, Lyon, nov. 2019<\/li>\r\n<li><em>Les nouveaux mod\u00e8les \u00e9conomiques associatifs<\/em>, audition, Fondation Pour la Nature et L&rsquo;Homme, Paris, mai 2018<\/li>\r\n<li><em>Le secteur associatif en Auvergne Rh\u00f4ne-Alpes, <\/em>audition au CESER Auvergne Rh\u00f4ne-Alpes, 20 mars 2017<\/li>\r\n<li><em>Regroupement\u00a0des associations sanitaires, sociales et m\u00e9dico-sociales : choisir ses alli\u00e9s, <\/em>interview Revue Direction(s)\u00a0 &#8211; n\u00b0135- \u00a0oct. 2015, pp. 24 &#8211; 33<\/li>\r\n<li><em>Association ou fondation : une option strat\u00e9gique<\/em> &#8211; interview Revue\u00a0Direction(s) &#8211; n\u00b0131 &#8211; mai 2015<\/li>\r\n<li><em>L&rsquo;avenir du groupe Servier\u00a0<\/em>? &#8211; interview Magazine Le Moniteur des pharmacies, mai 2014<\/li>\r\n<li><em>Le Fonds de dotation, un r\u00e9servoir financie<\/em>r &#8211; interview Revue Direction(s), n\u00b0117, f\u00e9vrier 2014, p. 30<\/li>\r\n<li><em>L&rsquo;\u00e9conomie sociale et solidaire va enfin pouvoir \u00eatre soutenue<\/em> &#8211; interview Tribune de Lyon, 25 sept. 2012<\/li>\r\n<li><em>Le projet de loi d&rsquo;\u00c9conomie Sociale et Solidaire &#8211; <\/em> interview Blog Groupe socialistes Rh\u00f4ne-Alpes, juillet 2011<\/li>\r\n<li><em>Les nouvelles formes de m\u00e9c\u00e9nat culturel<\/em> &#8211; Audition parlementaire enregistr\u00e9e \u00e0 la Pr\u00e9sidence de l&rsquo;Assembl\u00e9e nationale le 18 mai 2011<\/li>\r\n<li><em>Quelles \u00e9volutions \u00e0 pr\u00e9voir pour le secteur associatif\u00a0 ? &#8211; <\/em> interview Radio Bleu, mai 2011<\/li>\r\n<li><em>Associations : un subtil \u00e9quilibre entre libert\u00e9 et contrainte (Pacte social)<\/em> &#8211; interview Revue \u00c9changes, n\u00b0287, mai 2011<\/li>\r\n<li><em>La responsabilit\u00e9 civile des dirigeants d&rsquo;associations sportives<\/em> &#8211; interview Revue Sport et Strat\u00e9gies &#8211; n\u00b0240 &#8211; 29\/11\/2010 au 05\/12\/2010<\/li>\r\n<li><em>Le fonds de dotation <\/em>&#8211; interview Le Journal des Arts &#8211; n\u00b0 333 &#8211; 22\/10\/2010<\/li>\r\n<li><em>Le fonds de dotation<\/em> &#8211; interview BIPE note d&rsquo;analyse mensuelle d&rsquo;AssetFi Management Services, Interview, juillet 2010<\/li>\r\n<li><em>La gouvernance et le financement des associations &#8211; <\/em>Audition parlementaire enregistr\u00e9e \u00e0 la Pr\u00e9sidence de l&rsquo;Assembl\u00e9e nationale le 1<sup>er<\/sup> octobre 2008<\/li>\r\n<li><em>Les associations souffrent d&rsquo;un flou l\u00e9gislatif grandissant<\/em> &#8211; interview, Les Echos, 12\/08\/2005<\/li>\r\n<\/ul>\r\n","protected":false},"excerpt":{"rendered":"<p>\u00a0 \u00a0 MISSIONS R\u00c9ALIS\u00c9ES \/ EN COURS Rapport national portant sur l&rsquo;identification du r\u00e9gime fiscal applicable aux Entreprises \u00e0 but d&rsquo;Emploi (EBE) dans le cadre de TZCLD et pour le compte de l&rsquo;Association Exp\u00e9rimentation Territoriale Contre le Ch\u00f4mage de Longue Dur\u00e9e (ETCLD), Reze (44) Cr\u00e9ation du fonds de dotation Vitthoba\u00ef, Lacapelle-Biron (47) Audit fiscal du [&hellip;]<\/p>\n","protected":false},"author":2,"featured_media":1822,"parent":0,"menu_order":3,"comment_status":"closed","ping_status":"closed","template":"","meta":{"site-sidebar-layout":"default","site-content-layout":"default","ast-site-content-layout":"default","site-content-style":"default","site-sidebar-style":"default","ast-global-header-display":"","ast-banner-title-visibility":"","ast-main-header-display":"","ast-hfb-above-header-display":"","ast-hfb-below-header-display":"","ast-hfb-mobile-header-display":"","site-post-title":"disabled","ast-breadcrumbs-content":"","ast-featured-img":"disabled","footer-sml-layout":"","ast-disable-related-posts":"","theme-transparent-header-meta":"default","adv-header-id-meta":"","stick-header-meta":"default","header-above-stick-meta":"","header-main-stick-meta":"","header-below-stick-meta":"","astra-migrate-meta-layouts":"set","ast-page-background-enabled":"default","ast-page-background-meta":{"desktop":{"background-color":"var(--ast-global-color-4)","background-image":"","background-repeat":"repeat","background-position":"center center","background-size":"auto","background-attachment":"scroll","background-type":"","background-media":"","overlay-type":"","overlay-color":"","overlay-opacity":"","overlay-gradient":""},"tablet":{"background-color":"","background-image":"","background-repeat":"repeat","background-position":"center center","background-size":"auto","background-attachment":"scroll","background-type":"","background-media":"","overlay-type":"","overlay-color":"","overlay-opacity":"","overlay-gradient":""},"mobile":{"background-color":"","background-image":"","background-repeat":"repeat","background-position":"center center","background-size":"auto","background-attachment":"scroll","background-type":"","background-media":"","overlay-type":"","overlay-color":"","overlay-opacity":"","overlay-gradient":""}},"ast-content-background-meta":{"desktop":{"background-color":"var(--ast-global-color-5)","background-image":"","background-repeat":"repeat","background-position":"center center","background-size":"auto","background-attachment":"scroll","background-type":"","background-media":"","overlay-type":"","overlay-color":"","overlay-opacity":"","overlay-gradient":""},"tablet":{"background-color":"var(--ast-global-color-5)","background-image":"","background-repeat":"repeat","background-position":"center center","background-size":"auto","background-attachment":"scroll","background-type":"","background-media":"","overlay-type":"","overlay-color":"","overlay-opacity":"","overlay-gradient":""},"mobile":{"background-color":"var(--ast-global-color-5)","background-image":"","background-repeat":"repeat","background-position":"center center","background-size":"auto","background-attachment":"scroll","background-type":"","background-media":"","overlay-type":"","overlay-color":"","overlay-opacity":"","overlay-gradient":""}},"footnotes":""},"class_list":["post-10","page","type-page","status-publish","has-post-thumbnail","hentry"],"_links":{"self":[{"href":"https:\/\/www.npsconsulting-avocats.fr\/NPS\/wp-json\/wp\/v2\/pages\/10","targetHints":{"allow":["GET"]}}],"collection":[{"href":"https:\/\/www.npsconsulting-avocats.fr\/NPS\/wp-json\/wp\/v2\/pages"}],"about":[{"href":"https:\/\/www.npsconsulting-avocats.fr\/NPS\/wp-json\/wp\/v2\/types\/page"}],"author":[{"embeddable":true,"href":"https:\/\/www.npsconsulting-avocats.fr\/NPS\/wp-json\/wp\/v2\/users\/2"}],"replies":[{"embeddable":true,"href":"https:\/\/www.npsconsulting-avocats.fr\/NPS\/wp-json\/wp\/v2\/comments?post=10"}],"version-history":[{"count":192,"href":"https:\/\/www.npsconsulting-avocats.fr\/NPS\/wp-json\/wp\/v2\/pages\/10\/revisions"}],"predecessor-version":[{"id":3749,"href":"https:\/\/www.npsconsulting-avocats.fr\/NPS\/wp-json\/wp\/v2\/pages\/10\/revisions\/3749"}],"wp:featuredmedia":[{"embeddable":true,"href":"https:\/\/www.npsconsulting-avocats.fr\/NPS\/wp-json\/wp\/v2\/media\/1822"}],"wp:attachment":[{"href":"https:\/\/www.npsconsulting-avocats.fr\/NPS\/wp-json\/wp\/v2\/media?parent=10"}],"curies":[{"name":"wp","href":"https:\/\/api.w.org\/{rel}","templated":true}]}}